{"version":"1.0","provider_name":"Classes Pr\u00e9paratoires aux Grandes Ecoles - Lyc\u00e9e Fabert (Metz)","provider_url":"https:\/\/www.prepas-fabert.com\/cpge","author_name":"J\u00e9r\u00f4me","author_url":"https:\/\/www.prepas-fabert.com\/cpge\/author\/jbaumann\/","title":"Une dynamique de classe - CPGE du lyc\u00e9e Fabert (METZ)","type":"rich","width":600,"height":338,"html":"<blockquote class=\"wp-embedded-content\" data-secret=\"d8yD9fQLzo\"><a href=\"https:\/\/www.prepas-fabert.com\/cpge\/portfolio\/une-dynamique-de-classe\/\">Une dynamique de classe<\/a><\/blockquote><iframe sandbox=\"allow-scripts\" security=\"restricted\" src=\"https:\/\/www.prepas-fabert.com\/cpge\/portfolio\/une-dynamique-de-classe\/embed\/#?secret=d8yD9fQLzo\" width=\"600\" height=\"338\" title=\"\u00ab\u00a0Une dynamique de classe\u00a0\u00bb &#8212; Classes Pr\u00e9paratoires aux Grandes Ecoles - Lyc\u00e9e Fabert (Metz)\" data-secret=\"d8yD9fQLzo\" frameborder=\"0\" marginwidth=\"0\" marginheight=\"0\" scrolling=\"no\" class=\"wp-embedded-content\"><\/iframe><script type=\"text\/javascript\">\n\/* <![CDATA[ *\/\n\/*! This file is auto-generated *\/\n!function(d,l){\"use strict\";l.querySelector&&d.addEventListener&&\"undefined\"!=typeof URL&&(d.wp=d.wp||{},d.wp.receiveEmbedMessage||(d.wp.receiveEmbedMessage=function(e){var t=e.data;if((t||t.secret||t.message||t.value)&&!\/[^a-zA-Z0-9]\/.test(t.secret)){for(var s,r,n,a=l.querySelectorAll('iframe[data-secret=\"'+t.secret+'\"]'),o=l.querySelectorAll('blockquote[data-secret=\"'+t.secret+'\"]'),c=new RegExp(\"^https?:$\",\"i\"),i=0;i<o.length;i++)o[i].style.display=\"none\";for(i=0;i<a.length;i++)s=a[i],e.source===s.contentWindow&&(s.removeAttribute(\"style\"),\"height\"===t.message?(1e3<(r=parseInt(t.value,10))?r=1e3:~~r<200&&(r=200),s.height=r):\"link\"===t.message&&(r=new URL(s.getAttribute(\"src\")),n=new URL(t.value),c.test(n.protocol))&&n.host===r.host&&l.activeElement===s&&(d.top.location.href=t.value))}},d.addEventListener(\"message\",d.wp.receiveEmbedMessage,!1),l.addEventListener(\"DOMContentLoaded\",function(){for(var e,t,s=l.querySelectorAll(\"iframe.wp-embedded-content\"),r=0;r<s.length;r++)(t=(e=s[r]).getAttribute(\"data-secret\"))||(t=Math.random().toString(36).substring(2,12),e.src+=\"#?secret=\"+t,e.setAttribute(\"data-secret\",t)),e.contentWindow.postMessage({message:\"ready\",secret:t},\"*\")},!1)))}(window,document);\n\/\/# sourceURL=https:\/\/www.prepas-fabert.com\/cpge\/wp-includes\/js\/wp-embed.min.js\n\/* ]]> *\/\n<\/script>\n","thumbnail_url":"https:\/\/www.prepas-fabert.com\/cpge\/wp-content\/uploads\/2021\/01\/Romain-BUONVINO-square.jpg","thumbnail_width":715,"thumbnail_height":715,"description":"Les d\u00e9buts ont repr\u00e9sent\u00e9 une vraie rupture avec le rythme du lyc\u00e9e, mais je me suis assez rapidement habitu\u00e9 au rythme de travail. Le r\u00e9el avantage de la pr\u00e9pa r\u00e9side dans l\u2019existence d\u2019une dynamique de classe qui nous incite toujours \u00e0 travailler et \u00e0 aucun moment durant l\u2019ann\u00e9e je n\u2019ai ressenti une forme de comp\u00e9tition."}