{"version":"1.0","provider_name":"Classes Pr\u00e9paratoires aux Grandes Ecoles - Lyc\u00e9e Fabert (Metz)","provider_url":"https:\/\/www.prepas-fabert.com\/cpge","author_name":"J\u00e9r\u00f4me","author_url":"https:\/\/www.prepas-fabert.com\/cpge\/author\/jbaumann\/","title":"Une progression encadr\u00e9e - CPGE du lyc\u00e9e Fabert (METZ)","type":"rich","width":600,"height":338,"html":"<blockquote class=\"wp-embedded-content\" data-secret=\"dtoLRA4deF\"><a href=\"https:\/\/www.prepas-fabert.com\/cpge\/portfolio\/une-progression-encadree\/\">Une progression encadr\u00e9e<\/a><\/blockquote><iframe sandbox=\"allow-scripts\" security=\"restricted\" src=\"https:\/\/www.prepas-fabert.com\/cpge\/portfolio\/une-progression-encadree\/embed\/#?secret=dtoLRA4deF\" width=\"600\" height=\"338\" title=\"\u00ab\u00a0Une progression encadr\u00e9e\u00a0\u00bb &#8212; Classes Pr\u00e9paratoires aux Grandes Ecoles - Lyc\u00e9e Fabert (Metz)\" data-secret=\"dtoLRA4deF\" frameborder=\"0\" marginwidth=\"0\" marginheight=\"0\" scrolling=\"no\" class=\"wp-embedded-content\"><\/iframe><script type=\"text\/javascript\">\n\/* <![CDATA[ *\/\n\/*! This file is auto-generated *\/\n!function(d,l){\"use strict\";l.querySelector&&d.addEventListener&&\"undefined\"!=typeof URL&&(d.wp=d.wp||{},d.wp.receiveEmbedMessage||(d.wp.receiveEmbedMessage=function(e){var t=e.data;if((t||t.secret||t.message||t.value)&&!\/[^a-zA-Z0-9]\/.test(t.secret)){for(var s,r,n,a=l.querySelectorAll('iframe[data-secret=\"'+t.secret+'\"]'),o=l.querySelectorAll('blockquote[data-secret=\"'+t.secret+'\"]'),c=new RegExp(\"^https?:$\",\"i\"),i=0;i<o.length;i++)o[i].style.display=\"none\";for(i=0;i<a.length;i++)s=a[i],e.source===s.contentWindow&&(s.removeAttribute(\"style\"),\"height\"===t.message?(1e3<(r=parseInt(t.value,10))?r=1e3:~~r<200&&(r=200),s.height=r):\"link\"===t.message&&(r=new URL(s.getAttribute(\"src\")),n=new URL(t.value),c.test(n.protocol))&&n.host===r.host&&l.activeElement===s&&(d.top.location.href=t.value))}},d.addEventListener(\"message\",d.wp.receiveEmbedMessage,!1),l.addEventListener(\"DOMContentLoaded\",function(){for(var e,t,s=l.querySelectorAll(\"iframe.wp-embedded-content\"),r=0;r<s.length;r++)(t=(e=s[r]).getAttribute(\"data-secret\"))||(t=Math.random().toString(36).substring(2,12),e.src+=\"#?secret=\"+t,e.setAttribute(\"data-secret\",t)),e.contentWindow.postMessage({message:\"ready\",secret:t},\"*\")},!1)))}(window,document);\n\/\/# sourceURL=https:\/\/www.prepas-fabert.com\/cpge\/wp-includes\/js\/wp-embed.min.js\n\/* ]]> *\/\n<\/script>\n","thumbnail_url":"https:\/\/www.prepas-fabert.com\/cpge\/wp-content\/uploads\/2021\/01\/Thibaud-ASCHBACHER-square.jpg","thumbnail_width":750,"thumbnail_height":750,"description":"A Fabert, chaque \u00e9tudiant b\u00e9n\u00e9ficie d\u2019un accompagnement personnalis\u00e9 par l\u2019\u00e9quipe enseignante, qui prend le temps faire un bilan avec chacun. A travers les DM, DS et autres kh\u00f4lles, la progression est encadr\u00e9e, et l\u2019\u00e9quipe s\u2019adapte aux objectifs individuels (en proposant plusieurs sujets de DS en 1\u00e8re\/2\u00e8me ann\u00e9e par exemple). Aujourd\u2019hui je peux dire que j\u2019ai pass\u00e9 deux tr\u00e8s bonnes ann\u00e9es en classe pr\u00e9paratoire au lyc\u00e9e Fabert."}