{"id":4666,"date":"2021-02-26T00:00:07","date_gmt":"2021-02-25T23:00:07","guid":{"rendered":"https:\/\/www.prepas-fabert.com\/cpge\/?page_id=4666"},"modified":"2022-01-07T22:15:37","modified_gmt":"2022-01-07T21:15:37","slug":"quelques-questions-reponses-en-video","status":"publish","type":"page","link":"https:\/\/www.prepas-fabert.com\/cpge\/quelques-questions-reponses-en-video\/","title":{"rendered":"Quelques questions \u00e0 nos \u00e9tudiant(e)s [Vid\u00e9os]"},"content":{"rendered":"<div class=\"wpb-content-wrapper\">[vc_row row_type=\u00a0\u00bbfull_width\u00a0\u00bb type=\u00a0\u00bbfull_screen\u00a0\u00bb bg_select=\u00a0\u00bbbg_color_section\u00a0\u00bb fancy_row=\u00a0\u00bbbottom_band\u00a0\u00bb bg_color=\u00a0\u00bb#00a79d\u00a0\u00bb p_top=\u00a0\u00bb0&Prime; p_bottom=\u00a0\u00bb0&Prime; p_left=\u00a0\u00bb10&Prime; p_right=\u00a0\u00bb5&Prime; band_height=\u00a0\u00bb20&Prime; band_color=\u00a0\u00bb#e0e0e0&Prime;][vc_column width=\u00a0\u00bb1\/2&Prime; bg_image_postions=\u00a0\u00bbright center\u00a0\u00bb p_left=\u00a0\u00bb20&Prime; p_right=\u00a0\u00bb15&Prime; m_top=\u00a0\u00bb0&Prime; m_left=\u00a0\u00bb0&Prime; m_right=\u00a0\u00bb0&Prime; el_class=\u00a0\u00bbcolonneVertical\u00a0\u00bb offset=\u00a0\u00bbvc_hidden-xs\u00a0\u00bb][vc_empty_space height=\u00a0\u00bb10px\u00a0\u00bb][vc_single_image image=\u00a0\u00bb4678&Prime; img_size=\u00a0\u00bbfull\u00a0\u00bb alignment=\u00a0\u00bbcenter\u00a0\u00bb css_animation=\u00a0\u00bbslideInUp\u00a0\u00bb][\/vc_column][vc_column width=\u00a0\u00bb1\/2&Prime; content_align=\u00a0\u00bbtext-left\u00a0\u00bb p_left=\u00a0\u00bb30px\u00a0\u00bb p_right=\u00a0\u00bb10px\u00a0\u00bb][vc_empty_space height=\u00a0\u00bb100px\u00a0\u00bb]<div class=\"wbc-heading clearfix\"><h2 class=\"special-heading-2 sm-responsive-text-15 md-responsive-text-20\" style=\"font-size:20px;line-height:20px;letter-spacing:0px;color:#ffffff;text-align:left;max-width:850px;\">T\u00c9MOIGNAGES VID\u00c9OS<\/h2><\/div><div class=\"wbc-heading clearfix\"><h2 class=\"special-heading-1 xs-responsive-text-30 sm-responsive-text-30 md-responsive-text-35\" style=\"font-size:45px;line-height:51px;letter-spacing:0px;color:#ffffff;text-align:left;max-width:660px;\">QUELQUES QUESTIONS POS\u00c9ES \u00c0 NOS \u00c9TUDIANTES et \u00c9TUDIANTS<\/h2><\/div><div class=\"wbc-heading clearfix\"><h2 class=\"default-heading md-responsive-text-20\" style=\"font-size:25px;line-height:1.53486em;color:#ffffff;margin-bottom:55px;max-width:850px;\">Fili\u00e8re \u00e9conomique et commerciale ECG<br \/>\nFili\u00e8re scientifique : PC\/PC*\/PSI*\/MP\/MP*<\/h2><\/div><a style=\"font-size:15px;width:180px;margin-right:auto;margin-left:auto;padding-bottom:15px;padding-top:15px;\" class=\"wbc-button button btn-primary scrollable no-hover\" href=\"#top\" target=\"_self\"  >EN SAVOIR PLUS<\/a>[vc_empty_space height=\u00a0\u00bb80px\u00a0\u00bb][\/vc_column][\/vc_row][vc_row row_type=\u00a0\u00bbfull_width\u00a0\u00bb type=\u00a0\u00bbcontainer\u00a0\u00bb bg_select=\u00a0\u00bbbg_color_section\u00a0\u00bb border_color=\u00a0\u00bb#ffffff\u00a0\u00bb p_bottom=\u00a0\u00bb30&Prime; p_top=\u00a0\u00bb140&Prime; anchor=\u00a0\u00bbtop\u00a0\u00bb bg_color=\u00a0\u00bb#ffffff\u00a0\u00bb][vc_column][vc_row_inner][vc_column_inner width=\u00a0\u00bb1\/2&Prime;][vc_column_text]<div class=\"su-button-center\"><a href=\"https:\/\/www.prepas-fabert.com\/cpge\/videos-de-la-filiere-ecg\/#top\" class=\"su-button su-button-style-flat su-button-wide\" style=\"color:#FFFFFF;background-color:#EA376D;border-color:#bc2c58;border-radius:5px\" target=\"_self\"><span style=\"color:#FFFFFF;padding:13px 44px;font-size:31px;line-height:47px;border-color:#f17399;border-radius:5px;text-shadow:1px 1px 3px #000000\"><i class=\"sui sui-external-link-square\" style=\"font-size:31px;color:#FFFFFF\"><\/i> Vid\u00e9os de la fili\u00e8re ECG<\/span><\/a><\/div>\n<p><img loading=\"lazy\" decoding=\"async\" class=\"plus-haut alignnone wp-image-5196\" src=\"https:\/\/www.prepas-fabert.com\/cpge\/wp-content\/uploads\/2021\/03\/main.png\" alt=\"\" width=\"80\" height=\"113\" srcset=\"https:\/\/www.prepas-fabert.com\/cpge\/wp-content\/uploads\/2021\/03\/main.png 267w, https:\/\/www.prepas-fabert.com\/cpge\/wp-content\/uploads\/2021\/03\/main-212x300.png 212w\" sizes=\"auto, (max-width: 80px) 100vw, 80px\" \/>[\/vc_column_text][\/vc_column_inner][vc_column_inner width=\u00a0\u00bb1\/2&Prime;][vc_column_text]<div class=\"su-button-center\"><a href=\"https:\/\/www.prepas-fabert.com\/cpge\/videos-de-la-filiere-scientifique-pcsi-mpsi-pc-psi-mp\/#top\" class=\"su-button su-button-style-flat su-button-wide\" style=\"color:#FFFFFF;background-color:#EA376D;border-color:#bc2c58;border-radius:5px\" target=\"_self\"><span style=\"color:#FFFFFF;padding:13px 44px;font-size:31px;line-height:47px;border-color:#f17399;border-radius:5px;text-shadow:1px 1px 3px #000000\"><i class=\"sui sui-external-link-square\" style=\"font-size:31px;color:#FFFFFF\"><\/i> Vid\u00e9os de la fili\u00e8re scientifique<\/span><\/a><\/div>\n<p><img loading=\"lazy\" decoding=\"async\" class=\"plus-haut alignnone wp-image-5196\" src=\"https:\/\/www.prepas-fabert.com\/cpge\/wp-content\/uploads\/2021\/03\/main.png\" alt=\"\" width=\"80\" height=\"113\" srcset=\"https:\/\/www.prepas-fabert.com\/cpge\/wp-content\/uploads\/2021\/03\/main.png 267w, https:\/\/www.prepas-fabert.com\/cpge\/wp-content\/uploads\/2021\/03\/main-212x300.png 212w\" sizes=\"auto, (max-width: 80px) 100vw, 80px\" \/>[\/vc_column_text][\/vc_column_inner][\/vc_row_inner]<div class=\"wbc-heading clearfix\"><h1 class=\"special-heading-1 sm-responsive-text-55\" style=\"font-size:60px;text-align:center;padding-top:70px;\">Les derni\u00e8res vid\u00e9os des fili\u00e8res <span class=\"wbc-color\" >scientifiques et ECG<\/span><\/h1><\/div>[vc_empty_space height=\u00a0\u00bb48px\u00a0\u00bb]<div id=\"portfolio-0\" class=\"wbc-portfolio-wrapper ajaxed \"><div class=\"clearfix wbc-filter-wrap text-center\"><ul class=\"wbc-filter\" id=\"filter-0\"><li><a href=\"#\" data-filter-gallery=\"all\" class=\"button btn-primary selected\">Toutes les vid\u00e9os<\/a><\/li><li><a href=\"#\" data-filter-gallery=\"2021\" class=\"button btn-primary\" data-term-id=\"45\" data-term-count=\"9\">2021<\/a><\/li><li><a href=\"#\" data-filter-gallery=\"2022\" class=\"button btn-primary\" data-term-id=\"46\" data-term-count=\"12\">2022<\/a><\/li><li><a href=\"#\" data-filter-gallery=\"2023\" class=\"button btn-primary\" data-term-id=\"47\" data-term-count=\"3\">2023<\/a><\/li><li><a href=\"#\" data-filter-gallery=\"dans-le-monde-professionnel\" class=\"button btn-primary\" data-term-id=\"42\" data-term-count=\"7\">Dans le monde professionnel<\/a><\/li><li><a href=\"#\" data-filter-gallery=\"ec\" class=\"button btn-primary\" data-term-id=\"21\" data-term-count=\"21\">EC<\/a><\/li><li><a href=\"#\" data-filter-gallery=\"en-ecole-dingenieurs\" class=\"button btn-primary\" data-term-id=\"41\" data-term-count=\"19\">En \u00e9cole d'ing\u00e9nieurs<\/a><\/li><li><a href=\"#\" data-filter-gallery=\"en-ecole-de-commerce-management\" class=\"button btn-primary\" data-term-id=\"40\" data-term-count=\"8\">En \u00e9cole de commerce\/management<\/a><\/li><li><a href=\"#\" data-filter-gallery=\"etudiant-ecg\" class=\"button btn-primary\" data-term-id=\"43\" data-term-count=\"6\">\u00c9tudiant ECG<\/a><\/li><li><a href=\"#\" data-filter-gallery=\"etudiant-pc-pc-psi-mp-mp\" class=\"button btn-primary\" data-term-id=\"44\" data-term-count=\"5\">\u00c9tudiant PC\/PC*\/PSI*\/MP\/MP*<\/a><\/li><li><a href=\"#\" data-filter-gallery=\"pcsi-pc-pc\" class=\"button btn-primary\" data-term-id=\"25\" data-term-count=\"28\">PCSI-PC\/PC*<\/a><\/li><\/ul><\/div><span class=\"wbc-content-loader\"><i class=\"fa fa-spinner fa-spin\"><\/i><\/span><div id=\"gal-0\" class=\"wbc-portfolio-grid iso-type portfolio-4-cols gap-10\" data-layout-type=\"fitRows\"   data-x-large-screen=\"4\" data-large-screen=\"4\" data-small-screen=\"3\" data-x-small-screen=\"2\" ><div class=\"portfolio-item isotope-item portfolio-image-large 2023 en-ecole-dingenieurs etudiant-pc-pc-psi-mp-mp pcsi-pc-pc\"  data-id=\"8233\" data-type=\"2023 en-ecole-dingenieurs etudiant-pc-pc-psi-mp-mp pcsi-pc-pc\"><div class=\"post-featured\">\t<div class=\"wbc-image-wrap\">\t\t<a href=\"https:\/\/www.prepas-fabert.com\/cpge\/portfolio\/que-faire-apres-une-classe-prepa-nicolas-a-integre-lenseeiht-toulouse\/\"><img loading=\"lazy\" decoding=\"async\" width=\"1080\" height=\"1080\" src=\"https:\/\/www.prepas-fabert.com\/cpge\/wp-content\/uploads\/2025\/11\/Poster-Nicolas-square.png\" class=\"attachment-large size-large wp-post-image\" alt=\"\" srcset=\"https:\/\/www.prepas-fabert.com\/cpge\/wp-content\/uploads\/2025\/11\/Poster-Nicolas-square.png 1080w, https:\/\/www.prepas-fabert.com\/cpge\/wp-content\/uploads\/2025\/11\/Poster-Nicolas-square-300x300.png 300w, https:\/\/www.prepas-fabert.com\/cpge\/wp-content\/uploads\/2025\/11\/Poster-Nicolas-square-150x150.png 150w, https:\/\/www.prepas-fabert.com\/cpge\/wp-content\/uploads\/2025\/11\/Poster-Nicolas-square-768x768.png 768w, https:\/\/www.prepas-fabert.com\/cpge\/wp-content\/uploads\/2025\/11\/Poster-Nicolas-square-500x500.png 500w, https:\/\/www.prepas-fabert.com\/cpge\/wp-content\/uploads\/2025\/11\/Poster-Nicolas-square-1000x1000.png 1000w, https:\/\/www.prepas-fabert.com\/cpge\/wp-content\/uploads\/2025\/11\/Poster-Nicolas-square-848x848.png 848w\" sizes=\"auto, (max-width: 1080px) 100vw, 1080px\" \/>\t\t<\/a>\t\t<a class=\"item-link-overlay\" href=\"https:\/\/www.prepas-fabert.com\/cpge\/portfolio\/que-faire-apres-une-classe-prepa-nicolas-a-integre-lenseeiht-toulouse\/\" ><\/a>\t\t<div class=\"wbc-extra-links\">\t\t<h4 class=\"item-title\" >Que faire apr\u00e8s une classe pr\u00e9pa ? Nicolas a int\u00e9gr\u00e9 l&rsquo;ENSEEIHT (Toulouse)<\/h4><div class=\"wbc-link-content\">\t\t\t<a href=\"https:\/\/www.prepas-fabert.com\/cpge\/portfolio\/que-faire-apres-une-classe-prepa-nicolas-a-integre-lenseeiht-toulouse\/\" class=\"wbc-go-link\" ><i class=\"fa fa-link\"><\/i><\/a><\/div>\t\t<\/div>\t<\/div><\/div><div class=\"portfolio-text-wrap\" ><h4 class=\"portfolio-title entry-title\"><a href=\"https:\/\/www.prepas-fabert.com\/cpge\/portfolio\/que-faire-apres-une-classe-prepa-nicolas-a-integre-lenseeiht-toulouse\/\">Que faire apr\u00e8s une classe pr\u00e9pa ? Nicolas a int\u00e9gr\u00e9 l&rsquo;ENSEEIHT (Toulouse)<\/a><\/h4><p>D\u00e9couvrez le t\u00e9moignage de Nicolas sur son parcours en classe pr\u00e9paratoire, son exp\u00e9rience au lyc\u00e9e Fabert et son i...<\/p><\/div><\/div><div class=\"portfolio-item isotope-item portfolio-image-large en-ecole-de-commerce-management\"  data-id=\"5421\" data-type=\"en-ecole-de-commerce-management\"><div class=\"post-featured\">\t<div class=\"wbc-image-wrap\">\t\t<a href=\"https:\/\/www.prepas-fabert.com\/cpge\/portfolio\/pret-a-donner-le-meilleur-de-vous-meme-temoignage-de-chloe-em-lyon\/\"><img loading=\"lazy\" decoding=\"async\" width=\"750\" height=\"749\" src=\"https:\/\/www.prepas-fabert.com\/cpge\/wp-content\/uploads\/2021\/04\/Video-Chloe-S-square.jpg\" class=\"attachment-large size-large wp-post-image\" alt=\"\" srcset=\"https:\/\/www.prepas-fabert.com\/cpge\/wp-content\/uploads\/2021\/04\/Video-Chloe-S-square.jpg 750w, https:\/\/www.prepas-fabert.com\/cpge\/wp-content\/uploads\/2021\/04\/Video-Chloe-S-square-300x300.jpg 300w, https:\/\/www.prepas-fabert.com\/cpge\/wp-content\/uploads\/2021\/04\/Video-Chloe-S-square-150x150.jpg 150w, https:\/\/www.prepas-fabert.com\/cpge\/wp-content\/uploads\/2021\/04\/Video-Chloe-S-square-500x500.jpg 500w\" sizes=\"auto, (max-width: 750px) 100vw, 750px\" \/>\t\t<\/a>\t\t<a class=\"item-link-overlay\" href=\"https:\/\/www.prepas-fabert.com\/cpge\/portfolio\/pret-a-donner-le-meilleur-de-vous-meme-temoignage-de-chloe-em-lyon\/\" ><\/a>\t\t<div class=\"wbc-extra-links\">\t\t<h4 class=\"item-title\" >[Vid\u00e9o] Pr\u00eat \u00e0 donner le meilleur de vous-m\u00eame ? T\u00e9moignage de Chlo\u00e9 (EM Lyon)<\/h4><div class=\"wbc-link-content\">\t\t\t<a href=\"https:\/\/www.prepas-fabert.com\/cpge\/portfolio\/pret-a-donner-le-meilleur-de-vous-meme-temoignage-de-chloe-em-lyon\/\" class=\"wbc-go-link\" ><i class=\"fa fa-link\"><\/i><\/a><\/div>\t\t<\/div>\t<\/div><\/div><div class=\"portfolio-text-wrap\" ><h4 class=\"portfolio-title entry-title\"><a href=\"https:\/\/www.prepas-fabert.com\/cpge\/portfolio\/pret-a-donner-le-meilleur-de-vous-meme-temoignage-de-chloe-em-lyon\/\">[Vid\u00e9o] Pr\u00eat \u00e0 donner le meilleur de vous-m\u00eame ? T\u00e9moignage de Chlo\u00e9 (EM Lyon)<\/a><\/h4><p>[vc_row disable_element=\u00a0\u00bbyes\u00a0\u00bb row_type=\u00a0\u00bbfull_width\u00a0\u00bb type=\u00a0\u00bbcontainer\u00a0\u00bb p_top=\u00a0\u00bb55&Prime; bg_color=\u00a0\u00bb...<\/p><\/div><\/div><div class=\"portfolio-item isotope-item portfolio-image-large dans-le-monde-professionnel\"  data-id=\"5166\" data-type=\"dans-le-monde-professionnel\"><div class=\"post-featured\">\t<div class=\"wbc-image-wrap\">\t\t<a href=\"https:\/\/www.prepas-fabert.com\/cpge\/portfolio\/la-prepa-un-rythme-de-travail-tres-soutenu-temoignage-demeline-grenoble-em\/\"><img loading=\"lazy\" decoding=\"async\" width=\"600\" height=\"600\" src=\"https:\/\/www.prepas-fabert.com\/cpge\/wp-content\/uploads\/2021\/03\/Emeline-1.jpg\" class=\"attachment-large size-large wp-post-image\" alt=\"\" srcset=\"https:\/\/www.prepas-fabert.com\/cpge\/wp-content\/uploads\/2021\/03\/Emeline-1.jpg 600w, https:\/\/www.prepas-fabert.com\/cpge\/wp-content\/uploads\/2021\/03\/Emeline-1-300x300.jpg 300w, https:\/\/www.prepas-fabert.com\/cpge\/wp-content\/uploads\/2021\/03\/Emeline-1-150x150.jpg 150w, https:\/\/www.prepas-fabert.com\/cpge\/wp-content\/uploads\/2021\/03\/Emeline-1-500x500.jpg 500w\" sizes=\"auto, (max-width: 600px) 100vw, 600px\" \/>\t\t<\/a>\t\t<a class=\"item-link-overlay\" href=\"https:\/\/www.prepas-fabert.com\/cpge\/portfolio\/la-prepa-un-rythme-de-travail-tres-soutenu-temoignage-demeline-grenoble-em\/\" ><\/a>\t\t<div class=\"wbc-extra-links\">\t\t<h4 class=\"item-title\" >[Vid\u00e9o] La pr\u00e9pa, un rythme de travail tr\u00e8s soutenu ? T\u00e9moignage d&rsquo;\u00c9meline (Grenoble EM)<\/h4><div class=\"wbc-link-content\">\t\t\t<a href=\"https:\/\/www.prepas-fabert.com\/cpge\/portfolio\/la-prepa-un-rythme-de-travail-tres-soutenu-temoignage-demeline-grenoble-em\/\" class=\"wbc-go-link\" ><i class=\"fa fa-link\"><\/i><\/a><\/div>\t\t<\/div>\t<\/div><\/div><div class=\"portfolio-text-wrap\" ><h4 class=\"portfolio-title entry-title\"><a href=\"https:\/\/www.prepas-fabert.com\/cpge\/portfolio\/la-prepa-un-rythme-de-travail-tres-soutenu-temoignage-demeline-grenoble-em\/\">[Vid\u00e9o] La pr\u00e9pa, un rythme de travail tr\u00e8s soutenu ? T\u00e9moignage d&rsquo;\u00c9meline (Grenoble EM)<\/a><\/h4><p>On ne va pas se mentir, la pr\u00e9pa c'est un rythme de travail tr\u00e8s soutenu [...] mais j'ai \u00e9t\u00e9 tr\u00e8s bien entour\u00e9e, q...<\/p><\/div><\/div><div class=\"portfolio-item isotope-item portfolio-image-large en-ecole-dingenieurs\"  data-id=\"5394\" data-type=\"en-ecole-dingenieurs\"><div class=\"post-featured\">\t<div class=\"wbc-image-wrap\">\t\t<a href=\"https:\/\/www.prepas-fabert.com\/cpge\/portfolio\/se-laisser-de-nombreuses-portes-ouvertes-temoignage-de-juliette-imt-lille-douai\/\"><img loading=\"lazy\" decoding=\"async\" width=\"750\" height=\"749\" src=\"https:\/\/www.prepas-fabert.com\/cpge\/wp-content\/uploads\/2021\/03\/Video-Juliette-square.jpg\" class=\"attachment-large size-large wp-post-image\" alt=\"\" srcset=\"https:\/\/www.prepas-fabert.com\/cpge\/wp-content\/uploads\/2021\/03\/Video-Juliette-square.jpg 750w, https:\/\/www.prepas-fabert.com\/cpge\/wp-content\/uploads\/2021\/03\/Video-Juliette-square-300x300.jpg 300w, https:\/\/www.prepas-fabert.com\/cpge\/wp-content\/uploads\/2021\/03\/Video-Juliette-square-150x150.jpg 150w, https:\/\/www.prepas-fabert.com\/cpge\/wp-content\/uploads\/2021\/03\/Video-Juliette-square-500x500.jpg 500w\" sizes=\"auto, (max-width: 750px) 100vw, 750px\" \/>\t\t<\/a>\t\t<a class=\"item-link-overlay\" href=\"https:\/\/www.prepas-fabert.com\/cpge\/portfolio\/se-laisser-de-nombreuses-portes-ouvertes-temoignage-de-juliette-imt-lille-douai\/\" ><\/a>\t\t<div class=\"wbc-extra-links\">\t\t<h4 class=\"item-title\" >Se laisser de nombreuses portes ouvertes ? T\u00e9moignage de Juliette (IMT Lille Douai)<\/h4><div class=\"wbc-link-content\">\t\t\t<a href=\"https:\/\/www.prepas-fabert.com\/cpge\/portfolio\/se-laisser-de-nombreuses-portes-ouvertes-temoignage-de-juliette-imt-lille-douai\/\" class=\"wbc-go-link\" ><i class=\"fa fa-link\"><\/i><\/a><\/div>\t\t<\/div>\t<\/div><\/div><div class=\"portfolio-text-wrap\" ><h4 class=\"portfolio-title entry-title\"><a href=\"https:\/\/www.prepas-fabert.com\/cpge\/portfolio\/se-laisser-de-nombreuses-portes-ouvertes-temoignage-de-juliette-imt-lille-douai\/\">Se laisser de nombreuses portes ouvertes ? T\u00e9moignage de Juliette (IMT Lille Douai)<\/a><\/h4><p>[vc_row row_type=\u00a0\u00bbfull_width\u00a0\u00bb type=\u00a0\u00bbcontainer\u00a0\u00bb p_top=\u00a0\u00bb55&Prime; bg_color=\u00a0\u00bb#ffffff\u00a0\u00bb][vc_column][vc_g...<\/p><\/div><\/div><div class=\"portfolio-item isotope-item portfolio-image-large etudiant-ecg\"  data-id=\"5074\" data-type=\"etudiant-ecg\"><div class=\"post-featured\">\t<div class=\"wbc-image-wrap\">\t\t<a href=\"https:\/\/www.prepas-fabert.com\/cpge\/portfolio\/peur-de-ne-pas-etre-a-la-hauteur-temoignage-de-camille\/\"><img loading=\"lazy\" decoding=\"async\" width=\"540\" height=\"539\" src=\"https:\/\/www.prepas-fabert.com\/cpge\/wp-content\/uploads\/2021\/03\/camille.jpg\" class=\"attachment-large size-large wp-post-image\" alt=\"\" srcset=\"https:\/\/www.prepas-fabert.com\/cpge\/wp-content\/uploads\/2021\/03\/camille.jpg 540w, https:\/\/www.prepas-fabert.com\/cpge\/wp-content\/uploads\/2021\/03\/camille-300x300.jpg 300w, https:\/\/www.prepas-fabert.com\/cpge\/wp-content\/uploads\/2021\/03\/camille-150x150.jpg 150w, https:\/\/www.prepas-fabert.com\/cpge\/wp-content\/uploads\/2021\/03\/camille-500x500.jpg 500w\" sizes=\"auto, (max-width: 540px) 100vw, 540px\" \/>\t\t<\/a>\t\t<a class=\"item-link-overlay\" href=\"https:\/\/www.prepas-fabert.com\/cpge\/portfolio\/peur-de-ne-pas-etre-a-la-hauteur-temoignage-de-camille\/\" ><\/a>\t\t<div class=\"wbc-extra-links\">\t\t<h4 class=\"item-title\" >[Vid\u00e9o] Peur de ne pas \u00eatre \u00e0 la hauteur ? T\u00e9moignage de Camille (CPGE Fabert EC2)<\/h4><div class=\"wbc-link-content\">\t\t\t<a href=\"https:\/\/www.prepas-fabert.com\/cpge\/portfolio\/peur-de-ne-pas-etre-a-la-hauteur-temoignage-de-camille\/\" class=\"wbc-go-link\" ><i class=\"fa fa-link\"><\/i><\/a><\/div>\t\t<\/div>\t<\/div><\/div><div class=\"portfolio-text-wrap\" ><h4 class=\"portfolio-title entry-title\"><a href=\"https:\/\/www.prepas-fabert.com\/cpge\/portfolio\/peur-de-ne-pas-etre-a-la-hauteur-temoignage-de-camille\/\">[Vid\u00e9o] Peur de ne pas \u00eatre \u00e0 la hauteur ? T\u00e9moignage de Camille (CPGE Fabert EC2)<\/a><\/h4><p>Avant d'arriver en pr\u00e9pa, j'avais peur de ne pas \u00eatre \u00e0 la hauteur dans toutes les mati\u00e8res, mais il ne faut surtout...<\/p><\/div><\/div><div class=\"portfolio-item isotope-item portfolio-image-large 2021 etudiant-ecg\"  data-id=\"7156\" data-type=\"2021 etudiant-ecg\"><div class=\"post-featured\">\t<div class=\"wbc-image-wrap\">\t\t<a href=\"https:\/\/www.prepas-fabert.com\/cpge\/portfolio\/video-la-vie-et-les-cours-a-lem-lyon-temoignage-de-richard\/\"><img loading=\"lazy\" decoding=\"async\" width=\"940\" height=\"940\" src=\"https:\/\/www.prepas-fabert.com\/cpge\/wp-content\/uploads\/2022\/11\/Richad-EMLyon.jpg\" class=\"attachment-large size-large wp-post-image\" alt=\"\" srcset=\"https:\/\/www.prepas-fabert.com\/cpge\/wp-content\/uploads\/2022\/11\/Richad-EMLyon.jpg 940w, https:\/\/www.prepas-fabert.com\/cpge\/wp-content\/uploads\/2022\/11\/Richad-EMLyon-300x300.jpg 300w, https:\/\/www.prepas-fabert.com\/cpge\/wp-content\/uploads\/2022\/11\/Richad-EMLyon-150x150.jpg 150w, https:\/\/www.prepas-fabert.com\/cpge\/wp-content\/uploads\/2022\/11\/Richad-EMLyon-768x768.jpg 768w, https:\/\/www.prepas-fabert.com\/cpge\/wp-content\/uploads\/2022\/11\/Richad-EMLyon-500x500.jpg 500w, https:\/\/www.prepas-fabert.com\/cpge\/wp-content\/uploads\/2022\/11\/Richad-EMLyon-848x848.jpg 848w\" sizes=\"auto, (max-width: 940px) 100vw, 940px\" \/>\t\t<\/a>\t\t<a class=\"item-link-overlay\" href=\"https:\/\/www.prepas-fabert.com\/cpge\/portfolio\/video-la-vie-et-les-cours-a-lem-lyon-temoignage-de-richard\/\" ><\/a>\t\t<div class=\"wbc-extra-links\">\t\t<h4 class=\"item-title\" >[Vid\u00e9o] La vie et les cours \u00e0 l&rsquo;EM Lyon ? T\u00e9moignage de Richard<\/h4><div class=\"wbc-link-content\">\t\t\t<a href=\"https:\/\/www.prepas-fabert.com\/cpge\/portfolio\/video-la-vie-et-les-cours-a-lem-lyon-temoignage-de-richard\/\" class=\"wbc-go-link\" ><i class=\"fa fa-link\"><\/i><\/a><\/div>\t\t<\/div>\t<\/div><\/div><div class=\"portfolio-text-wrap\" ><h4 class=\"portfolio-title entry-title\"><a href=\"https:\/\/www.prepas-fabert.com\/cpge\/portfolio\/video-la-vie-et-les-cours-a-lem-lyon-temoignage-de-richard\/\">[Vid\u00e9o] La vie et les cours \u00e0 l&rsquo;EM Lyon ? T\u00e9moignage de Richard<\/a><\/h4><p>Les mati\u00e8res qui me plaisaient le plus en pr\u00e9pa : G\u00e9opolitique et Langues vivantes. [...] D\u00e8s le second semestre \u00e0...<\/p><\/div><\/div><div class=\"portfolio-item isotope-item portfolio-image-large 2022 ec en-ecole-de-commerce-management\"  data-id=\"7230\" data-type=\"2022 ec en-ecole-de-commerce-management\"><div class=\"post-featured\">\t<div class=\"wbc-image-wrap\">\t\t<a href=\"https:\/\/www.prepas-fabert.com\/cpge\/portfolio\/que-faire-apres-une-classe-prepa-elise-a-integre-skema-bs\/\"><img loading=\"lazy\" decoding=\"async\" width=\"1024\" height=\"1024\" src=\"https:\/\/www.prepas-fabert.com\/cpge\/wp-content\/uploads\/2023\/01\/Skema-square-1024x1024.png\" class=\"attachment-large size-large wp-post-image\" alt=\"\" srcset=\"https:\/\/www.prepas-fabert.com\/cpge\/wp-content\/uploads\/2023\/01\/Skema-square-1024x1024.png 1024w, https:\/\/www.prepas-fabert.com\/cpge\/wp-content\/uploads\/2023\/01\/Skema-square-300x300.png 300w, https:\/\/www.prepas-fabert.com\/cpge\/wp-content\/uploads\/2023\/01\/Skema-square-150x150.png 150w, https:\/\/www.prepas-fabert.com\/cpge\/wp-content\/uploads\/2023\/01\/Skema-square-768x768.png 768w, https:\/\/www.prepas-fabert.com\/cpge\/wp-content\/uploads\/2023\/01\/Skema-square-500x500.png 500w, https:\/\/www.prepas-fabert.com\/cpge\/wp-content\/uploads\/2023\/01\/Skema-square-1000x1000.png 1000w, https:\/\/www.prepas-fabert.com\/cpge\/wp-content\/uploads\/2023\/01\/Skema-square-848x848.png 848w, https:\/\/www.prepas-fabert.com\/cpge\/wp-content\/uploads\/2023\/01\/Skema-square.png 1080w\" sizes=\"auto, (max-width: 1024px) 100vw, 1024px\" \/>\t\t<\/a>\t\t<a class=\"item-link-overlay\" href=\"https:\/\/www.prepas-fabert.com\/cpge\/portfolio\/que-faire-apres-une-classe-prepa-elise-a-integre-skema-bs\/\" ><\/a>\t\t<div class=\"wbc-extra-links\">\t\t<h4 class=\"item-title\" >Que faire apr\u00e8s une classe pr\u00e9pa ? \u00c9lise a int\u00e9gr\u00e9 SKEMA BS &#8230;<\/h4><div class=\"wbc-link-content\">\t\t\t<a href=\"https:\/\/www.prepas-fabert.com\/cpge\/portfolio\/que-faire-apres-une-classe-prepa-elise-a-integre-skema-bs\/\" class=\"wbc-go-link\" ><i class=\"fa fa-link\"><\/i><\/a><\/div>\t\t<\/div>\t<\/div><\/div><div class=\"portfolio-text-wrap\" ><h4 class=\"portfolio-title entry-title\"><a href=\"https:\/\/www.prepas-fabert.com\/cpge\/portfolio\/que-faire-apres-une-classe-prepa-elise-a-integre-skema-bs\/\">Que faire apr\u00e8s une classe pr\u00e9pa ? \u00c9lise a int\u00e9gr\u00e9 SKEMA BS &#8230;<\/a><\/h4><p>Une classe, c'est une \u00e9quipe ?\r\n-- Je pense que c'est assez vrai. En tout cas, dans notre pr\u00e9pa, nous \u00e9tions tous sou...<\/p><\/div><\/div><div class=\"portfolio-item isotope-item portfolio-image-large etudiant-ecg\"  data-id=\"5122\" data-type=\"etudiant-ecg\"><div class=\"post-featured\">\t<div class=\"wbc-image-wrap\">\t\t<a href=\"https:\/\/www.prepas-fabert.com\/cpge\/portfolio\/la-prepa-cest-la-continuite-du-lycee-temoignage-dhugo\/\"><img loading=\"lazy\" decoding=\"async\" width=\"894\" height=\"894\" src=\"https:\/\/www.prepas-fabert.com\/cpge\/wp-content\/uploads\/2021\/03\/hugo-1.png\" class=\"attachment-large size-large wp-post-image\" alt=\"\" srcset=\"https:\/\/www.prepas-fabert.com\/cpge\/wp-content\/uploads\/2021\/03\/hugo-1.png 894w, https:\/\/www.prepas-fabert.com\/cpge\/wp-content\/uploads\/2021\/03\/hugo-1-300x300.png 300w, https:\/\/www.prepas-fabert.com\/cpge\/wp-content\/uploads\/2021\/03\/hugo-1-150x150.png 150w, https:\/\/www.prepas-fabert.com\/cpge\/wp-content\/uploads\/2021\/03\/hugo-1-768x768.png 768w, https:\/\/www.prepas-fabert.com\/cpge\/wp-content\/uploads\/2021\/03\/hugo-1-500x500.png 500w, https:\/\/www.prepas-fabert.com\/cpge\/wp-content\/uploads\/2021\/03\/hugo-1-848x848.png 848w\" sizes=\"auto, (max-width: 894px) 100vw, 894px\" \/>\t\t<\/a>\t\t<a class=\"item-link-overlay\" href=\"https:\/\/www.prepas-fabert.com\/cpge\/portfolio\/la-prepa-cest-la-continuite-du-lycee-temoignage-dhugo\/\" ><\/a>\t\t<div class=\"wbc-extra-links\">\t\t<h4 class=\"item-title\" >[Vid\u00e9o] La pr\u00e9pa, c&rsquo;est toujours un cadre scolaire ? T\u00e9moignage d&rsquo;Hugo (EC2 Lyc\u00e9e Fabert)<\/h4><div class=\"wbc-link-content\">\t\t\t<a href=\"https:\/\/www.prepas-fabert.com\/cpge\/portfolio\/la-prepa-cest-la-continuite-du-lycee-temoignage-dhugo\/\" class=\"wbc-go-link\" ><i class=\"fa fa-link\"><\/i><\/a><\/div>\t\t<\/div>\t<\/div><\/div><div class=\"portfolio-text-wrap\" ><h4 class=\"portfolio-title entry-title\"><a href=\"https:\/\/www.prepas-fabert.com\/cpge\/portfolio\/la-prepa-cest-la-continuite-du-lycee-temoignage-dhugo\/\">[Vid\u00e9o] La pr\u00e9pa, c&rsquo;est toujours un cadre scolaire ? T\u00e9moignage d&rsquo;Hugo (EC2 Lyc\u00e9e Fabert)<\/a><\/h4><p>Les profs sont tr\u00e8s investis et bienveillants, passionn\u00e9s par leur m\u00e9tier et vont essayer de nous transmettre cette p...<\/p><\/div><\/div><div class=\"portfolio-item isotope-item portfolio-image-large etudiant-ecg\"  data-id=\"5114\" data-type=\"etudiant-ecg\"><div class=\"post-featured\">\t<div class=\"wbc-image-wrap\">\t\t<a href=\"https:\/\/www.prepas-fabert.com\/cpge\/portfolio\/et-si-je-nai-pas-de-projet-bien-etabli-temoignage-de-celia-et-alexandre\/\"><img loading=\"lazy\" decoding=\"async\" width=\"500\" height=\"508\" src=\"https:\/\/www.prepas-fabert.com\/cpge\/wp-content\/uploads\/2021\/03\/celia-1.jpg\" class=\"attachment-large size-large wp-post-image\" alt=\"\" srcset=\"https:\/\/www.prepas-fabert.com\/cpge\/wp-content\/uploads\/2021\/03\/celia-1.jpg 500w, https:\/\/www.prepas-fabert.com\/cpge\/wp-content\/uploads\/2021\/03\/celia-1-295x300.jpg 295w\" sizes=\"auto, (max-width: 500px) 100vw, 500px\" \/>\t\t<\/a>\t\t<a class=\"item-link-overlay\" href=\"https:\/\/www.prepas-fabert.com\/cpge\/portfolio\/et-si-je-nai-pas-de-projet-bien-etabli-temoignage-de-celia-et-alexandre\/\" ><\/a>\t\t<div class=\"wbc-extra-links\">\t\t<h4 class=\"item-title\" >[Vid\u00e9o] Et si je n&rsquo;ai pas de projet bien \u00e9tabli ? T\u00e9moignage de C\u00e9lia et Alexandre<\/h4><div class=\"wbc-link-content\">\t\t\t<a href=\"https:\/\/www.prepas-fabert.com\/cpge\/portfolio\/et-si-je-nai-pas-de-projet-bien-etabli-temoignage-de-celia-et-alexandre\/\" class=\"wbc-go-link\" ><i class=\"fa fa-link\"><\/i><\/a><\/div>\t\t<\/div>\t<\/div><\/div><div class=\"portfolio-text-wrap\" ><h4 class=\"portfolio-title entry-title\"><a href=\"https:\/\/www.prepas-fabert.com\/cpge\/portfolio\/et-si-je-nai-pas-de-projet-bien-etabli-temoignage-de-celia-et-alexandre\/\">[Vid\u00e9o] Et si je n&rsquo;ai pas de projet bien \u00e9tabli ? T\u00e9moignage de C\u00e9lia et Alexandre<\/a><\/h4><p>Je n'ai pas choisi la pr\u00e9pa en ayant un parcours tr\u00e8s d\u00e9fini en t\u00eate. [...] Tu vas garder tellement de portes ouvert...<\/p><\/div><\/div><div class=\"portfolio-item isotope-item portfolio-image-large en-ecole-dingenieurs\"  data-id=\"4928\" data-type=\"en-ecole-dingenieurs\"><div class=\"post-featured\">\t<div class=\"wbc-image-wrap\">\t\t<a href=\"https:\/\/www.prepas-fabert.com\/cpge\/portfolio\/faut-il-avoir-un-projet-clair-pour-aller-en-prepa-temoignage-de-nicolas\/\"><img loading=\"lazy\" decoding=\"async\" width=\"1024\" height=\"1024\" src=\"https:\/\/www.prepas-fabert.com\/cpge\/wp-content\/uploads\/2021\/03\/nicolas-1-1024x1024.jpg\" class=\"attachment-large size-large wp-post-image\" alt=\"\" srcset=\"https:\/\/www.prepas-fabert.com\/cpge\/wp-content\/uploads\/2021\/03\/nicolas-1-1024x1024.jpg 1024w, https:\/\/www.prepas-fabert.com\/cpge\/wp-content\/uploads\/2021\/03\/nicolas-1-300x300.jpg 300w, https:\/\/www.prepas-fabert.com\/cpge\/wp-content\/uploads\/2021\/03\/nicolas-1-150x150.jpg 150w, https:\/\/www.prepas-fabert.com\/cpge\/wp-content\/uploads\/2021\/03\/nicolas-1-768x767.jpg 768w, https:\/\/www.prepas-fabert.com\/cpge\/wp-content\/uploads\/2021\/03\/nicolas-1-500x500.jpg 500w, https:\/\/www.prepas-fabert.com\/cpge\/wp-content\/uploads\/2021\/03\/nicolas-1-1000x1000.jpg 1000w, https:\/\/www.prepas-fabert.com\/cpge\/wp-content\/uploads\/2021\/03\/nicolas-1-1140x1139.jpg 1140w, https:\/\/www.prepas-fabert.com\/cpge\/wp-content\/uploads\/2021\/03\/nicolas-1-848x847.jpg 848w, https:\/\/www.prepas-fabert.com\/cpge\/wp-content\/uploads\/2021\/03\/nicolas-1.jpg 1190w\" sizes=\"auto, (max-width: 1024px) 100vw, 1024px\" \/>\t\t<\/a>\t\t<a class=\"item-link-overlay\" href=\"https:\/\/www.prepas-fabert.com\/cpge\/portfolio\/faut-il-avoir-un-projet-clair-pour-aller-en-prepa-temoignage-de-nicolas\/\" ><\/a>\t\t<div class=\"wbc-extra-links\">\t\t<h4 class=\"item-title\" >[Vid\u00e9o] Faut-il avoir un projet clair pour aller en  pr\u00e9pa ? T\u00e9moignage de Nicolas (IMT Mines Al\u00e8s)<\/h4><div class=\"wbc-link-content\">\t\t\t<a href=\"https:\/\/www.prepas-fabert.com\/cpge\/portfolio\/faut-il-avoir-un-projet-clair-pour-aller-en-prepa-temoignage-de-nicolas\/\" class=\"wbc-go-link\" ><i class=\"fa fa-link\"><\/i><\/a><\/div>\t\t<\/div>\t<\/div><\/div><div class=\"portfolio-text-wrap\" ><h4 class=\"portfolio-title entry-title\"><a href=\"https:\/\/www.prepas-fabert.com\/cpge\/portfolio\/faut-il-avoir-un-projet-clair-pour-aller-en-prepa-temoignage-de-nicolas\/\">[Vid\u00e9o] Faut-il avoir un projet clair pour aller en  pr\u00e9pa ? T\u00e9moignage de Nicolas (IMT Mines Al\u00e8s)<\/a><\/h4><p>[vc_row row_type=\u00a0\u00bbfull_width\u00a0\u00bb type=\u00a0\u00bbcontainer\u00a0\u00bb p_top=\u00a0\u00bb55&Prime;][vc_column][vc_gallery type=\u00a0\u00bbflexslide...<\/p><\/div><\/div><div class=\"portfolio-item isotope-item portfolio-image-large en-ecole-de-commerce-management\"  data-id=\"5556\" data-type=\"en-ecole-de-commerce-management\"><div class=\"post-featured\">\t<div class=\"wbc-image-wrap\">\t\t<a href=\"https:\/\/www.prepas-fabert.com\/cpge\/portfolio\/horrible-la-prepa-temoignage-de-ninon-audencia\/\"><img loading=\"lazy\" decoding=\"async\" width=\"750\" height=\"750\" src=\"https:\/\/www.prepas-fabert.com\/cpge\/wp-content\/uploads\/2021\/04\/Ninon-square.jpg\" class=\"attachment-large size-large wp-post-image\" alt=\"\" srcset=\"https:\/\/www.prepas-fabert.com\/cpge\/wp-content\/uploads\/2021\/04\/Ninon-square.jpg 750w, https:\/\/www.prepas-fabert.com\/cpge\/wp-content\/uploads\/2021\/04\/Ninon-square-300x300.jpg 300w, https:\/\/www.prepas-fabert.com\/cpge\/wp-content\/uploads\/2021\/04\/Ninon-square-150x150.jpg 150w, https:\/\/www.prepas-fabert.com\/cpge\/wp-content\/uploads\/2021\/04\/Ninon-square-500x500.jpg 500w\" sizes=\"auto, (max-width: 750px) 100vw, 750px\" \/>\t\t<\/a>\t\t<a class=\"item-link-overlay\" href=\"https:\/\/www.prepas-fabert.com\/cpge\/portfolio\/horrible-la-prepa-temoignage-de-ninon-audencia\/\" ><\/a>\t\t<div class=\"wbc-extra-links\">\t\t<h4 class=\"item-title\" >[Vid\u00e9o] Horrible, la pr\u00e9pa ? T\u00e9moignage de Ninon (Audencia)<\/h4><div class=\"wbc-link-content\">\t\t\t<a href=\"https:\/\/www.prepas-fabert.com\/cpge\/portfolio\/horrible-la-prepa-temoignage-de-ninon-audencia\/\" class=\"wbc-go-link\" ><i class=\"fa fa-link\"><\/i><\/a><\/div>\t\t<\/div>\t<\/div><\/div><div class=\"portfolio-text-wrap\" ><h4 class=\"portfolio-title entry-title\"><a href=\"https:\/\/www.prepas-fabert.com\/cpge\/portfolio\/horrible-la-prepa-temoignage-de-ninon-audencia\/\">[Vid\u00e9o] Horrible, la pr\u00e9pa ? T\u00e9moignage de Ninon (Audencia)<\/a><\/h4><p>[vc_row disable_element=\u00a0\u00bbyes\u00a0\u00bb row_type=\u00a0\u00bbfull_width\u00a0\u00bb type=\u00a0\u00bbcontainer\u00a0\u00bb p_top=\u00a0\u00bb55&Prime; bg_color=\u00a0\u00bb...<\/p><\/div><\/div><div class=\"portfolio-item isotope-item portfolio-image-large en-ecole-dingenieurs\"  data-id=\"4980\" data-type=\"en-ecole-dingenieurs\"><div class=\"post-featured\">\t<div class=\"wbc-image-wrap\">\t\t<a href=\"https:\/\/www.prepas-fabert.com\/cpge\/portfolio\/niveau-en-prepa-est-ce-surmontable-temoignage-danton-enac-toulouse\/\"><img loading=\"lazy\" decoding=\"async\" width=\"750\" height=\"750\" src=\"https:\/\/www.prepas-fabert.com\/cpge\/wp-content\/uploads\/2021\/03\/Anton-RIGAUT-carre.jpg\" class=\"attachment-large size-large wp-post-image\" alt=\"\" srcset=\"https:\/\/www.prepas-fabert.com\/cpge\/wp-content\/uploads\/2021\/03\/Anton-RIGAUT-carre.jpg 750w, https:\/\/www.prepas-fabert.com\/cpge\/wp-content\/uploads\/2021\/03\/Anton-RIGAUT-carre-300x300.jpg 300w, https:\/\/www.prepas-fabert.com\/cpge\/wp-content\/uploads\/2021\/03\/Anton-RIGAUT-carre-150x150.jpg 150w, https:\/\/www.prepas-fabert.com\/cpge\/wp-content\/uploads\/2021\/03\/Anton-RIGAUT-carre-500x500.jpg 500w\" sizes=\"auto, (max-width: 750px) 100vw, 750px\" \/>\t\t<\/a>\t\t<a class=\"item-link-overlay\" href=\"https:\/\/www.prepas-fabert.com\/cpge\/portfolio\/niveau-en-prepa-est-ce-surmontable-temoignage-danton-enac-toulouse\/\" ><\/a>\t\t<div class=\"wbc-extra-links\">\t\t<h4 class=\"item-title\" >[Vid\u00e9o] Niveau en pr\u00e9pa : est-ce surmontable ? T\u00e9moignage d&rsquo;Anton (ENAC Toulouse)<\/h4><div class=\"wbc-link-content\">\t\t\t<a href=\"https:\/\/www.prepas-fabert.com\/cpge\/portfolio\/niveau-en-prepa-est-ce-surmontable-temoignage-danton-enac-toulouse\/\" class=\"wbc-go-link\" ><i class=\"fa fa-link\"><\/i><\/a><\/div>\t\t<\/div>\t<\/div><\/div><div class=\"portfolio-text-wrap\" ><h4 class=\"portfolio-title entry-title\"><a href=\"https:\/\/www.prepas-fabert.com\/cpge\/portfolio\/niveau-en-prepa-est-ce-surmontable-temoignage-danton-enac-toulouse\/\">[Vid\u00e9o] Niveau en pr\u00e9pa : est-ce surmontable ? T\u00e9moignage d&rsquo;Anton (ENAC Toulouse)<\/a><\/h4><p>Malgr\u00e9 la charge de travail, j'ai pu garder une activit\u00e9 sportive plus ou moins r\u00e9guli\u00e8re : je faisais du v\u00e9lo. M\u00ea...<\/p><\/div><\/div><div class=\"portfolio-item isotope-item portfolio-image-large 2022 ec en-ecole-de-commerce-management\"  data-id=\"7485\" data-type=\"2022 ec en-ecole-de-commerce-management\"><div class=\"post-featured\">\t<div class=\"wbc-image-wrap\">\t\t<a href=\"https:\/\/www.prepas-fabert.com\/cpge\/portfolio\/que-faire-apres-une-classe-prepa-maxime-a-integre-neoma-business-school\/\"><img loading=\"lazy\" decoding=\"async\" width=\"1024\" height=\"1024\" src=\"https:\/\/www.prepas-fabert.com\/cpge\/wp-content\/uploads\/2023\/05\/Poster-square-Maxime-1024x1024.png\" class=\"attachment-large size-large wp-post-image\" alt=\"\" srcset=\"https:\/\/www.prepas-fabert.com\/cpge\/wp-content\/uploads\/2023\/05\/Poster-square-Maxime-1024x1024.png 1024w, https:\/\/www.prepas-fabert.com\/cpge\/wp-content\/uploads\/2023\/05\/Poster-square-Maxime-300x300.png 300w, https:\/\/www.prepas-fabert.com\/cpge\/wp-content\/uploads\/2023\/05\/Poster-square-Maxime-150x150.png 150w, https:\/\/www.prepas-fabert.com\/cpge\/wp-content\/uploads\/2023\/05\/Poster-square-Maxime-768x768.png 768w, https:\/\/www.prepas-fabert.com\/cpge\/wp-content\/uploads\/2023\/05\/Poster-square-Maxime-500x500.png 500w, https:\/\/www.prepas-fabert.com\/cpge\/wp-content\/uploads\/2023\/05\/Poster-square-Maxime-1000x1000.png 1000w, https:\/\/www.prepas-fabert.com\/cpge\/wp-content\/uploads\/2023\/05\/Poster-square-Maxime-848x848.png 848w, https:\/\/www.prepas-fabert.com\/cpge\/wp-content\/uploads\/2023\/05\/Poster-square-Maxime.png 1080w\" sizes=\"auto, (max-width: 1024px) 100vw, 1024px\" \/>\t\t<\/a>\t\t<a class=\"item-link-overlay\" href=\"https:\/\/www.prepas-fabert.com\/cpge\/portfolio\/que-faire-apres-une-classe-prepa-maxime-a-integre-neoma-business-school\/\" ><\/a>\t\t<div class=\"wbc-extra-links\">\t\t<h4 class=\"item-title\" >Que faire apr\u00e8s une classe pr\u00e9pa ? Maxime a int\u00e9gr\u00e9 NEOMA Business School<\/h4><div class=\"wbc-link-content\">\t\t\t<a href=\"https:\/\/www.prepas-fabert.com\/cpge\/portfolio\/que-faire-apres-une-classe-prepa-maxime-a-integre-neoma-business-school\/\" class=\"wbc-go-link\" ><i class=\"fa fa-link\"><\/i><\/a><\/div>\t\t<\/div>\t<\/div><\/div><div class=\"portfolio-text-wrap\" ><h4 class=\"portfolio-title entry-title\"><a href=\"https:\/\/www.prepas-fabert.com\/cpge\/portfolio\/que-faire-apres-une-classe-prepa-maxime-a-integre-neoma-business-school\/\">Que faire apr\u00e8s une classe pr\u00e9pa ? Maxime a int\u00e9gr\u00e9 NEOMA Business School<\/a><\/h4><p>L'ambiance en pr\u00e9pa au lyc\u00e9e FABERT ?\r\n-- L'ambiance est tr\u00e8s bonne. Les profs sont vraiment l\u00e0 pour nous accompagne...<\/p><\/div><\/div><div class=\"portfolio-item isotope-item portfolio-image-large en-ecole-dingenieurs\"  data-id=\"4845\" data-type=\"en-ecole-dingenieurs\"><div class=\"post-featured\">\t<div class=\"wbc-image-wrap\">\t\t<a href=\"https:\/\/www.prepas-fabert.com\/cpge\/portfolio\/la-prepa-une-competition\/\"><img loading=\"lazy\" decoding=\"async\" width=\"750\" height=\"750\" src=\"https:\/\/www.prepas-fabert.com\/cpge\/wp-content\/uploads\/2021\/03\/margaux-square.png\" class=\"attachment-large size-large wp-post-image\" alt=\"\" srcset=\"https:\/\/www.prepas-fabert.com\/cpge\/wp-content\/uploads\/2021\/03\/margaux-square.png 750w, https:\/\/www.prepas-fabert.com\/cpge\/wp-content\/uploads\/2021\/03\/margaux-square-300x300.png 300w, https:\/\/www.prepas-fabert.com\/cpge\/wp-content\/uploads\/2021\/03\/margaux-square-150x150.png 150w, https:\/\/www.prepas-fabert.com\/cpge\/wp-content\/uploads\/2021\/03\/margaux-square-500x500.png 500w\" sizes=\"auto, (max-width: 750px) 100vw, 750px\" \/>\t\t<\/a>\t\t<a class=\"item-link-overlay\" href=\"https:\/\/www.prepas-fabert.com\/cpge\/portfolio\/la-prepa-une-competition\/\" ><\/a>\t\t<div class=\"wbc-extra-links\">\t\t<h4 class=\"item-title\" >[Vid\u00e9o] La pr\u00e9pa, une comp\u00e9tition ? T\u00e9moignage de Margaux (ENSCR)<\/h4><div class=\"wbc-link-content\">\t\t\t<a href=\"https:\/\/www.prepas-fabert.com\/cpge\/portfolio\/la-prepa-une-competition\/\" class=\"wbc-go-link\" ><i class=\"fa fa-link\"><\/i><\/a><\/div>\t\t<\/div>\t<\/div><\/div><div class=\"portfolio-text-wrap\" ><h4 class=\"portfolio-title entry-title\"><a href=\"https:\/\/www.prepas-fabert.com\/cpge\/portfolio\/la-prepa-une-competition\/\">[Vid\u00e9o] La pr\u00e9pa, une comp\u00e9tition ? T\u00e9moignage de Margaux (ENSCR)<\/a><\/h4><p>Cela peut para\u00eetre un peu bizarre, mais ce qui m\u2019a le plus plu en pr\u00e9pa, ce sont les kh\u00f4lles ! [\u2026] J\u2019ai beaucou...<\/p><\/div><\/div><div class=\"portfolio-item isotope-item portfolio-image-large 2022 en-ecole-dingenieurs\"  data-id=\"7632\" data-type=\"2022 en-ecole-dingenieurs\"><div class=\"post-featured\">\t<div class=\"wbc-image-wrap\">\t\t<a href=\"https:\/\/www.prepas-fabert.com\/cpge\/portfolio\/que-faire-apres-une-classe-prepa-etienne-a-integre-les-arts-et-metiers-sciences-et-technologies\/\"><img loading=\"lazy\" decoding=\"async\" width=\"1024\" height=\"1024\" src=\"https:\/\/www.prepas-fabert.com\/cpge\/wp-content\/uploads\/2023\/09\/Poster-square-Etienne-1024x1024.png\" class=\"attachment-large size-large wp-post-image\" alt=\"\" srcset=\"https:\/\/www.prepas-fabert.com\/cpge\/wp-content\/uploads\/2023\/09\/Poster-square-Etienne-1024x1024.png 1024w, https:\/\/www.prepas-fabert.com\/cpge\/wp-content\/uploads\/2023\/09\/Poster-square-Etienne-300x300.png 300w, https:\/\/www.prepas-fabert.com\/cpge\/wp-content\/uploads\/2023\/09\/Poster-square-Etienne-150x150.png 150w, https:\/\/www.prepas-fabert.com\/cpge\/wp-content\/uploads\/2023\/09\/Poster-square-Etienne-768x768.png 768w, https:\/\/www.prepas-fabert.com\/cpge\/wp-content\/uploads\/2023\/09\/Poster-square-Etienne-500x500.png 500w, https:\/\/www.prepas-fabert.com\/cpge\/wp-content\/uploads\/2023\/09\/Poster-square-Etienne-1000x1000.png 1000w, https:\/\/www.prepas-fabert.com\/cpge\/wp-content\/uploads\/2023\/09\/Poster-square-Etienne-848x848.png 848w, https:\/\/www.prepas-fabert.com\/cpge\/wp-content\/uploads\/2023\/09\/Poster-square-Etienne.png 1080w\" sizes=\"auto, (max-width: 1024px) 100vw, 1024px\" \/>\t\t<\/a>\t\t<a class=\"item-link-overlay\" href=\"https:\/\/www.prepas-fabert.com\/cpge\/portfolio\/que-faire-apres-une-classe-prepa-etienne-a-integre-les-arts-et-metiers-sciences-et-technologies\/\" ><\/a>\t\t<div class=\"wbc-extra-links\">\t\t<h4 class=\"item-title\" >Que faire apr\u00e8s une classe pr\u00e9pa ? Etienne a int\u00e9gr\u00e9 les Arts et M\u00e9tiers &#8212; Sciences et technologies<\/h4><div class=\"wbc-link-content\">\t\t\t<a href=\"https:\/\/www.prepas-fabert.com\/cpge\/portfolio\/que-faire-apres-une-classe-prepa-etienne-a-integre-les-arts-et-metiers-sciences-et-technologies\/\" class=\"wbc-go-link\" ><i class=\"fa fa-link\"><\/i><\/a><\/div>\t\t<\/div>\t<\/div><\/div><div class=\"portfolio-text-wrap\" ><h4 class=\"portfolio-title entry-title\"><a href=\"https:\/\/www.prepas-fabert.com\/cpge\/portfolio\/que-faire-apres-une-classe-prepa-etienne-a-integre-les-arts-et-metiers-sciences-et-technologies\/\">Que faire apr\u00e8s une classe pr\u00e9pa ? Etienne a int\u00e9gr\u00e9 les Arts et M\u00e9tiers &#8212; Sciences et technologies<\/a><\/h4><p>J'\u00e9tais int\u00e9ress\u00e9 par les Arts et M\u00e9tiers car [la formation propose] une partie technique int\u00e9ressante, o\u00f9 l'on me...<\/p><\/div><\/div><div class=\"portfolio-item isotope-item portfolio-image-large 2022 en-ecole-dingenieurs\"  data-id=\"7823\" data-type=\"2022 en-ecole-dingenieurs\"><div class=\"post-featured\">\t<div class=\"wbc-image-wrap\">\t\t<a href=\"https:\/\/www.prepas-fabert.com\/cpge\/portfolio\/ambre-a-integre-neoma-business-school\/\"><img loading=\"lazy\" decoding=\"async\" width=\"853\" height=\"853\" src=\"https:\/\/www.prepas-fabert.com\/cpge\/wp-content\/uploads\/2024\/02\/Ambre-square.jpg\" class=\"attachment-large size-large wp-post-image\" alt=\"\" srcset=\"https:\/\/www.prepas-fabert.com\/cpge\/wp-content\/uploads\/2024\/02\/Ambre-square.jpg 853w, https:\/\/www.prepas-fabert.com\/cpge\/wp-content\/uploads\/2024\/02\/Ambre-square-300x300.jpg 300w, https:\/\/www.prepas-fabert.com\/cpge\/wp-content\/uploads\/2024\/02\/Ambre-square-150x150.jpg 150w, https:\/\/www.prepas-fabert.com\/cpge\/wp-content\/uploads\/2024\/02\/Ambre-square-768x768.jpg 768w, https:\/\/www.prepas-fabert.com\/cpge\/wp-content\/uploads\/2024\/02\/Ambre-square-500x500.jpg 500w, https:\/\/www.prepas-fabert.com\/cpge\/wp-content\/uploads\/2024\/02\/Ambre-square-848x848.jpg 848w\" sizes=\"auto, (max-width: 853px) 100vw, 853px\" \/>\t\t<\/a>\t\t<a class=\"item-link-overlay\" href=\"https:\/\/www.prepas-fabert.com\/cpge\/portfolio\/ambre-a-integre-neoma-business-school\/\" ><\/a>\t\t<div class=\"wbc-extra-links\">\t\t<h4 class=\"item-title\" >Ambre a int\u00e9gr\u00e9 NEOMA Business School<\/h4><div class=\"wbc-link-content\">\t\t\t<a href=\"https:\/\/www.prepas-fabert.com\/cpge\/portfolio\/ambre-a-integre-neoma-business-school\/\" class=\"wbc-go-link\" ><i class=\"fa fa-link\"><\/i><\/a><\/div>\t\t<\/div>\t<\/div><\/div><div class=\"portfolio-text-wrap\" ><h4 class=\"portfolio-title entry-title\"><a href=\"https:\/\/www.prepas-fabert.com\/cpge\/portfolio\/ambre-a-integre-neoma-business-school\/\">Ambre a int\u00e9gr\u00e9 NEOMA Business School<\/a><\/h4><p>Toutes les rumeurs que j'avais entendues sur les classes pr\u00e9pas \u00e9taient fausses ! Quand je suis arriv\u00e9 \u00e0 Fabert, j'a...<\/p><\/div><\/div><div class=\"portfolio-item isotope-item portfolio-image-large en-ecole-de-commerce-management\"  data-id=\"5289\" data-type=\"en-ecole-de-commerce-management\"><div class=\"post-featured\">\t<div class=\"wbc-image-wrap\">\t\t<a href=\"https:\/\/www.prepas-fabert.com\/cpge\/portfolio\/apres-5-ans-a-fabert-la-scolarite-a-hec-en-allemagne-et-au-japon-temoignage-de-benjamin\/\"><img loading=\"lazy\" decoding=\"async\" width=\"760\" height=\"760\" src=\"https:\/\/www.prepas-fabert.com\/cpge\/wp-content\/uploads\/2021\/03\/Benjamin-square.jpg\" class=\"attachment-large size-large wp-post-image\" alt=\"\" srcset=\"https:\/\/www.prepas-fabert.com\/cpge\/wp-content\/uploads\/2021\/03\/Benjamin-square.jpg 760w, https:\/\/www.prepas-fabert.com\/cpge\/wp-content\/uploads\/2021\/03\/Benjamin-square-300x300.jpg 300w, https:\/\/www.prepas-fabert.com\/cpge\/wp-content\/uploads\/2021\/03\/Benjamin-square-150x150.jpg 150w, https:\/\/www.prepas-fabert.com\/cpge\/wp-content\/uploads\/2021\/03\/Benjamin-square-500x500.jpg 500w\" sizes=\"auto, (max-width: 760px) 100vw, 760px\" \/>\t\t<\/a>\t\t<a class=\"item-link-overlay\" href=\"https:\/\/www.prepas-fabert.com\/cpge\/portfolio\/apres-5-ans-a-fabert-la-scolarite-a-hec-en-allemagne-et-au-japon-temoignage-de-benjamin\/\" ><\/a>\t\t<div class=\"wbc-extra-links\">\t\t<h4 class=\"item-title\" >[Vid\u00e9o] Apr\u00e8s 5 ans \u00e0 Fabert, la scolarit\u00e9 \u00e0 HEC en France, en Allemagne et au Japon : T\u00e9moignage de Benjamin<\/h4><div class=\"wbc-link-content\">\t\t\t<a href=\"https:\/\/www.prepas-fabert.com\/cpge\/portfolio\/apres-5-ans-a-fabert-la-scolarite-a-hec-en-allemagne-et-au-japon-temoignage-de-benjamin\/\" class=\"wbc-go-link\" ><i class=\"fa fa-link\"><\/i><\/a><\/div>\t\t<\/div>\t<\/div><\/div><div class=\"portfolio-text-wrap\" ><h4 class=\"portfolio-title entry-title\"><a href=\"https:\/\/www.prepas-fabert.com\/cpge\/portfolio\/apres-5-ans-a-fabert-la-scolarite-a-hec-en-allemagne-et-au-japon-temoignage-de-benjamin\/\">[Vid\u00e9o] Apr\u00e8s 5 ans \u00e0 Fabert, la scolarit\u00e9 \u00e0 HEC en France, en Allemagne et au Japon : T\u00e9moignage de Benjamin<\/a><\/h4><p>[vc_row disable_element=\u00a0\u00bbyes\u00a0\u00bb row_type=\u00a0\u00bbfull_width\u00a0\u00bb type=\u00a0\u00bbcontainer\u00a0\u00bb p_top=\u00a0\u00bb55&Prime; bg_color=\u00a0\u00bb...<\/p><\/div><\/div><div class=\"portfolio-item isotope-item portfolio-image-large en-ecole-dingenieurs etudiant-pc-pc-psi-mp-mp pcsi-pc-pc\"  data-id=\"7512\" data-type=\"en-ecole-dingenieurs etudiant-pc-pc-psi-mp-mp pcsi-pc-pc\"><div class=\"post-featured\">\t<div class=\"wbc-image-wrap\">\t\t<a href=\"https:\/\/www.prepas-fabert.com\/cpge\/portfolio\/que-faire-apres-une-classe-prepa-simon-a-integre-imt-nord-europe\/\"><img loading=\"lazy\" decoding=\"async\" width=\"1024\" height=\"1024\" src=\"https:\/\/www.prepas-fabert.com\/cpge\/wp-content\/uploads\/2023\/05\/Poster-square-Simon-1024x1024.png\" class=\"attachment-large size-large wp-post-image\" alt=\"\" srcset=\"https:\/\/www.prepas-fabert.com\/cpge\/wp-content\/uploads\/2023\/05\/Poster-square-Simon-1024x1024.png 1024w, https:\/\/www.prepas-fabert.com\/cpge\/wp-content\/uploads\/2023\/05\/Poster-square-Simon-300x300.png 300w, https:\/\/www.prepas-fabert.com\/cpge\/wp-content\/uploads\/2023\/05\/Poster-square-Simon-150x150.png 150w, https:\/\/www.prepas-fabert.com\/cpge\/wp-content\/uploads\/2023\/05\/Poster-square-Simon-768x768.png 768w, https:\/\/www.prepas-fabert.com\/cpge\/wp-content\/uploads\/2023\/05\/Poster-square-Simon-500x500.png 500w, https:\/\/www.prepas-fabert.com\/cpge\/wp-content\/uploads\/2023\/05\/Poster-square-Simon-1000x1000.png 1000w, https:\/\/www.prepas-fabert.com\/cpge\/wp-content\/uploads\/2023\/05\/Poster-square-Simon-848x848.png 848w, https:\/\/www.prepas-fabert.com\/cpge\/wp-content\/uploads\/2023\/05\/Poster-square-Simon.png 1080w\" sizes=\"auto, (max-width: 1024px) 100vw, 1024px\" \/>\t\t<\/a>\t\t<a class=\"item-link-overlay\" href=\"https:\/\/www.prepas-fabert.com\/cpge\/portfolio\/que-faire-apres-une-classe-prepa-simon-a-integre-imt-nord-europe\/\" ><\/a>\t\t<div class=\"wbc-extra-links\">\t\t<h4 class=\"item-title\" >Que faire apr\u00e8s une classe pr\u00e9pa ? Simon a int\u00e9gr\u00e9 IMT Nord Europe<\/h4><div class=\"wbc-link-content\">\t\t\t<a href=\"https:\/\/www.prepas-fabert.com\/cpge\/portfolio\/que-faire-apres-une-classe-prepa-simon-a-integre-imt-nord-europe\/\" class=\"wbc-go-link\" ><i class=\"fa fa-link\"><\/i><\/a><\/div>\t\t<\/div>\t<\/div><\/div><div class=\"portfolio-text-wrap\" ><h4 class=\"portfolio-title entry-title\"><a href=\"https:\/\/www.prepas-fabert.com\/cpge\/portfolio\/que-faire-apres-une-classe-prepa-simon-a-integre-imt-nord-europe\/\">Que faire apr\u00e8s une classe pr\u00e9pa ? Simon a int\u00e9gr\u00e9 IMT Nord Europe<\/a><\/h4><p>L'ambiance en pr\u00e9pa au lyc\u00e9e FABERT ?\r\n-- L'ambiance est tr\u00e8s bonne. Les profs sont vraiment l\u00e0 pour nous accompagne...<\/p><\/div><\/div><div class=\"portfolio-item isotope-item portfolio-image-large 2022 en-ecole-dingenieurs\"  data-id=\"7670\" data-type=\"2022 en-ecole-dingenieurs\"><div class=\"post-featured\">\t<div class=\"wbc-image-wrap\">\t\t<a href=\"https:\/\/www.prepas-fabert.com\/cpge\/portfolio\/que-faire-apres-une-classe-prepa-lucie-a-integre-lecole-des-ponts-paristech\/\"><img loading=\"lazy\" decoding=\"async\" width=\"1024\" height=\"1024\" src=\"https:\/\/www.prepas-fabert.com\/cpge\/wp-content\/uploads\/2023\/12\/Poster-square-Lucie-1024x1024.webp\" class=\"attachment-large size-large wp-post-image\" alt=\"\" srcset=\"https:\/\/www.prepas-fabert.com\/cpge\/wp-content\/uploads\/2023\/12\/Poster-square-Lucie-1024x1024.webp 1024w, https:\/\/www.prepas-fabert.com\/cpge\/wp-content\/uploads\/2023\/12\/Poster-square-Lucie-300x300.webp 300w, https:\/\/www.prepas-fabert.com\/cpge\/wp-content\/uploads\/2023\/12\/Poster-square-Lucie-150x150.webp 150w, https:\/\/www.prepas-fabert.com\/cpge\/wp-content\/uploads\/2023\/12\/Poster-square-Lucie-768x768.webp 768w, https:\/\/www.prepas-fabert.com\/cpge\/wp-content\/uploads\/2023\/12\/Poster-square-Lucie-500x500.webp 500w, https:\/\/www.prepas-fabert.com\/cpge\/wp-content\/uploads\/2023\/12\/Poster-square-Lucie-1000x1000.webp 1000w, https:\/\/www.prepas-fabert.com\/cpge\/wp-content\/uploads\/2023\/12\/Poster-square-Lucie-848x848.webp 848w, https:\/\/www.prepas-fabert.com\/cpge\/wp-content\/uploads\/2023\/12\/Poster-square-Lucie.webp 1080w\" sizes=\"auto, (max-width: 1024px) 100vw, 1024px\" \/>\t\t<\/a>\t\t<a class=\"item-link-overlay\" href=\"https:\/\/www.prepas-fabert.com\/cpge\/portfolio\/que-faire-apres-une-classe-prepa-lucie-a-integre-lecole-des-ponts-paristech\/\" ><\/a>\t\t<div class=\"wbc-extra-links\">\t\t<h4 class=\"item-title\" >Que faire apr\u00e8s une classe pr\u00e9pa ? Lucie a int\u00e9gr\u00e9 l&rsquo;\u00c9cole des Ponts &#8211; ParisTech<\/h4><div class=\"wbc-link-content\">\t\t\t<a href=\"https:\/\/www.prepas-fabert.com\/cpge\/portfolio\/que-faire-apres-une-classe-prepa-lucie-a-integre-lecole-des-ponts-paristech\/\" class=\"wbc-go-link\" ><i class=\"fa fa-link\"><\/i><\/a><\/div>\t\t<\/div>\t<\/div><\/div><div class=\"portfolio-text-wrap\" ><h4 class=\"portfolio-title entry-title\"><a href=\"https:\/\/www.prepas-fabert.com\/cpge\/portfolio\/que-faire-apres-une-classe-prepa-lucie-a-integre-lecole-des-ponts-paristech\/\">Que faire apr\u00e8s une classe pr\u00e9pa ? Lucie a int\u00e9gr\u00e9 l&rsquo;\u00c9cole des Ponts &#8211; ParisTech<\/a><\/h4><p>En terminale, je ne savais pas du tout ce que je voulais faire et [la pr\u00e9pa] \u00e9tait le mod\u00e8le d'\u00e9tudes qui m'offrirai...<\/p><\/div><\/div><div class=\"portfolio-item isotope-item portfolio-image-large etudiant-ecg\"  data-id=\"5322\" data-type=\"etudiant-ecg\"><div class=\"post-featured\">\t<div class=\"wbc-image-wrap\">\t\t<a href=\"https:\/\/www.prepas-fabert.com\/cpge\/portfolio\/envie-de-conserver-le-plus-de-matieres-possible-temoignage-darnaud-ec2-lycee-fabertfabert\/\"><img loading=\"lazy\" decoding=\"async\" width=\"750\" height=\"750\" src=\"https:\/\/www.prepas-fabert.com\/cpge\/wp-content\/uploads\/2021\/03\/Arnaud-square.jpg\" class=\"attachment-large size-large wp-post-image\" alt=\"\" srcset=\"https:\/\/www.prepas-fabert.com\/cpge\/wp-content\/uploads\/2021\/03\/Arnaud-square.jpg 750w, https:\/\/www.prepas-fabert.com\/cpge\/wp-content\/uploads\/2021\/03\/Arnaud-square-300x300.jpg 300w, https:\/\/www.prepas-fabert.com\/cpge\/wp-content\/uploads\/2021\/03\/Arnaud-square-150x150.jpg 150w, https:\/\/www.prepas-fabert.com\/cpge\/wp-content\/uploads\/2021\/03\/Arnaud-square-500x500.jpg 500w\" sizes=\"auto, (max-width: 750px) 100vw, 750px\" \/>\t\t<\/a>\t\t<a class=\"item-link-overlay\" href=\"https:\/\/www.prepas-fabert.com\/cpge\/portfolio\/envie-de-conserver-le-plus-de-matieres-possible-temoignage-darnaud-ec2-lycee-fabertfabert\/\" ><\/a>\t\t<div class=\"wbc-extra-links\">\t\t<h4 class=\"item-title\" >Envie de conserver le plus de mati\u00e8res possible ? T\u00e9moignage d&rsquo;Arnaud (EC2 Lyc\u00e9e FabertFabert)<\/h4><div class=\"wbc-link-content\">\t\t\t<a href=\"https:\/\/www.prepas-fabert.com\/cpge\/portfolio\/envie-de-conserver-le-plus-de-matieres-possible-temoignage-darnaud-ec2-lycee-fabertfabert\/\" class=\"wbc-go-link\" ><i class=\"fa fa-link\"><\/i><\/a><\/div>\t\t<\/div>\t<\/div><\/div><div class=\"portfolio-text-wrap\" ><h4 class=\"portfolio-title entry-title\"><a href=\"https:\/\/www.prepas-fabert.com\/cpge\/portfolio\/envie-de-conserver-le-plus-de-matieres-possible-temoignage-darnaud-ec2-lycee-fabertfabert\/\">Envie de conserver le plus de mati\u00e8res possible ? T\u00e9moignage d&rsquo;Arnaud (EC2 Lyc\u00e9e FabertFabert)<\/a><\/h4><p>[vc_row disable_element=\u00a0\u00bbyes\u00a0\u00bb row_type=\u00a0\u00bbfull_width\u00a0\u00bb type=\u00a0\u00bbcontainer\u00a0\u00bb p_top=\u00a0\u00bb55&Prime; bg_color=\u00a0\u00bb...<\/p><\/div><\/div><div class=\"portfolio-item isotope-item portfolio-image-large dans-le-monde-professionnel\"  data-id=\"5851\" data-type=\"dans-le-monde-professionnel\"><div class=\"post-featured\">\t<div class=\"wbc-image-wrap\">\t\t<a href=\"https:\/\/www.prepas-fabert.com\/cpge\/portfolio\/apprendre-a-etayer-et-nuancer-son-point-de-vue-temoignage-de-paul\/\"><img loading=\"lazy\" decoding=\"async\" width=\"711\" height=\"711\" src=\"https:\/\/www.prepas-fabert.com\/cpge\/wp-content\/uploads\/2021\/05\/PaulICN.jpg\" class=\"attachment-large size-large wp-post-image\" alt=\"\" srcset=\"https:\/\/www.prepas-fabert.com\/cpge\/wp-content\/uploads\/2021\/05\/PaulICN.jpg 711w, https:\/\/www.prepas-fabert.com\/cpge\/wp-content\/uploads\/2021\/05\/PaulICN-300x300.jpg 300w, https:\/\/www.prepas-fabert.com\/cpge\/wp-content\/uploads\/2021\/05\/PaulICN-150x150.jpg 150w, https:\/\/www.prepas-fabert.com\/cpge\/wp-content\/uploads\/2021\/05\/PaulICN-500x500.jpg 500w\" sizes=\"auto, (max-width: 711px) 100vw, 711px\" \/>\t\t<\/a>\t\t<a class=\"item-link-overlay\" href=\"https:\/\/www.prepas-fabert.com\/cpge\/portfolio\/apprendre-a-etayer-et-nuancer-son-point-de-vue-temoignage-de-paul\/\" ><\/a>\t\t<div class=\"wbc-extra-links\">\t\t<h4 class=\"item-title\" >Apprendre \u00e0 \u00e9tayer et nuancer son point de vue. T\u00e9moignage de Paul.<\/h4><div class=\"wbc-link-content\">\t\t\t<a href=\"https:\/\/www.prepas-fabert.com\/cpge\/portfolio\/apprendre-a-etayer-et-nuancer-son-point-de-vue-temoignage-de-paul\/\" class=\"wbc-go-link\" ><i class=\"fa fa-link\"><\/i><\/a><\/div>\t\t<\/div>\t<\/div><\/div><div class=\"portfolio-text-wrap\" ><h4 class=\"portfolio-title entry-title\"><a href=\"https:\/\/www.prepas-fabert.com\/cpge\/portfolio\/apprendre-a-etayer-et-nuancer-son-point-de-vue-temoignage-de-paul\/\">Apprendre \u00e0 \u00e9tayer et nuancer son point de vue. T\u00e9moignage de Paul.<\/a><\/h4><p>[vc_row row_type=\u00a0\u00bbfull_width\u00a0\u00bb type=\u00a0\u00bbcontainer\u00a0\u00bb p_top=\u00a0\u00bb55&Prime; bg_color=\u00a0\u00bb#ffffff\u00a0\u00bb][vc_column offse...<\/p><\/div><\/div><div class=\"portfolio-item isotope-item portfolio-image-large en-ecole-de-commerce-management\"  data-id=\"5131\" data-type=\"en-ecole-de-commerce-management\"><div class=\"post-featured\">\t<div class=\"wbc-image-wrap\">\t\t<a href=\"https:\/\/www.prepas-fabert.com\/cpge\/portfolio\/ce-qui-fait-le-caractere-unique-de-la-prepa-ec-temoignage-de-manoa\/\"><img loading=\"lazy\" decoding=\"async\" width=\"540\" height=\"540\" src=\"https:\/\/www.prepas-fabert.com\/cpge\/wp-content\/uploads\/2021\/03\/manoa-1.jpg\" class=\"attachment-large size-large wp-post-image\" alt=\"\" srcset=\"https:\/\/www.prepas-fabert.com\/cpge\/wp-content\/uploads\/2021\/03\/manoa-1.jpg 540w, https:\/\/www.prepas-fabert.com\/cpge\/wp-content\/uploads\/2021\/03\/manoa-1-300x300.jpg 300w, https:\/\/www.prepas-fabert.com\/cpge\/wp-content\/uploads\/2021\/03\/manoa-1-150x150.jpg 150w, https:\/\/www.prepas-fabert.com\/cpge\/wp-content\/uploads\/2021\/03\/manoa-1-500x500.jpg 500w\" sizes=\"auto, (max-width: 540px) 100vw, 540px\" \/>\t\t<\/a>\t\t<a class=\"item-link-overlay\" href=\"https:\/\/www.prepas-fabert.com\/cpge\/portfolio\/ce-qui-fait-le-caractere-unique-de-la-prepa-ec-temoignage-de-manoa\/\" ><\/a>\t\t<div class=\"wbc-extra-links\">\t\t<h4 class=\"item-title\" >[Vid\u00e9o] Ce qui fait le caract\u00e8re unique de la pr\u00e9pa EC ? T\u00e9moignage de Manoa (Toulouse Business School)<\/h4><div class=\"wbc-link-content\">\t\t\t<a href=\"https:\/\/www.prepas-fabert.com\/cpge\/portfolio\/ce-qui-fait-le-caractere-unique-de-la-prepa-ec-temoignage-de-manoa\/\" class=\"wbc-go-link\" ><i class=\"fa fa-link\"><\/i><\/a><\/div>\t\t<\/div>\t<\/div><\/div><div class=\"portfolio-text-wrap\" ><h4 class=\"portfolio-title entry-title\"><a href=\"https:\/\/www.prepas-fabert.com\/cpge\/portfolio\/ce-qui-fait-le-caractere-unique-de-la-prepa-ec-temoignage-de-manoa\/\">[Vid\u00e9o] Ce qui fait le caract\u00e8re unique de la pr\u00e9pa EC ? T\u00e9moignage de Manoa (Toulouse Business School)<\/a><\/h4><p>Aujourdhui je suis en derni\u00e8re ann\u00e9e d'\u00e9tude, en master 2. Je me sp\u00e9cialise dans le Big Data Marketing Management. [...<\/p><\/div><\/div><div class=\"portfolio-item isotope-item portfolio-image-large dans-le-monde-professionnel\"  data-id=\"5211\" data-type=\"dans-le-monde-professionnel\"><div class=\"post-featured\">\t<div class=\"wbc-image-wrap\">\t\t<a href=\"https:\/\/www.prepas-fabert.com\/cpge\/portfolio\/ma-matiere-preferee-en-prepa-ec-temoignage-de-justin-edhec\/\"><img loading=\"lazy\" decoding=\"async\" width=\"570\" height=\"570\" src=\"https:\/\/www.prepas-fabert.com\/cpge\/wp-content\/uploads\/2021\/03\/Justin-square2.jpeg\" class=\"attachment-large size-large wp-post-image\" alt=\"\" srcset=\"https:\/\/www.prepas-fabert.com\/cpge\/wp-content\/uploads\/2021\/03\/Justin-square2.jpeg 570w, https:\/\/www.prepas-fabert.com\/cpge\/wp-content\/uploads\/2021\/03\/Justin-square2-300x300.jpeg 300w, https:\/\/www.prepas-fabert.com\/cpge\/wp-content\/uploads\/2021\/03\/Justin-square2-150x150.jpeg 150w, https:\/\/www.prepas-fabert.com\/cpge\/wp-content\/uploads\/2021\/03\/Justin-square2-500x500.jpeg 500w\" sizes=\"auto, (max-width: 570px) 100vw, 570px\" \/>\t\t<\/a>\t\t<a class=\"item-link-overlay\" href=\"https:\/\/www.prepas-fabert.com\/cpge\/portfolio\/ma-matiere-preferee-en-prepa-ec-temoignage-de-justin-edhec\/\" ><\/a>\t\t<div class=\"wbc-extra-links\">\t\t<h4 class=\"item-title\" >[Vid\u00e9o] Ma mati\u00e8re pr\u00e9f\u00e9r\u00e9e en pr\u00e9pa EC ? T\u00e9moignage de Justin (EDHEC)<\/h4><div class=\"wbc-link-content\">\t\t\t<a href=\"https:\/\/www.prepas-fabert.com\/cpge\/portfolio\/ma-matiere-preferee-en-prepa-ec-temoignage-de-justin-edhec\/\" class=\"wbc-go-link\" ><i class=\"fa fa-link\"><\/i><\/a><\/div>\t\t<\/div>\t<\/div><\/div><div class=\"portfolio-text-wrap\" ><h4 class=\"portfolio-title entry-title\"><a href=\"https:\/\/www.prepas-fabert.com\/cpge\/portfolio\/ma-matiere-preferee-en-prepa-ec-temoignage-de-justin-edhec\/\">[Vid\u00e9o] Ma mati\u00e8re pr\u00e9f\u00e9r\u00e9e en pr\u00e9pa EC ? T\u00e9moignage de Justin (EDHEC)<\/a><\/h4><p>La g\u00e9opolitique \u00e9tait ma mati\u00e8re pr\u00e9f\u00e9r\u00e9e. Cette mati\u00e8re permet de ne pas subir l'actualit\u00e9, de prendre du recul...<\/p><\/div><\/div><div class=\"portfolio-item isotope-item portfolio-image-large en-ecole-dingenieurs\"  data-id=\"5298\" data-type=\"en-ecole-dingenieurs\"><div class=\"post-featured\">\t<div class=\"wbc-image-wrap\">\t\t<a href=\"https:\/\/www.prepas-fabert.com\/cpge\/portfolio\/ingenieur-architecte-un-cursus-qui-me-passionne-temoignage-de-chloe\/\"><img loading=\"lazy\" decoding=\"async\" width=\"760\" height=\"760\" src=\"https:\/\/www.prepas-fabert.com\/cpge\/wp-content\/uploads\/2021\/03\/Video-Chloe-square.jpg\" class=\"attachment-large size-large wp-post-image\" alt=\"\" srcset=\"https:\/\/www.prepas-fabert.com\/cpge\/wp-content\/uploads\/2021\/03\/Video-Chloe-square.jpg 760w, https:\/\/www.prepas-fabert.com\/cpge\/wp-content\/uploads\/2021\/03\/Video-Chloe-square-300x300.jpg 300w, https:\/\/www.prepas-fabert.com\/cpge\/wp-content\/uploads\/2021\/03\/Video-Chloe-square-150x150.jpg 150w, https:\/\/www.prepas-fabert.com\/cpge\/wp-content\/uploads\/2021\/03\/Video-Chloe-square-500x500.jpg 500w\" sizes=\"auto, (max-width: 760px) 100vw, 760px\" \/>\t\t<\/a>\t\t<a class=\"item-link-overlay\" href=\"https:\/\/www.prepas-fabert.com\/cpge\/portfolio\/ingenieur-architecte-un-cursus-qui-me-passionne-temoignage-de-chloe\/\" ><\/a>\t\t<div class=\"wbc-extra-links\">\t\t<h4 class=\"item-title\" >[Vid\u00e9o] ING\u00c9NIEUR-ARCHITECTE : un cursus qui me passionne ! T\u00e9moignage de Chlo\u00e9 (EIVP)<\/h4><div class=\"wbc-link-content\">\t\t\t<a href=\"https:\/\/www.prepas-fabert.com\/cpge\/portfolio\/ingenieur-architecte-un-cursus-qui-me-passionne-temoignage-de-chloe\/\" class=\"wbc-go-link\" ><i class=\"fa fa-link\"><\/i><\/a><\/div>\t\t<\/div>\t<\/div><\/div><div class=\"portfolio-text-wrap\" ><h4 class=\"portfolio-title entry-title\"><a href=\"https:\/\/www.prepas-fabert.com\/cpge\/portfolio\/ingenieur-architecte-un-cursus-qui-me-passionne-temoignage-de-chloe\/\">[Vid\u00e9o] ING\u00c9NIEUR-ARCHITECTE : un cursus qui me passionne ! T\u00e9moignage de Chlo\u00e9 (EIVP)<\/a><\/h4><p>[vc_row row_type=\u00a0\u00bbfull_width\u00a0\u00bb type=\u00a0\u00bbcontainer\u00a0\u00bb p_top=\u00a0\u00bb55&Prime; bg_color=\u00a0\u00bb#ffffff\u00a0\u00bb][vc_column][vc_g...<\/p><\/div><\/div><div class=\"portfolio-item isotope-item portfolio-image-large 2022 en-ecole-dingenieurs\"  data-id=\"7969\" data-type=\"2022 en-ecole-dingenieurs\"><div class=\"post-featured\">\t<div class=\"wbc-image-wrap\">\t\t<a href=\"https:\/\/www.prepas-fabert.com\/cpge\/portfolio\/que-faire-apres-une-classe-prepa-axel-a-integre-lens-rennes\/\"><img loading=\"lazy\" decoding=\"async\" width=\"1080\" height=\"1080\" src=\"https:\/\/www.prepas-fabert.com\/cpge\/wp-content\/uploads\/2024\/10\/Poster-AXEL-square.png\" class=\"attachment-large size-large wp-post-image\" alt=\"\" srcset=\"https:\/\/www.prepas-fabert.com\/cpge\/wp-content\/uploads\/2024\/10\/Poster-AXEL-square.png 1080w, https:\/\/www.prepas-fabert.com\/cpge\/wp-content\/uploads\/2024\/10\/Poster-AXEL-square-300x300.png 300w, https:\/\/www.prepas-fabert.com\/cpge\/wp-content\/uploads\/2024\/10\/Poster-AXEL-square-150x150.png 150w, https:\/\/www.prepas-fabert.com\/cpge\/wp-content\/uploads\/2024\/10\/Poster-AXEL-square-768x768.png 768w, https:\/\/www.prepas-fabert.com\/cpge\/wp-content\/uploads\/2024\/10\/Poster-AXEL-square-500x500.png 500w, https:\/\/www.prepas-fabert.com\/cpge\/wp-content\/uploads\/2024\/10\/Poster-AXEL-square-1000x1000.png 1000w, https:\/\/www.prepas-fabert.com\/cpge\/wp-content\/uploads\/2024\/10\/Poster-AXEL-square-848x848.png 848w\" sizes=\"auto, (max-width: 1080px) 100vw, 1080px\" \/>\t\t<\/a>\t\t<a class=\"item-link-overlay\" href=\"https:\/\/www.prepas-fabert.com\/cpge\/portfolio\/que-faire-apres-une-classe-prepa-axel-a-integre-lens-rennes\/\" ><\/a>\t\t<div class=\"wbc-extra-links\">\t\t<h4 class=\"item-title\" >Que faire apr\u00e8s une classe pr\u00e9pa ? Axel a int\u00e9gr\u00e9 l&rsquo;ENS Rennes<\/h4><div class=\"wbc-link-content\">\t\t\t<a href=\"https:\/\/www.prepas-fabert.com\/cpge\/portfolio\/que-faire-apres-une-classe-prepa-axel-a-integre-lens-rennes\/\" class=\"wbc-go-link\" ><i class=\"fa fa-link\"><\/i><\/a><\/div>\t\t<\/div>\t<\/div><\/div><div class=\"portfolio-text-wrap\" ><h4 class=\"portfolio-title entry-title\"><a href=\"https:\/\/www.prepas-fabert.com\/cpge\/portfolio\/que-faire-apres-une-classe-prepa-axel-a-integre-lens-rennes\/\">Que faire apr\u00e8s une classe pr\u00e9pa ? Axel a int\u00e9gr\u00e9 l&rsquo;ENS Rennes<\/a><\/h4><p>L'ambiance de classe \u00e9tait vraiment impressionnante, c'\u00e9tait tr\u00e8s convivial. Ici, tout le monde s'entraidait et cela...<\/p><\/div><\/div><div class=\"portfolio-item isotope-item portfolio-image-large en-ecole-dingenieurs\"  data-id=\"5262\" data-type=\"en-ecole-dingenieurs\"><div class=\"post-featured\">\t<div class=\"wbc-image-wrap\">\t\t<a href=\"https:\/\/www.prepas-fabert.com\/cpge\/portfolio\/besoin-d-etre-encadre\/\"><img loading=\"lazy\" decoding=\"async\" width=\"750\" height=\"750\" src=\"https:\/\/www.prepas-fabert.com\/cpge\/wp-content\/uploads\/2021\/03\/Hugo-square.jpeg\" class=\"attachment-large size-large wp-post-image\" alt=\"\" srcset=\"https:\/\/www.prepas-fabert.com\/cpge\/wp-content\/uploads\/2021\/03\/Hugo-square.jpeg 750w, https:\/\/www.prepas-fabert.com\/cpge\/wp-content\/uploads\/2021\/03\/Hugo-square-300x300.jpeg 300w, https:\/\/www.prepas-fabert.com\/cpge\/wp-content\/uploads\/2021\/03\/Hugo-square-150x150.jpeg 150w, https:\/\/www.prepas-fabert.com\/cpge\/wp-content\/uploads\/2021\/03\/Hugo-square-500x500.jpeg 500w\" sizes=\"auto, (max-width: 750px) 100vw, 750px\" \/>\t\t<\/a>\t\t<a class=\"item-link-overlay\" href=\"https:\/\/www.prepas-fabert.com\/cpge\/portfolio\/besoin-d-etre-encadre\/\" ><\/a>\t\t<div class=\"wbc-extra-links\">\t\t<h4 class=\"item-title\" >[Vid\u00e9o] Besoin d&rsquo;\u00eatre encadr\u00e9 ? T\u00e9moignage d&rsquo;Hugo (IMT Mines Al\u00e8s)<\/h4><div class=\"wbc-link-content\">\t\t\t<a href=\"https:\/\/www.prepas-fabert.com\/cpge\/portfolio\/besoin-d-etre-encadre\/\" class=\"wbc-go-link\" ><i class=\"fa fa-link\"><\/i><\/a><\/div>\t\t<\/div>\t<\/div><\/div><div class=\"portfolio-text-wrap\" ><h4 class=\"portfolio-title entry-title\"><a href=\"https:\/\/www.prepas-fabert.com\/cpge\/portfolio\/besoin-d-etre-encadre\/\">[Vid\u00e9o] Besoin d&rsquo;\u00eatre encadr\u00e9 ? T\u00e9moignage d&rsquo;Hugo (IMT Mines Al\u00e8s)<\/a><\/h4><p>[vc_row row_type=\u00a0\u00bbfull_width\u00a0\u00bb type=\u00a0\u00bbcontainer\u00a0\u00bb p_top=\u00a0\u00bb55&Prime; bg_color=\u00a0\u00bb#ffffff\u00a0\u00bb][vc_column][vc_g...<\/p><\/div><\/div><div class=\"portfolio-item isotope-item portfolio-image-large dans-le-monde-professionnel\"  data-id=\"5585\" data-type=\"dans-le-monde-professionnel\"><div class=\"post-featured\">\t<div class=\"wbc-image-wrap\">\t\t<a href=\"https:\/\/www.prepas-fabert.com\/cpge\/portfolio\/les-profs-de-vrais-coachs-temoignage-de-louise-audencia\/\"><img loading=\"lazy\" decoding=\"async\" width=\"581\" height=\"581\" src=\"https:\/\/www.prepas-fabert.com\/cpge\/wp-content\/uploads\/2021\/04\/Louise-square.jpg\" class=\"attachment-large size-large wp-post-image\" alt=\"\" srcset=\"https:\/\/www.prepas-fabert.com\/cpge\/wp-content\/uploads\/2021\/04\/Louise-square.jpg 581w, https:\/\/www.prepas-fabert.com\/cpge\/wp-content\/uploads\/2021\/04\/Louise-square-300x300.jpg 300w, https:\/\/www.prepas-fabert.com\/cpge\/wp-content\/uploads\/2021\/04\/Louise-square-150x150.jpg 150w, https:\/\/www.prepas-fabert.com\/cpge\/wp-content\/uploads\/2021\/04\/Louise-square-500x500.jpg 500w\" sizes=\"auto, (max-width: 581px) 100vw, 581px\" \/>\t\t<\/a>\t\t<a class=\"item-link-overlay\" href=\"https:\/\/www.prepas-fabert.com\/cpge\/portfolio\/les-profs-de-vrais-coachs-temoignage-de-louise-audencia\/\" ><\/a>\t\t<div class=\"wbc-extra-links\">\t\t<h4 class=\"item-title\" >Les profs, de vrais coachs ? T\u00e9moignage de Louise (Audencia)<\/h4><div class=\"wbc-link-content\">\t\t\t<a href=\"https:\/\/www.prepas-fabert.com\/cpge\/portfolio\/les-profs-de-vrais-coachs-temoignage-de-louise-audencia\/\" class=\"wbc-go-link\" ><i class=\"fa fa-link\"><\/i><\/a><\/div>\t\t<\/div>\t<\/div><\/div><div class=\"portfolio-text-wrap\" ><h4 class=\"portfolio-title entry-title\"><a href=\"https:\/\/www.prepas-fabert.com\/cpge\/portfolio\/les-profs-de-vrais-coachs-temoignage-de-louise-audencia\/\">Les profs, de vrais coachs ? T\u00e9moignage de Louise (Audencia)<\/a><\/h4><p>[vc_row disable_element=\u00a0\u00bbyes\u00a0\u00bb row_type=\u00a0\u00bbfull_width\u00a0\u00bb type=\u00a0\u00bbcontainer\u00a0\u00bb p_top=\u00a0\u00bb55&Prime; bg_color=\u00a0\u00bb...<\/p><\/div><\/div><div class=\"portfolio-item isotope-item portfolio-image-large en-ecole-dingenieurs\"  data-id=\"4965\" data-type=\"en-ecole-dingenieurs\"><div class=\"post-featured\">\t<div class=\"wbc-image-wrap\">\t\t<a href=\"https:\/\/www.prepas-fabert.com\/cpge\/portfolio\/comment-devenir-plus-rigoureux-avoir-un-esprit-critique-temoignage-danne-marine\/\"><img loading=\"lazy\" decoding=\"async\" width=\"750\" height=\"749\" src=\"https:\/\/www.prepas-fabert.com\/cpge\/wp-content\/uploads\/2021\/03\/Youtube-Anne-Marine-carre.jpg\" class=\"attachment-large size-large wp-post-image\" alt=\"\" srcset=\"https:\/\/www.prepas-fabert.com\/cpge\/wp-content\/uploads\/2021\/03\/Youtube-Anne-Marine-carre.jpg 750w, https:\/\/www.prepas-fabert.com\/cpge\/wp-content\/uploads\/2021\/03\/Youtube-Anne-Marine-carre-300x300.jpg 300w, https:\/\/www.prepas-fabert.com\/cpge\/wp-content\/uploads\/2021\/03\/Youtube-Anne-Marine-carre-150x150.jpg 150w, https:\/\/www.prepas-fabert.com\/cpge\/wp-content\/uploads\/2021\/03\/Youtube-Anne-Marine-carre-500x500.jpg 500w\" sizes=\"auto, (max-width: 750px) 100vw, 750px\" \/>\t\t<\/a>\t\t<a class=\"item-link-overlay\" href=\"https:\/\/www.prepas-fabert.com\/cpge\/portfolio\/comment-devenir-plus-rigoureux-avoir-un-esprit-critique-temoignage-danne-marine\/\" ><\/a>\t\t<div class=\"wbc-extra-links\">\t\t<h4 class=\"item-title\" >[Vid\u00e9o] Comment devenir plus rigoureux, avoir un esprit critique ? T\u00e9moignage d&rsquo;Anne-Marine (EPF Troyes)<\/h4><div class=\"wbc-link-content\">\t\t\t<a href=\"https:\/\/www.prepas-fabert.com\/cpge\/portfolio\/comment-devenir-plus-rigoureux-avoir-un-esprit-critique-temoignage-danne-marine\/\" class=\"wbc-go-link\" ><i class=\"fa fa-link\"><\/i><\/a><\/div>\t\t<\/div>\t<\/div><\/div><div class=\"portfolio-text-wrap\" ><h4 class=\"portfolio-title entry-title\"><a href=\"https:\/\/www.prepas-fabert.com\/cpge\/portfolio\/comment-devenir-plus-rigoureux-avoir-un-esprit-critique-temoignage-danne-marine\/\">[Vid\u00e9o] Comment devenir plus rigoureux, avoir un esprit critique ? T\u00e9moignage d&rsquo;Anne-Marine (EPF Troyes)<\/a><\/h4><p>Vas-y, lance-toi ! La pr\u00e9pa, ce n'est pas uniquement un enseignement pouss\u00e9 et des connaissances scientifiques, mais c...<\/p><\/div><\/div><div class=\"portfolio-item isotope-item portfolio-image-large en-ecole-dingenieurs\"  data-id=\"4918\" data-type=\"en-ecole-dingenieurs\"><div class=\"post-featured\">\t<div class=\"wbc-image-wrap\">\t\t<a href=\"https:\/\/www.prepas-fabert.com\/cpge\/portfolio\/la-prepa-a-ete-la-voie-la-plus-logique-temoignage-dahmed-telecom-sudparis\/\"><img loading=\"lazy\" decoding=\"async\" width=\"760\" height=\"760\" src=\"https:\/\/www.prepas-fabert.com\/cpge\/wp-content\/uploads\/2021\/01\/Ahmed-TSOROEV-sqaure.jpg\" class=\"attachment-large size-large wp-post-image\" alt=\"\" srcset=\"https:\/\/www.prepas-fabert.com\/cpge\/wp-content\/uploads\/2021\/01\/Ahmed-TSOROEV-sqaure.jpg 760w, https:\/\/www.prepas-fabert.com\/cpge\/wp-content\/uploads\/2021\/01\/Ahmed-TSOROEV-sqaure-300x300.jpg 300w, https:\/\/www.prepas-fabert.com\/cpge\/wp-content\/uploads\/2021\/01\/Ahmed-TSOROEV-sqaure-150x150.jpg 150w, https:\/\/www.prepas-fabert.com\/cpge\/wp-content\/uploads\/2021\/01\/Ahmed-TSOROEV-sqaure-500x500.jpg 500w\" sizes=\"auto, (max-width: 760px) 100vw, 760px\" \/>\t\t<\/a>\t\t<a class=\"item-link-overlay\" href=\"https:\/\/www.prepas-fabert.com\/cpge\/portfolio\/la-prepa-a-ete-la-voie-la-plus-logique-temoignage-dahmed-telecom-sudparis\/\" ><\/a>\t\t<div class=\"wbc-extra-links\">\t\t<h4 class=\"item-title\" >[Vid\u00e9o] \u00ab\u00a0La pr\u00e9pa a \u00e9t\u00e9 la voie la plus logique\u00a0\u00bb : t\u00e9moignage d&rsquo;Ahmed (Telecom SudParis)<\/h4><div class=\"wbc-link-content\">\t\t\t<a href=\"https:\/\/www.prepas-fabert.com\/cpge\/portfolio\/la-prepa-a-ete-la-voie-la-plus-logique-temoignage-dahmed-telecom-sudparis\/\" class=\"wbc-go-link\" ><i class=\"fa fa-link\"><\/i><\/a><\/div>\t\t<\/div>\t<\/div><\/div><div class=\"portfolio-text-wrap\" ><h4 class=\"portfolio-title entry-title\"><a href=\"https:\/\/www.prepas-fabert.com\/cpge\/portfolio\/la-prepa-a-ete-la-voie-la-plus-logique-temoignage-dahmed-telecom-sudparis\/\">[Vid\u00e9o] \u00ab\u00a0La pr\u00e9pa a \u00e9t\u00e9 la voie la plus logique\u00a0\u00bb : t\u00e9moignage d&rsquo;Ahmed (Telecom SudParis)<\/a><\/h4><p>Pour moi, la pr\u00e9pa a \u00e9t\u00e9 la voie logique : j'aimais beaucoup les sciences et je savais que je voulais devenir ing\u00e9ni...<\/p><\/div><\/div><div class=\"portfolio-item isotope-item portfolio-image-large dans-le-monde-professionnel\"  data-id=\"5412\" data-type=\"dans-le-monde-professionnel\"><div class=\"post-featured\">\t<div class=\"wbc-image-wrap\">\t\t<a href=\"https:\/\/www.prepas-fabert.com\/cpge\/portfolio\/video-etre-pousse-dans-ses-retranchements-temoignage-de-baptiste-hec\/\"><img loading=\"lazy\" decoding=\"async\" width=\"1024\" height=\"1024\" src=\"https:\/\/www.prepas-fabert.com\/cpge\/wp-content\/uploads\/2021\/04\/Video-Baptiste-square-1024x1024.jpg\" class=\"attachment-large size-large wp-post-image\" alt=\"\" srcset=\"https:\/\/www.prepas-fabert.com\/cpge\/wp-content\/uploads\/2021\/04\/Video-Baptiste-square-1024x1024.jpg 1024w, https:\/\/www.prepas-fabert.com\/cpge\/wp-content\/uploads\/2021\/04\/Video-Baptiste-square-300x300.jpg 300w, https:\/\/www.prepas-fabert.com\/cpge\/wp-content\/uploads\/2021\/04\/Video-Baptiste-square-150x150.jpg 150w, https:\/\/www.prepas-fabert.com\/cpge\/wp-content\/uploads\/2021\/04\/Video-Baptiste-square-768x767.jpg 768w, https:\/\/www.prepas-fabert.com\/cpge\/wp-content\/uploads\/2021\/04\/Video-Baptiste-square-500x500.jpg 500w, https:\/\/www.prepas-fabert.com\/cpge\/wp-content\/uploads\/2021\/04\/Video-Baptiste-square-1000x1000.jpg 1000w, https:\/\/www.prepas-fabert.com\/cpge\/wp-content\/uploads\/2021\/04\/Video-Baptiste-square-1140x1139.jpg 1140w, https:\/\/www.prepas-fabert.com\/cpge\/wp-content\/uploads\/2021\/04\/Video-Baptiste-square-848x847.jpg 848w, https:\/\/www.prepas-fabert.com\/cpge\/wp-content\/uploads\/2021\/04\/Video-Baptiste-square.jpg 1190w\" sizes=\"auto, (max-width: 1024px) 100vw, 1024px\" \/>\t\t<\/a>\t\t<a class=\"item-link-overlay\" href=\"https:\/\/www.prepas-fabert.com\/cpge\/portfolio\/video-etre-pousse-dans-ses-retranchements-temoignage-de-baptiste-hec\/\" ><\/a>\t\t<div class=\"wbc-extra-links\">\t\t<h4 class=\"item-title\" >[Vid\u00e9o] \u00catre pouss\u00e9 dans ses retranchements ? T\u00e9moignage de Baptiste (HEC)<\/h4><div class=\"wbc-link-content\">\t\t\t<a href=\"https:\/\/www.prepas-fabert.com\/cpge\/portfolio\/video-etre-pousse-dans-ses-retranchements-temoignage-de-baptiste-hec\/\" class=\"wbc-go-link\" ><i class=\"fa fa-link\"><\/i><\/a><\/div>\t\t<\/div>\t<\/div><\/div><div class=\"portfolio-text-wrap\" ><h4 class=\"portfolio-title entry-title\"><a href=\"https:\/\/www.prepas-fabert.com\/cpge\/portfolio\/video-etre-pousse-dans-ses-retranchements-temoignage-de-baptiste-hec\/\">[Vid\u00e9o] \u00catre pouss\u00e9 dans ses retranchements ? T\u00e9moignage de Baptiste (HEC)<\/a><\/h4><p>[vc_row disable_element=\u00a0\u00bbyes\u00a0\u00bb row_type=\u00a0\u00bbfull_width\u00a0\u00bb type=\u00a0\u00bbcontainer\u00a0\u00bb p_top=\u00a0\u00bb55&Prime; bg_color=\u00a0\u00bb...<\/p><\/div><\/div><div class=\"portfolio-item isotope-item portfolio-image-large dans-le-monde-professionnel\"  data-id=\"5568\" data-type=\"dans-le-monde-professionnel\"><div class=\"post-featured\">\t<div class=\"wbc-image-wrap\">\t\t<a href=\"https:\/\/www.prepas-fabert.com\/cpge\/portfolio\/la-prepa-une-ouverture-sur-le-monde-temoignage-de-pierre-neoma\/\"><img loading=\"lazy\" decoding=\"async\" width=\"610\" height=\"610\" src=\"https:\/\/www.prepas-fabert.com\/cpge\/wp-content\/uploads\/2021\/04\/PierreJ-slider.jpg\" class=\"attachment-large size-large wp-post-image\" alt=\"\" srcset=\"https:\/\/www.prepas-fabert.com\/cpge\/wp-content\/uploads\/2021\/04\/PierreJ-slider.jpg 610w, https:\/\/www.prepas-fabert.com\/cpge\/wp-content\/uploads\/2021\/04\/PierreJ-slider-300x300.jpg 300w, https:\/\/www.prepas-fabert.com\/cpge\/wp-content\/uploads\/2021\/04\/PierreJ-slider-150x150.jpg 150w, https:\/\/www.prepas-fabert.com\/cpge\/wp-content\/uploads\/2021\/04\/PierreJ-slider-500x500.jpg 500w\" sizes=\"auto, (max-width: 610px) 100vw, 610px\" \/>\t\t<\/a>\t\t<a class=\"item-link-overlay\" href=\"https:\/\/www.prepas-fabert.com\/cpge\/portfolio\/la-prepa-une-ouverture-sur-le-monde-temoignage-de-pierre-neoma\/\" ><\/a>\t\t<div class=\"wbc-extra-links\">\t\t<h4 class=\"item-title\" >La pr\u00e9pa, une ouverture sur le monde ? T\u00e9moignage de Pierre (Neoma)<\/h4><div class=\"wbc-link-content\">\t\t\t<a href=\"https:\/\/www.prepas-fabert.com\/cpge\/portfolio\/la-prepa-une-ouverture-sur-le-monde-temoignage-de-pierre-neoma\/\" class=\"wbc-go-link\" ><i class=\"fa fa-link\"><\/i><\/a><\/div>\t\t<\/div>\t<\/div><\/div><div class=\"portfolio-text-wrap\" ><h4 class=\"portfolio-title entry-title\"><a href=\"https:\/\/www.prepas-fabert.com\/cpge\/portfolio\/la-prepa-une-ouverture-sur-le-monde-temoignage-de-pierre-neoma\/\">La pr\u00e9pa, une ouverture sur le monde ? T\u00e9moignage de Pierre (Neoma)<\/a><\/h4><p>[vc_row disable_element=\u00a0\u00bbyes\u00a0\u00bb row_type=\u00a0\u00bbfull_width\u00a0\u00bb type=\u00a0\u00bbcontainer\u00a0\u00bb p_top=\u00a0\u00bb55&Prime; bg_color=\u00a0\u00bb...<\/p><\/div><\/div><div class=\"portfolio-item isotope-item portfolio-image-large 2023 en-ecole-dingenieurs etudiant-pc-pc-psi-mp-mp pcsi-pc-pc\"  data-id=\"8027\" data-type=\"2023 en-ecole-dingenieurs etudiant-pc-pc-psi-mp-mp pcsi-pc-pc\"><div class=\"post-featured\">\t<div class=\"wbc-image-wrap\">\t\t<a href=\"https:\/\/www.prepas-fabert.com\/cpge\/portfolio\/que-faire-apres-une-classe-prepa-amandine-a-integre-imt-nord-europe\/\"><img loading=\"lazy\" decoding=\"async\" width=\"1080\" height=\"1080\" src=\"https:\/\/www.prepas-fabert.com\/cpge\/wp-content\/uploads\/2024\/12\/Poster-AMANDINE-square.webp\" class=\"attachment-large size-large wp-post-image\" alt=\"\" srcset=\"https:\/\/www.prepas-fabert.com\/cpge\/wp-content\/uploads\/2024\/12\/Poster-AMANDINE-square.webp 1080w, https:\/\/www.prepas-fabert.com\/cpge\/wp-content\/uploads\/2024\/12\/Poster-AMANDINE-square-300x300.webp 300w, https:\/\/www.prepas-fabert.com\/cpge\/wp-content\/uploads\/2024\/12\/Poster-AMANDINE-square-150x150.webp 150w, https:\/\/www.prepas-fabert.com\/cpge\/wp-content\/uploads\/2024\/12\/Poster-AMANDINE-square-768x768.webp 768w, https:\/\/www.prepas-fabert.com\/cpge\/wp-content\/uploads\/2024\/12\/Poster-AMANDINE-square-500x500.webp 500w, https:\/\/www.prepas-fabert.com\/cpge\/wp-content\/uploads\/2024\/12\/Poster-AMANDINE-square-1000x1000.webp 1000w, https:\/\/www.prepas-fabert.com\/cpge\/wp-content\/uploads\/2024\/12\/Poster-AMANDINE-square-848x848.webp 848w\" sizes=\"auto, (max-width: 1080px) 100vw, 1080px\" \/>\t\t<\/a>\t\t<a class=\"item-link-overlay\" href=\"https:\/\/www.prepas-fabert.com\/cpge\/portfolio\/que-faire-apres-une-classe-prepa-amandine-a-integre-imt-nord-europe\/\" ><\/a>\t\t<div class=\"wbc-extra-links\">\t\t<h4 class=\"item-title\" >Que faire apr\u00e8s une classe pr\u00e9pa ? Amandine a int\u00e9gr\u00e9 IMT Nord Europe<\/h4><div class=\"wbc-link-content\">\t\t\t<a href=\"https:\/\/www.prepas-fabert.com\/cpge\/portfolio\/que-faire-apres-une-classe-prepa-amandine-a-integre-imt-nord-europe\/\" class=\"wbc-go-link\" ><i class=\"fa fa-link\"><\/i><\/a><\/div>\t\t<\/div>\t<\/div><\/div><div class=\"portfolio-text-wrap\" ><h4 class=\"portfolio-title entry-title\"><a href=\"https:\/\/www.prepas-fabert.com\/cpge\/portfolio\/que-faire-apres-une-classe-prepa-amandine-a-integre-imt-nord-europe\/\">Que faire apr\u00e8s une classe pr\u00e9pa ? Amandine a int\u00e9gr\u00e9 IMT Nord Europe<\/a><\/h4><p>D\u00e9couvrez le t\u00e9moignage d'Amandine sur son parcours en classe pr\u00e9paratoire, son exp\u00e9rience au lyc\u00e9e Fabert et son i...<\/p><\/div><\/div><div class=\"portfolio-item isotope-item portfolio-image-large 2022 en-ecole-dingenieurs etudiant-pc-pc-psi-mp-mp pcsi-pc-pc\"  data-id=\"7254\" data-type=\"2022 en-ecole-dingenieurs etudiant-pc-pc-psi-mp-mp pcsi-pc-pc\"><div class=\"post-featured\">\t<div class=\"wbc-image-wrap\">\t\t<a href=\"https:\/\/www.prepas-fabert.com\/cpge\/portfolio\/que-faire-apres-une-classe-prepa-aubin-a-integre-lenscm-chimie-montpellier\/\"><img loading=\"lazy\" decoding=\"async\" width=\"1024\" height=\"1024\" src=\"https:\/\/www.prepas-fabert.com\/cpge\/wp-content\/uploads\/2023\/02\/Poster-square-1024x1024.png\" class=\"attachment-large size-large wp-post-image\" alt=\"\" srcset=\"https:\/\/www.prepas-fabert.com\/cpge\/wp-content\/uploads\/2023\/02\/Poster-square-1024x1024.png 1024w, https:\/\/www.prepas-fabert.com\/cpge\/wp-content\/uploads\/2023\/02\/Poster-square-300x300.png 300w, https:\/\/www.prepas-fabert.com\/cpge\/wp-content\/uploads\/2023\/02\/Poster-square-150x150.png 150w, https:\/\/www.prepas-fabert.com\/cpge\/wp-content\/uploads\/2023\/02\/Poster-square-768x768.png 768w, https:\/\/www.prepas-fabert.com\/cpge\/wp-content\/uploads\/2023\/02\/Poster-square-500x500.png 500w, https:\/\/www.prepas-fabert.com\/cpge\/wp-content\/uploads\/2023\/02\/Poster-square-1000x1000.png 1000w, https:\/\/www.prepas-fabert.com\/cpge\/wp-content\/uploads\/2023\/02\/Poster-square-848x848.png 848w, https:\/\/www.prepas-fabert.com\/cpge\/wp-content\/uploads\/2023\/02\/Poster-square.png 1080w\" sizes=\"auto, (max-width: 1024px) 100vw, 1024px\" \/>\t\t<\/a>\t\t<a class=\"item-link-overlay\" href=\"https:\/\/www.prepas-fabert.com\/cpge\/portfolio\/que-faire-apres-une-classe-prepa-aubin-a-integre-lenscm-chimie-montpellier\/\" ><\/a>\t\t<div class=\"wbc-extra-links\">\t\t<h4 class=\"item-title\" >Que faire apr\u00e8s une classe pr\u00e9pa ? Aubin a int\u00e9gr\u00e9 l&rsquo;ENSCM (Chimie Montpellier)<\/h4><div class=\"wbc-link-content\">\t\t\t<a href=\"https:\/\/www.prepas-fabert.com\/cpge\/portfolio\/que-faire-apres-une-classe-prepa-aubin-a-integre-lenscm-chimie-montpellier\/\" class=\"wbc-go-link\" ><i class=\"fa fa-link\"><\/i><\/a><\/div>\t\t<\/div>\t<\/div><\/div><div class=\"portfolio-text-wrap\" ><h4 class=\"portfolio-title entry-title\"><a href=\"https:\/\/www.prepas-fabert.com\/cpge\/portfolio\/que-faire-apres-une-classe-prepa-aubin-a-integre-lenscm-chimie-montpellier\/\">Que faire apr\u00e8s une classe pr\u00e9pa ? Aubin a int\u00e9gr\u00e9 l&rsquo;ENSCM (Chimie Montpellier)<\/a><\/h4><p>L'ambiance en pr\u00e9pa au lyc\u00e9e FABERT ?\r\n-- L'ambiance est tr\u00e8s bonne. Les profs sont vraiment l\u00e0 pour nous accompagne...<\/p><\/div><\/div><div class=\"portfolio-item isotope-item portfolio-image-large etudiant-ecg\"  data-id=\"5695\" data-type=\"etudiant-ecg\"><div class=\"post-featured\">\t<div class=\"wbc-image-wrap\">\t\t<a href=\"https:\/\/www.prepas-fabert.com\/cpge\/portfolio\/avoir-un-vie-sociale-pour-reussir-en-prepa-temoignage-de-vincent\/\"><img loading=\"lazy\" decoding=\"async\" width=\"554\" height=\"554\" src=\"https:\/\/www.prepas-fabert.com\/cpge\/wp-content\/uploads\/2021\/05\/Vincent-slider.jpg\" class=\"attachment-large size-large wp-post-image\" alt=\"\" srcset=\"https:\/\/www.prepas-fabert.com\/cpge\/wp-content\/uploads\/2021\/05\/Vincent-slider.jpg 554w, https:\/\/www.prepas-fabert.com\/cpge\/wp-content\/uploads\/2021\/05\/Vincent-slider-300x300.jpg 300w, https:\/\/www.prepas-fabert.com\/cpge\/wp-content\/uploads\/2021\/05\/Vincent-slider-150x150.jpg 150w, https:\/\/www.prepas-fabert.com\/cpge\/wp-content\/uploads\/2021\/05\/Vincent-slider-500x500.jpg 500w\" sizes=\"auto, (max-width: 554px) 100vw, 554px\" \/>\t\t<\/a>\t\t<a class=\"item-link-overlay\" href=\"https:\/\/www.prepas-fabert.com\/cpge\/portfolio\/avoir-un-vie-sociale-pour-reussir-en-prepa-temoignage-de-vincent\/\" ><\/a>\t\t<div class=\"wbc-extra-links\">\t\t<h4 class=\"item-title\" >[Vid\u00e9o] Avoir un vie sociale pour r\u00e9ussir en pr\u00e9pa ? T\u00e9moignage de Vincent<\/h4><div class=\"wbc-link-content\">\t\t\t<a href=\"https:\/\/www.prepas-fabert.com\/cpge\/portfolio\/avoir-un-vie-sociale-pour-reussir-en-prepa-temoignage-de-vincent\/\" class=\"wbc-go-link\" ><i class=\"fa fa-link\"><\/i><\/a><\/div>\t\t<\/div>\t<\/div><\/div><div class=\"portfolio-text-wrap\" ><h4 class=\"portfolio-title entry-title\"><a href=\"https:\/\/www.prepas-fabert.com\/cpge\/portfolio\/avoir-un-vie-sociale-pour-reussir-en-prepa-temoignage-de-vincent\/\">[Vid\u00e9o] Avoir un vie sociale pour r\u00e9ussir en pr\u00e9pa ? T\u00e9moignage de Vincent<\/a><\/h4><p>Il faut surtout avoir des loisirs, pour ne pas rester tout le temps dans un environnement scolaire. Sortir, voir ses...<\/p><\/div><\/div><div class=\"portfolio-item isotope-item portfolio-image-large en-ecole-de-commerce-management\"  data-id=\"5382\" data-type=\"en-ecole-de-commerce-management\"><div class=\"post-featured\">\t<div class=\"wbc-image-wrap\">\t\t<a href=\"https:\/\/www.prepas-fabert.com\/cpge\/portfolio\/video-apprendre-a-franchir-les-obstacles-temoignage-de-julia-em-strasbourg\/\"><img loading=\"lazy\" decoding=\"async\" width=\"750\" height=\"750\" src=\"https:\/\/www.prepas-fabert.com\/cpge\/wp-content\/uploads\/2021\/03\/Julia-square.jpg\" class=\"attachment-large size-large wp-post-image\" alt=\"\" srcset=\"https:\/\/www.prepas-fabert.com\/cpge\/wp-content\/uploads\/2021\/03\/Julia-square.jpg 750w, https:\/\/www.prepas-fabert.com\/cpge\/wp-content\/uploads\/2021\/03\/Julia-square-300x300.jpg 300w, https:\/\/www.prepas-fabert.com\/cpge\/wp-content\/uploads\/2021\/03\/Julia-square-150x150.jpg 150w, https:\/\/www.prepas-fabert.com\/cpge\/wp-content\/uploads\/2021\/03\/Julia-square-500x500.jpg 500w\" sizes=\"auto, (max-width: 750px) 100vw, 750px\" \/>\t\t<\/a>\t\t<a class=\"item-link-overlay\" href=\"https:\/\/www.prepas-fabert.com\/cpge\/portfolio\/video-apprendre-a-franchir-les-obstacles-temoignage-de-julia-em-strasbourg\/\" ><\/a>\t\t<div class=\"wbc-extra-links\">\t\t<h4 class=\"item-title\" >[Vid\u00e9o] Apprendre \u00e0 franchir les obstacles. T\u00e9moignage de Julia (EM Strasbourg)<\/h4><div class=\"wbc-link-content\">\t\t\t<a href=\"https:\/\/www.prepas-fabert.com\/cpge\/portfolio\/video-apprendre-a-franchir-les-obstacles-temoignage-de-julia-em-strasbourg\/\" class=\"wbc-go-link\" ><i class=\"fa fa-link\"><\/i><\/a><\/div>\t\t<\/div>\t<\/div><\/div><div class=\"portfolio-text-wrap\" ><h4 class=\"portfolio-title entry-title\"><a href=\"https:\/\/www.prepas-fabert.com\/cpge\/portfolio\/video-apprendre-a-franchir-les-obstacles-temoignage-de-julia-em-strasbourg\/\">[Vid\u00e9o] Apprendre \u00e0 franchir les obstacles. T\u00e9moignage de Julia (EM Strasbourg)<\/a><\/h4><p>[vc_row disable_element=\u00a0\u00bbyes\u00a0\u00bb row_type=\u00a0\u00bbfull_width\u00a0\u00bb type=\u00a0\u00bbcontainer\u00a0\u00bb p_top=\u00a0\u00bb55&Prime; bg_color=\u00a0\u00bb...<\/p><\/div><\/div><div class=\"portfolio-item isotope-item portfolio-image-large dans-le-monde-professionnel\"  data-id=\"5138\" data-type=\"dans-le-monde-professionnel\"><div class=\"post-featured\">\t<div class=\"wbc-image-wrap\">\t\t<a href=\"https:\/\/www.prepas-fabert.com\/cpge\/portfolio\/souvrir-les-portes-dune-carriere-a-linternational-temoignage-de-dounia-escp-europe\/\"><img loading=\"lazy\" decoding=\"async\" width=\"750\" height=\"750\" src=\"https:\/\/www.prepas-fabert.com\/cpge\/wp-content\/uploads\/2021\/03\/dounia-1.png\" class=\"attachment-large size-large wp-post-image\" alt=\"\" srcset=\"https:\/\/www.prepas-fabert.com\/cpge\/wp-content\/uploads\/2021\/03\/dounia-1.png 750w, https:\/\/www.prepas-fabert.com\/cpge\/wp-content\/uploads\/2021\/03\/dounia-1-300x300.png 300w, https:\/\/www.prepas-fabert.com\/cpge\/wp-content\/uploads\/2021\/03\/dounia-1-150x150.png 150w, https:\/\/www.prepas-fabert.com\/cpge\/wp-content\/uploads\/2021\/03\/dounia-1-500x500.png 500w\" sizes=\"auto, (max-width: 750px) 100vw, 750px\" \/>\t\t<\/a>\t\t<a class=\"item-link-overlay\" href=\"https:\/\/www.prepas-fabert.com\/cpge\/portfolio\/souvrir-les-portes-dune-carriere-a-linternational-temoignage-de-dounia-escp-europe\/\" ><\/a>\t\t<div class=\"wbc-extra-links\">\t\t<h4 class=\"item-title\" >[Vid\u00e9o] S&rsquo;ouvrir les portes d&rsquo;une carri\u00e8re \u00e0 l&rsquo;international ? T\u00e9moignage de Dounia (ESCP Europe)<\/h4><div class=\"wbc-link-content\">\t\t\t<a href=\"https:\/\/www.prepas-fabert.com\/cpge\/portfolio\/souvrir-les-portes-dune-carriere-a-linternational-temoignage-de-dounia-escp-europe\/\" class=\"wbc-go-link\" ><i class=\"fa fa-link\"><\/i><\/a><\/div>\t\t<\/div>\t<\/div><\/div><div class=\"portfolio-text-wrap\" ><h4 class=\"portfolio-title entry-title\"><a href=\"https:\/\/www.prepas-fabert.com\/cpge\/portfolio\/souvrir-les-portes-dune-carriere-a-linternational-temoignage-de-dounia-escp-europe\/\">[Vid\u00e9o] S&rsquo;ouvrir les portes d&rsquo;une carri\u00e8re \u00e0 l&rsquo;international ? T\u00e9moignage de Dounia (ESCP Europe)<\/a><\/h4><p>Pour moi la pr\u00e9pa, c'est des  ann\u00e9es extraordinaires. On travaille beaucoup, mais on apprend \u00e9norm\u00e9ment, \u00e0 la fois...<\/p><\/div><\/div><\/div><div class=\"wbc-pagination-portfolio text-center\"><ul data-gallery-id=\"gal-0\" class=\"wbc-pagination\"><li><span aria-current=\"page\" class=\"page-numbers current\">1<\/span><\/li><li><a class=\"page-numbers\" href=\"https:\/\/www.prepas-fabert.com\/cpge\/wp-json\/wp\/v2\/pages\/4666\/page\/2\/\">2<\/a><\/li><li><a class=\"next page-numbers\" href=\"https:\/\/www.prepas-fabert.com\/cpge\/wp-json\/wp\/v2\/pages\/4666\/page\/2\/\">Suivant\u00a0\u00bb<\/a><\/li><\/ul><\/div><\/div>[\/vc_column][\/vc_row]\n<\/div>","protected":false},"excerpt":{"rendered":"<p>[vc_row row_type=\u00a0\u00bbfull_width\u00a0\u00bb type=\u00a0\u00bbfull_screen\u00a0\u00bb bg_select=\u00a0\u00bbbg_color_section\u00a0\u00bb fancy_row=\u00a0\u00bbbottom_band\u00a0\u00bb bg_color=\u00a0\u00bb#00a79d\u00a0\u00bb p_top=\u00a0\u00bb0&Prime; p_bottom=\u00a0\u00bb0&Prime; p_left=\u00a0\u00bb10&Prime; p_right=\u00a0\u00bb5&Prime; band_height=\u00a0\u00bb20&Prime; band_color=\u00a0\u00bb#e0e0e0&Prime;][vc_column width=\u00a0\u00bb1\/2&Prime; bg_image_postions=\u00a0\u00bbright center\u00a0\u00bb p_left=\u00a0\u00bb20&Prime; p_right=\u00a0\u00bb15&Prime; m_top=\u00a0\u00bb0&Prime; m_left=\u00a0\u00bb0&Prime; m_right=\u00a0\u00bb0&Prime; el_class=\u00a0\u00bbcolonneVertical\u00a0\u00bb offset=\u00a0\u00bbvc_hidden-xs\u00a0\u00bb][vc_empty_space height=\u00a0\u00bb10px\u00a0\u00bb][vc_single_image image=\u00a0\u00bb4678&Prime; img_size=\u00a0\u00bbfull\u00a0\u00bb alignment=\u00a0\u00bbcenter\u00a0\u00bb css_animation=\u00a0\u00bbslideInUp\u00a0\u00bb][\/vc_column][vc_column width=\u00a0\u00bb1\/2&Prime; content_align=\u00a0\u00bbtext-left\u00a0\u00bb p_left=\u00a0\u00bb30px\u00a0\u00bb p_right=\u00a0\u00bb10px\u00a0\u00bb][vc_empty_space height=\u00a0\u00bb100px\u00a0\u00bb][vc_empty_space height=\u00a0\u00bb80px\u00a0\u00bb][\/vc_column][\/vc_row][vc_row row_type=\u00a0\u00bbfull_width\u00a0\u00bb type=\u00a0\u00bbcontainer\u00a0\u00bb bg_select=\u00a0\u00bbbg_color_section\u00a0\u00bb border_color=\u00a0\u00bb#ffffff\u00a0\u00bb p_bottom=\u00a0\u00bb30&Prime; p_top=\u00a0\u00bb140&Prime; anchor=\u00a0\u00bbtop\u00a0\u00bb bg_color=\u00a0\u00bb#ffffff\u00a0\u00bb][vc_column][vc_row_inner][vc_column_inner width=\u00a0\u00bb1\/2&Prime;][vc_column_text] [\/vc_column_text][\/vc_column_inner][vc_column_inner width=\u00a0\u00bb1\/2&Prime;][vc_column_text] [\/vc_column_text][\/vc_column_inner][\/vc_row_inner][vc_empty_space height=\u00a0\u00bb48px\u00a0\u00bb][\/vc_column][\/vc_row]<\/p>\n","protected":false},"author":1,"featured_media":0,"parent":0,"menu_order":0,"comment_status":"closed","ping_status":"closed","template":"template-page-full.php","meta":{"footnotes":""},"class_list":["post-4666","page","type-page","status-publish","hentry"],"yoast_head":"<!-- This site is optimized with the Yoast SEO plugin v27.5 - https:\/\/yoast.com\/product\/yoast-seo-wordpress\/ -->\n<title>Quelques questions \u00e0 nos \u00e9tudiant(e)s [Vid\u00e9os] - Classes Pr\u00e9paratoires aux Grandes Ecoles - Lyc\u00e9e Fabert (Metz)<\/title>\n<meta name=\"description\" content=\"Quelques questions \u00e0 nos \u00e9tudiant(e)s [Vid\u00e9os] - Classes Pr\u00e9paratoires aux Grandes Ecoles - Lyc\u00e9e Fabert (Metz)\" \/>\n<meta name=\"robots\" content=\"index, follow, max-snippet:-1, max-image-preview:large, max-video-preview:-1\" \/>\n<link rel=\"canonical\" href=\"https:\/\/www.prepas-fabert.com\/cpge\/quelques-questions-reponses-en-video\/\" \/>\n<meta property=\"og:locale\" content=\"fr_FR\" \/>\n<meta property=\"og:type\" content=\"article\" \/>\n<meta property=\"og:title\" content=\"Quelques questions \u00e0 nos \u00e9tudiant(e)s [Vid\u00e9os] - Classes Pr\u00e9paratoires aux Grandes Ecoles - Lyc\u00e9e Fabert (Metz)\" \/>\n<meta property=\"og:description\" content=\"Quelques questions \u00e0 nos \u00e9tudiant(e)s [Vid\u00e9os] - Classes Pr\u00e9paratoires aux Grandes Ecoles - Lyc\u00e9e Fabert (Metz)\" \/>\n<meta property=\"og:url\" content=\"https:\/\/www.prepas-fabert.com\/cpge\/quelques-questions-reponses-en-video\/\" \/>\n<meta property=\"og:site_name\" content=\"Classes Pr\u00e9paratoires aux Grandes Ecoles - Lyc\u00e9e Fabert (Metz)\" \/>\n<meta property=\"article:publisher\" content=\"https:\/\/www.facebook.com\/cpgefabert\/\" \/>\n<meta property=\"article:modified_time\" content=\"2022-01-07T21:15:37+00:00\" \/>\n<meta property=\"og:image\" content=\"https:\/\/www.prepas-fabert.com\/cpge\/wp-content\/uploads\/2021\/03\/main.png\" \/>\n<meta name=\"twitter:card\" content=\"summary_large_image\" \/>\n<meta name=\"twitter:site\" content=\"@CPGEFabert\" \/>\n<meta name=\"twitter:label1\" content=\"Dur\u00e9e de lecture estim\u00e9e\" \/>\n\t<meta name=\"twitter:data1\" content=\"2 minutes\" \/>\n<script type=\"application\/ld+json\" class=\"yoast-schema-graph\">{\"@context\":\"https:\\\/\\\/schema.org\",\"@graph\":[{\"@type\":\"WebPage\",\"@id\":\"https:\\\/\\\/www.prepas-fabert.com\\\/cpge\\\/quelques-questions-reponses-en-video\\\/\",\"url\":\"https:\\\/\\\/www.prepas-fabert.com\\\/cpge\\\/quelques-questions-reponses-en-video\\\/\",\"name\":\"Quelques questions \u00e0 nos \u00e9tudiant(e)s [Vid\u00e9os] - Classes Pr\u00e9paratoires aux Grandes Ecoles - Lyc\u00e9e Fabert (Metz)\",\"isPartOf\":{\"@id\":\"https:\\\/\\\/www.prepas-fabert.com\\\/cpge\\\/#website\"},\"primaryImageOfPage\":{\"@id\":\"https:\\\/\\\/www.prepas-fabert.com\\\/cpge\\\/quelques-questions-reponses-en-video\\\/#primaryimage\"},\"image\":{\"@id\":\"https:\\\/\\\/www.prepas-fabert.com\\\/cpge\\\/quelques-questions-reponses-en-video\\\/#primaryimage\"},\"thumbnailUrl\":\"https:\\\/\\\/www.prepas-fabert.com\\\/cpge\\\/wp-content\\\/uploads\\\/2021\\\/03\\\/main.png\",\"datePublished\":\"2021-02-25T23:00:07+00:00\",\"dateModified\":\"2022-01-07T21:15:37+00:00\",\"description\":\"Quelques questions \u00e0 nos \u00e9tudiant(e)s [Vid\u00e9os] - Classes Pr\u00e9paratoires aux Grandes Ecoles - Lyc\u00e9e Fabert (Metz)\",\"breadcrumb\":{\"@id\":\"https:\\\/\\\/www.prepas-fabert.com\\\/cpge\\\/quelques-questions-reponses-en-video\\\/#breadcrumb\"},\"inLanguage\":\"fr-FR\",\"potentialAction\":[{\"@type\":\"ReadAction\",\"target\":[\"https:\\\/\\\/www.prepas-fabert.com\\\/cpge\\\/quelques-questions-reponses-en-video\\\/\"]}]},{\"@type\":\"ImageObject\",\"inLanguage\":\"fr-FR\",\"@id\":\"https:\\\/\\\/www.prepas-fabert.com\\\/cpge\\\/quelques-questions-reponses-en-video\\\/#primaryimage\",\"url\":\"https:\\\/\\\/www.prepas-fabert.com\\\/cpge\\\/wp-content\\\/uploads\\\/2021\\\/03\\\/main.png\",\"contentUrl\":\"https:\\\/\\\/www.prepas-fabert.com\\\/cpge\\\/wp-content\\\/uploads\\\/2021\\\/03\\\/main.png\",\"width\":267,\"height\":378},{\"@type\":\"BreadcrumbList\",\"@id\":\"https:\\\/\\\/www.prepas-fabert.com\\\/cpge\\\/quelques-questions-reponses-en-video\\\/#breadcrumb\",\"itemListElement\":[{\"@type\":\"ListItem\",\"position\":1,\"name\":\"Accueil\",\"item\":\"https:\\\/\\\/www.prepas-fabert.com\\\/cpge\\\/\"},{\"@type\":\"ListItem\",\"position\":2,\"name\":\"Quelques questions \u00e0 nos \u00e9tudiant(e)s [Vid\u00e9os]\"}]},{\"@type\":\"WebSite\",\"@id\":\"https:\\\/\\\/www.prepas-fabert.com\\\/cpge\\\/#website\",\"url\":\"https:\\\/\\\/www.prepas-fabert.com\\\/cpge\\\/\",\"name\":\"Classes Pr\u00e9paratoires aux Grandes Ecoles - Lyc\u00e9e Fabert (Metz)\",\"description\":\"Classes pr\u00e9pas scientifiques et \u00e9conomiques en Lorraine\",\"publisher\":{\"@id\":\"https:\\\/\\\/www.prepas-fabert.com\\\/cpge\\\/#organization\"},\"potentialAction\":[{\"@type\":\"SearchAction\",\"target\":{\"@type\":\"EntryPoint\",\"urlTemplate\":\"https:\\\/\\\/www.prepas-fabert.com\\\/cpge\\\/?s={search_term_string}\"},\"query-input\":{\"@type\":\"PropertyValueSpecification\",\"valueRequired\":true,\"valueName\":\"search_term_string\"}}],\"inLanguage\":\"fr-FR\"},{\"@type\":\"Organization\",\"@id\":\"https:\\\/\\\/www.prepas-fabert.com\\\/cpge\\\/#organization\",\"name\":\"CPGE du lyc\u00e9e Fabert (METZ)\",\"url\":\"https:\\\/\\\/www.prepas-fabert.com\\\/cpge\\\/\",\"logo\":{\"@type\":\"ImageObject\",\"inLanguage\":\"fr-FR\",\"@id\":\"https:\\\/\\\/www.prepas-fabert.com\\\/cpge\\\/#\\\/schema\\\/logo\\\/image\\\/\",\"url\":\"https:\\\/\\\/www.prepas-fabert.com\\\/cpge\\\/wp-content\\\/uploads\\\/2023\\\/03\\\/CPGEFABERT-2.png\",\"contentUrl\":\"https:\\\/\\\/www.prepas-fabert.com\\\/cpge\\\/wp-content\\\/uploads\\\/2023\\\/03\\\/CPGEFABERT-2.png\",\"width\":750,\"height\":750,\"caption\":\"CPGE du lyc\u00e9e Fabert (METZ)\"},\"image\":{\"@id\":\"https:\\\/\\\/www.prepas-fabert.com\\\/cpge\\\/#\\\/schema\\\/logo\\\/image\\\/\"},\"sameAs\":[\"https:\\\/\\\/www.facebook.com\\\/cpgefabert\\\/\",\"https:\\\/\\\/x.com\\\/CPGEFabert\",\"https:\\\/\\\/www.linkedin.com\\\/company\\\/lyc\u00e9e-fabert-metz-57\\\/mycompany\\\/\",\"https:\\\/\\\/www.youtube.com\\\/user\\\/CPGEfabert\\\/\",\"https:\\\/\\\/www.instagram.com\\\/cpgefabert\\\/\"]}]}<\/script>\n<!-- \/ Yoast SEO plugin. -->","yoast_head_json":{"title":"Quelques questions \u00e0 nos \u00e9tudiant(e)s [Vid\u00e9os] - Classes Pr\u00e9paratoires aux Grandes Ecoles - Lyc\u00e9e Fabert (Metz)","description":"Quelques questions \u00e0 nos \u00e9tudiant(e)s [Vid\u00e9os] - Classes Pr\u00e9paratoires aux Grandes Ecoles - Lyc\u00e9e Fabert (Metz)","robots":{"index":"index","follow":"follow","max-snippet":"max-snippet:-1","max-image-preview":"max-image-preview:large","max-video-preview":"max-video-preview:-1"},"canonical":"https:\/\/www.prepas-fabert.com\/cpge\/quelques-questions-reponses-en-video\/","og_locale":"fr_FR","og_type":"article","og_title":"Quelques questions \u00e0 nos \u00e9tudiant(e)s [Vid\u00e9os] - Classes Pr\u00e9paratoires aux Grandes Ecoles - Lyc\u00e9e Fabert (Metz)","og_description":"Quelques questions \u00e0 nos \u00e9tudiant(e)s [Vid\u00e9os] - Classes Pr\u00e9paratoires aux Grandes Ecoles - Lyc\u00e9e Fabert (Metz)","og_url":"https:\/\/www.prepas-fabert.com\/cpge\/quelques-questions-reponses-en-video\/","og_site_name":"Classes Pr\u00e9paratoires aux Grandes Ecoles - Lyc\u00e9e Fabert (Metz)","article_publisher":"https:\/\/www.facebook.com\/cpgefabert\/","article_modified_time":"2022-01-07T21:15:37+00:00","og_image":[{"url":"https:\/\/www.prepas-fabert.com\/cpge\/wp-content\/uploads\/2021\/03\/main.png","type":"","width":"","height":""}],"twitter_card":"summary_large_image","twitter_site":"@CPGEFabert","twitter_misc":{"Dur\u00e9e de lecture estim\u00e9e":"2 minutes"},"schema":{"@context":"https:\/\/schema.org","@graph":[{"@type":"WebPage","@id":"https:\/\/www.prepas-fabert.com\/cpge\/quelques-questions-reponses-en-video\/","url":"https:\/\/www.prepas-fabert.com\/cpge\/quelques-questions-reponses-en-video\/","name":"Quelques questions \u00e0 nos \u00e9tudiant(e)s [Vid\u00e9os] - Classes Pr\u00e9paratoires aux Grandes Ecoles - Lyc\u00e9e Fabert (Metz)","isPartOf":{"@id":"https:\/\/www.prepas-fabert.com\/cpge\/#website"},"primaryImageOfPage":{"@id":"https:\/\/www.prepas-fabert.com\/cpge\/quelques-questions-reponses-en-video\/#primaryimage"},"image":{"@id":"https:\/\/www.prepas-fabert.com\/cpge\/quelques-questions-reponses-en-video\/#primaryimage"},"thumbnailUrl":"https:\/\/www.prepas-fabert.com\/cpge\/wp-content\/uploads\/2021\/03\/main.png","datePublished":"2021-02-25T23:00:07+00:00","dateModified":"2022-01-07T21:15:37+00:00","description":"Quelques questions \u00e0 nos \u00e9tudiant(e)s [Vid\u00e9os] - Classes Pr\u00e9paratoires aux Grandes Ecoles - Lyc\u00e9e Fabert (Metz)","breadcrumb":{"@id":"https:\/\/www.prepas-fabert.com\/cpge\/quelques-questions-reponses-en-video\/#breadcrumb"},"inLanguage":"fr-FR","potentialAction":[{"@type":"ReadAction","target":["https:\/\/www.prepas-fabert.com\/cpge\/quelques-questions-reponses-en-video\/"]}]},{"@type":"ImageObject","inLanguage":"fr-FR","@id":"https:\/\/www.prepas-fabert.com\/cpge\/quelques-questions-reponses-en-video\/#primaryimage","url":"https:\/\/www.prepas-fabert.com\/cpge\/wp-content\/uploads\/2021\/03\/main.png","contentUrl":"https:\/\/www.prepas-fabert.com\/cpge\/wp-content\/uploads\/2021\/03\/main.png","width":267,"height":378},{"@type":"BreadcrumbList","@id":"https:\/\/www.prepas-fabert.com\/cpge\/quelques-questions-reponses-en-video\/#breadcrumb","itemListElement":[{"@type":"ListItem","position":1,"name":"Accueil","item":"https:\/\/www.prepas-fabert.com\/cpge\/"},{"@type":"ListItem","position":2,"name":"Quelques questions \u00e0 nos \u00e9tudiant(e)s [Vid\u00e9os]"}]},{"@type":"WebSite","@id":"https:\/\/www.prepas-fabert.com\/cpge\/#website","url":"https:\/\/www.prepas-fabert.com\/cpge\/","name":"Classes Pr\u00e9paratoires aux Grandes Ecoles - Lyc\u00e9e Fabert (Metz)","description":"Classes pr\u00e9pas scientifiques et \u00e9conomiques en Lorraine","publisher":{"@id":"https:\/\/www.prepas-fabert.com\/cpge\/#organization"},"potentialAction":[{"@type":"SearchAction","target":{"@type":"EntryPoint","urlTemplate":"https:\/\/www.prepas-fabert.com\/cpge\/?s={search_term_string}"},"query-input":{"@type":"PropertyValueSpecification","valueRequired":true,"valueName":"search_term_string"}}],"inLanguage":"fr-FR"},{"@type":"Organization","@id":"https:\/\/www.prepas-fabert.com\/cpge\/#organization","name":"CPGE du lyc\u00e9e Fabert (METZ)","url":"https:\/\/www.prepas-fabert.com\/cpge\/","logo":{"@type":"ImageObject","inLanguage":"fr-FR","@id":"https:\/\/www.prepas-fabert.com\/cpge\/#\/schema\/logo\/image\/","url":"https:\/\/www.prepas-fabert.com\/cpge\/wp-content\/uploads\/2023\/03\/CPGEFABERT-2.png","contentUrl":"https:\/\/www.prepas-fabert.com\/cpge\/wp-content\/uploads\/2023\/03\/CPGEFABERT-2.png","width":750,"height":750,"caption":"CPGE du lyc\u00e9e Fabert (METZ)"},"image":{"@id":"https:\/\/www.prepas-fabert.com\/cpge\/#\/schema\/logo\/image\/"},"sameAs":["https:\/\/www.facebook.com\/cpgefabert\/","https:\/\/x.com\/CPGEFabert","https:\/\/www.linkedin.com\/company\/lyc\u00e9e-fabert-metz-57\/mycompany\/","https:\/\/www.youtube.com\/user\/CPGEfabert\/","https:\/\/www.instagram.com\/cpgefabert\/"]}]}},"_links":{"self":[{"href":"https:\/\/www.prepas-fabert.com\/cpge\/wp-json\/wp\/v2\/pages\/4666","targetHints":{"allow":["GET"]}}],"collection":[{"href":"https:\/\/www.prepas-fabert.com\/cpge\/wp-json\/wp\/v2\/pages"}],"about":[{"href":"https:\/\/www.prepas-fabert.com\/cpge\/wp-json\/wp\/v2\/types\/page"}],"author":[{"embeddable":true,"href":"https:\/\/www.prepas-fabert.com\/cpge\/wp-json\/wp\/v2\/users\/1"}],"replies":[{"embeddable":true,"href":"https:\/\/www.prepas-fabert.com\/cpge\/wp-json\/wp\/v2\/comments?post=4666"}],"version-history":[{"count":2,"href":"https:\/\/www.prepas-fabert.com\/cpge\/wp-json\/wp\/v2\/pages\/4666\/revisions"}],"predecessor-version":[{"id":7733,"href":"https:\/\/www.prepas-fabert.com\/cpge\/wp-json\/wp\/v2\/pages\/4666\/revisions\/7733"}],"wp:attachment":[{"href":"https:\/\/www.prepas-fabert.com\/cpge\/wp-json\/wp\/v2\/media?parent=4666"}],"curies":[{"name":"wp","href":"https:\/\/api.w.org\/{rel}","templated":true}]}}