{"id":4899,"date":"2021-03-10T11:33:08","date_gmt":"2021-03-10T10:33:08","guid":{"rendered":"https:\/\/www.prepas-fabert.com\/cpge\/?page_id=4899"},"modified":"2022-01-08T16:41:27","modified_gmt":"2022-01-08T15:41:27","slug":"videos-de-la-filiere-scientifique-pcsi-mpsi-pc-psi-mp","status":"publish","type":"page","link":"https:\/\/www.prepas-fabert.com\/cpge\/videos-de-la-filiere-scientifique-pcsi-mpsi-pc-psi-mp\/","title":{"rendered":"Vid\u00e9os de la fili\u00e8re scientifique PCSI\/MPSI\/PC\/PC*\/PSI*\/MP\/MP*"},"content":{"rendered":"<div class=\"wpb-content-wrapper\">[vc_row row_type=\u00a0\u00bbfull_width\u00a0\u00bb type=\u00a0\u00bbfull_screen\u00a0\u00bb bg_select=\u00a0\u00bbbg_color_section\u00a0\u00bb fancy_row=\u00a0\u00bbbottom_band\u00a0\u00bb bg_color=\u00a0\u00bb#00a79d\u00a0\u00bb p_top=\u00a0\u00bb0&Prime; p_bottom=\u00a0\u00bb0&Prime; p_left=\u00a0\u00bb10&Prime; p_right=\u00a0\u00bb5&Prime; band_height=\u00a0\u00bb20&Prime; band_color=\u00a0\u00bb#e0e0e0&Prime;][vc_column width=\u00a0\u00bb1\/2&Prime; bg_image_postions=\u00a0\u00bbright center\u00a0\u00bb p_left=\u00a0\u00bb50&Prime; p_right=\u00a0\u00bb40&Prime; m_top=\u00a0\u00bb0&Prime; m_left=\u00a0\u00bb0&Prime; m_right=\u00a0\u00bb0&Prime; el_class=\u00a0\u00bbcolonneVertical\u00a0\u00bb offset=\u00a0\u00bbvc_hidden-xs\u00a0\u00bb][vc_empty_space height=\u00a0\u00bb30px\u00a0\u00bb][vc_single_image image=\u00a0\u00bb4678&Prime; img_size=\u00a0\u00bbfull\u00a0\u00bb alignment=\u00a0\u00bbcenter\u00a0\u00bb css_animation=\u00a0\u00bbfadeIn\u00a0\u00bb][\/vc_column][vc_column width=\u00a0\u00bb1\/2&Prime; content_align=\u00a0\u00bbtext-left\u00a0\u00bb p_left=\u00a0\u00bb30px\u00a0\u00bb p_right=\u00a0\u00bb10px\u00a0\u00bb][vc_empty_space height=\u00a0\u00bb120px\u00a0\u00bb]<div class=\"wbc-heading clearfix\"><h2 class=\"special-heading-2 sm-responsive-text-15 md-responsive-text-20\" style=\"font-size:20px;line-height:20px;letter-spacing:0px;color:#ffffff;text-align:left;max-width:850px;\">T\u00c9MOIGNAGES VID\u00c9OS<\/h2><\/div><div class=\"wbc-heading clearfix\"><h2 class=\"special-heading-1 xs-responsive-text-25 sm-responsive-text-35 md-responsive-text-40\" style=\"font-size:43px;line-height:50px;letter-spacing:0px;color:#ffffff;text-align:left;max-width:660px;\">QUELQUES QUESTIONS POS\u00c9ES \u00c0 NOS \u00c9TUDIANTES et \u00c9TUDIANTS<\/h2><\/div><div class=\"wbc-heading clearfix\"><h2 class=\"default-heading md-responsive-text-20\" style=\"font-size:23px;line-height:1.53486em;color:#ffffff;margin-bottom:55px;max-width:850px;\">La fili\u00e8re scientifique PC\/PC*\/PSI*\/MP\/MP*<\/h2><\/div><a style=\"font-size:15px;width:180px;margin-right:auto;margin-left:auto;padding-bottom:15px;padding-top:15px;\" class=\"wbc-button button btn-primary scrollable no-hover\" href=\"#top\" target=\"_self\"  >EN SAVOIR PLUS<\/a>[vc_empty_space height=\u00a0\u00bb80px\u00a0\u00bb][\/vc_column][\/vc_row][vc_row row_type=\u00a0\u00bbfull_width\u00a0\u00bb type=\u00a0\u00bbcontainer\u00a0\u00bb bg_select=\u00a0\u00bbbg_color_section\u00a0\u00bb border_color=\u00a0\u00bb#ffffff\u00a0\u00bb p_bottom=\u00a0\u00bb140&Prime; p_top=\u00a0\u00bb140&Prime; anchor=\u00a0\u00bbtop\u00a0\u00bb][vc_column]<div class=\"wbc-heading clearfix\"><h1 class=\"special-heading-1 sm-responsive-text-55\" style=\"font-size:60px;text-align:center;\">Toutes les vid\u00e9os de la <span class=\"wbc-color\" >fili\u00e8re scientifique<\/span><\/h1><\/div>[vc_empty_space height=\u00a0\u00bb48px\u00a0\u00bb]<div id=\"portfolio-0\" class=\"wbc-portfolio-wrapper ajaxed \"><div class=\"clearfix wbc-filter-wrap text-center\"><ul class=\"wbc-filter\" id=\"filter-0\"><li><a href=\"#\" data-filter-gallery=\"all\" class=\"button btn-primary selected\">Toutes les vid\u00e9os<\/a><\/li><li><a href=\"#\" data-filter-gallery=\"2022\" class=\"button btn-primary\" data-term-id=\"46\" data-term-count=\"12\">2022<\/a><\/li><li><a href=\"#\" data-filter-gallery=\"2023\" class=\"button btn-primary\" data-term-id=\"47\" data-term-count=\"3\">2023<\/a><\/li><li><a href=\"#\" data-filter-gallery=\"en-ecole-dingenieurs\" class=\"button btn-primary\" data-term-id=\"41\" data-term-count=\"19\">En \u00e9cole d'ing\u00e9nieurs<\/a><\/li><li><a href=\"#\" data-filter-gallery=\"etudiant-pc-pc-psi-mp-mp\" class=\"button btn-primary\" data-term-id=\"44\" data-term-count=\"5\">\u00c9tudiant PC\/PC*\/PSI*\/MP\/MP*<\/a><\/li><li><a href=\"#\" data-filter-gallery=\"pcsi-pc-pc\" class=\"button btn-primary\" data-term-id=\"25\" data-term-count=\"28\">PCSI-PC\/PC*<\/a><\/li><\/ul><\/div><span class=\"wbc-content-loader\"><i class=\"fa fa-spinner fa-spin\"><\/i><\/span><div id=\"gal-0\" class=\"wbc-portfolio-grid iso-type portfolio-4-cols gap-10\" data-layout-type=\"fitRows\"   data-x-large-screen=\"4\" data-large-screen=\"4\" data-small-screen=\"3\" data-x-small-screen=\"2\" ><div class=\"portfolio-item isotope-item portfolio-image-large 2023 en-ecole-dingenieurs etudiant-pc-pc-psi-mp-mp pcsi-pc-pc\"  data-id=\"8233\" data-type=\"2023 en-ecole-dingenieurs etudiant-pc-pc-psi-mp-mp pcsi-pc-pc\"><div class=\"post-featured\">\t<div class=\"wbc-image-wrap\">\t\t<a href=\"https:\/\/www.prepas-fabert.com\/cpge\/portfolio\/que-faire-apres-une-classe-prepa-nicolas-a-integre-lenseeiht-toulouse\/\"><img loading=\"lazy\" decoding=\"async\" width=\"1080\" height=\"1080\" src=\"https:\/\/www.prepas-fabert.com\/cpge\/wp-content\/uploads\/2025\/11\/Poster-Nicolas-square.png\" class=\"attachment-large size-large wp-post-image\" alt=\"\" srcset=\"https:\/\/www.prepas-fabert.com\/cpge\/wp-content\/uploads\/2025\/11\/Poster-Nicolas-square.png 1080w, https:\/\/www.prepas-fabert.com\/cpge\/wp-content\/uploads\/2025\/11\/Poster-Nicolas-square-300x300.png 300w, https:\/\/www.prepas-fabert.com\/cpge\/wp-content\/uploads\/2025\/11\/Poster-Nicolas-square-150x150.png 150w, https:\/\/www.prepas-fabert.com\/cpge\/wp-content\/uploads\/2025\/11\/Poster-Nicolas-square-768x768.png 768w, https:\/\/www.prepas-fabert.com\/cpge\/wp-content\/uploads\/2025\/11\/Poster-Nicolas-square-500x500.png 500w, https:\/\/www.prepas-fabert.com\/cpge\/wp-content\/uploads\/2025\/11\/Poster-Nicolas-square-1000x1000.png 1000w, https:\/\/www.prepas-fabert.com\/cpge\/wp-content\/uploads\/2025\/11\/Poster-Nicolas-square-848x848.png 848w\" sizes=\"auto, (max-width: 1080px) 100vw, 1080px\" \/>\t\t<\/a>\t\t<a class=\"item-link-overlay\" href=\"https:\/\/www.prepas-fabert.com\/cpge\/portfolio\/que-faire-apres-une-classe-prepa-nicolas-a-integre-lenseeiht-toulouse\/\" ><\/a>\t\t<div class=\"wbc-extra-links\">\t\t<h4 class=\"item-title\" >Que faire apr\u00e8s une classe pr\u00e9pa ? Nicolas a int\u00e9gr\u00e9 l&rsquo;ENSEEIHT (Toulouse)<\/h4><div class=\"wbc-link-content\">\t\t\t<a href=\"https:\/\/www.prepas-fabert.com\/cpge\/portfolio\/que-faire-apres-une-classe-prepa-nicolas-a-integre-lenseeiht-toulouse\/\" class=\"wbc-go-link\" ><i class=\"fa fa-link\"><\/i><\/a><\/div>\t\t<\/div>\t<\/div><\/div><div class=\"portfolio-text-wrap\" ><h4 class=\"portfolio-title entry-title\"><a href=\"https:\/\/www.prepas-fabert.com\/cpge\/portfolio\/que-faire-apres-une-classe-prepa-nicolas-a-integre-lenseeiht-toulouse\/\">Que faire apr\u00e8s une classe pr\u00e9pa ? Nicolas a int\u00e9gr\u00e9 l&rsquo;ENSEEIHT (Toulouse)<\/a><\/h4><p>D\u00e9couvrez le t\u00e9moignage de Nicolas sur son parcours en classe pr\u00e9paratoire, son exp\u00e9rience au lyc\u00e9e Fabert et son i...<\/p><\/div><\/div><div class=\"portfolio-item isotope-item portfolio-image-large 2023 en-ecole-dingenieurs etudiant-pc-pc-psi-mp-mp pcsi-pc-pc\"  data-id=\"8027\" data-type=\"2023 en-ecole-dingenieurs etudiant-pc-pc-psi-mp-mp pcsi-pc-pc\"><div class=\"post-featured\">\t<div class=\"wbc-image-wrap\">\t\t<a href=\"https:\/\/www.prepas-fabert.com\/cpge\/portfolio\/que-faire-apres-une-classe-prepa-amandine-a-integre-imt-nord-europe\/\"><img loading=\"lazy\" decoding=\"async\" width=\"1080\" height=\"1080\" src=\"https:\/\/www.prepas-fabert.com\/cpge\/wp-content\/uploads\/2024\/12\/Poster-AMANDINE-square.webp\" class=\"attachment-large size-large wp-post-image\" alt=\"\" srcset=\"https:\/\/www.prepas-fabert.com\/cpge\/wp-content\/uploads\/2024\/12\/Poster-AMANDINE-square.webp 1080w, https:\/\/www.prepas-fabert.com\/cpge\/wp-content\/uploads\/2024\/12\/Poster-AMANDINE-square-300x300.webp 300w, https:\/\/www.prepas-fabert.com\/cpge\/wp-content\/uploads\/2024\/12\/Poster-AMANDINE-square-150x150.webp 150w, https:\/\/www.prepas-fabert.com\/cpge\/wp-content\/uploads\/2024\/12\/Poster-AMANDINE-square-768x768.webp 768w, https:\/\/www.prepas-fabert.com\/cpge\/wp-content\/uploads\/2024\/12\/Poster-AMANDINE-square-500x500.webp 500w, https:\/\/www.prepas-fabert.com\/cpge\/wp-content\/uploads\/2024\/12\/Poster-AMANDINE-square-1000x1000.webp 1000w, https:\/\/www.prepas-fabert.com\/cpge\/wp-content\/uploads\/2024\/12\/Poster-AMANDINE-square-848x848.webp 848w\" sizes=\"auto, (max-width: 1080px) 100vw, 1080px\" \/>\t\t<\/a>\t\t<a class=\"item-link-overlay\" href=\"https:\/\/www.prepas-fabert.com\/cpge\/portfolio\/que-faire-apres-une-classe-prepa-amandine-a-integre-imt-nord-europe\/\" ><\/a>\t\t<div class=\"wbc-extra-links\">\t\t<h4 class=\"item-title\" >Que faire apr\u00e8s une classe pr\u00e9pa ? Amandine a int\u00e9gr\u00e9 IMT Nord Europe<\/h4><div class=\"wbc-link-content\">\t\t\t<a href=\"https:\/\/www.prepas-fabert.com\/cpge\/portfolio\/que-faire-apres-une-classe-prepa-amandine-a-integre-imt-nord-europe\/\" class=\"wbc-go-link\" ><i class=\"fa fa-link\"><\/i><\/a><\/div>\t\t<\/div>\t<\/div><\/div><div class=\"portfolio-text-wrap\" ><h4 class=\"portfolio-title entry-title\"><a href=\"https:\/\/www.prepas-fabert.com\/cpge\/portfolio\/que-faire-apres-une-classe-prepa-amandine-a-integre-imt-nord-europe\/\">Que faire apr\u00e8s une classe pr\u00e9pa ? Amandine a int\u00e9gr\u00e9 IMT Nord Europe<\/a><\/h4><p>D\u00e9couvrez le t\u00e9moignage d'Amandine sur son parcours en classe pr\u00e9paratoire, son exp\u00e9rience au lyc\u00e9e Fabert et son i...<\/p><\/div><\/div><div class=\"portfolio-item isotope-item portfolio-image-large 2022 en-ecole-dingenieurs\"  data-id=\"7969\" data-type=\"2022 en-ecole-dingenieurs\"><div class=\"post-featured\">\t<div class=\"wbc-image-wrap\">\t\t<a href=\"https:\/\/www.prepas-fabert.com\/cpge\/portfolio\/que-faire-apres-une-classe-prepa-axel-a-integre-lens-rennes\/\"><img loading=\"lazy\" decoding=\"async\" width=\"1080\" height=\"1080\" src=\"https:\/\/www.prepas-fabert.com\/cpge\/wp-content\/uploads\/2024\/10\/Poster-AXEL-square.png\" class=\"attachment-large size-large wp-post-image\" alt=\"\" srcset=\"https:\/\/www.prepas-fabert.com\/cpge\/wp-content\/uploads\/2024\/10\/Poster-AXEL-square.png 1080w, https:\/\/www.prepas-fabert.com\/cpge\/wp-content\/uploads\/2024\/10\/Poster-AXEL-square-300x300.png 300w, https:\/\/www.prepas-fabert.com\/cpge\/wp-content\/uploads\/2024\/10\/Poster-AXEL-square-150x150.png 150w, https:\/\/www.prepas-fabert.com\/cpge\/wp-content\/uploads\/2024\/10\/Poster-AXEL-square-768x768.png 768w, https:\/\/www.prepas-fabert.com\/cpge\/wp-content\/uploads\/2024\/10\/Poster-AXEL-square-500x500.png 500w, https:\/\/www.prepas-fabert.com\/cpge\/wp-content\/uploads\/2024\/10\/Poster-AXEL-square-1000x1000.png 1000w, https:\/\/www.prepas-fabert.com\/cpge\/wp-content\/uploads\/2024\/10\/Poster-AXEL-square-848x848.png 848w\" sizes=\"auto, (max-width: 1080px) 100vw, 1080px\" \/>\t\t<\/a>\t\t<a class=\"item-link-overlay\" href=\"https:\/\/www.prepas-fabert.com\/cpge\/portfolio\/que-faire-apres-une-classe-prepa-axel-a-integre-lens-rennes\/\" ><\/a>\t\t<div class=\"wbc-extra-links\">\t\t<h4 class=\"item-title\" >Que faire apr\u00e8s une classe pr\u00e9pa ? Axel a int\u00e9gr\u00e9 l&rsquo;ENS Rennes<\/h4><div class=\"wbc-link-content\">\t\t\t<a href=\"https:\/\/www.prepas-fabert.com\/cpge\/portfolio\/que-faire-apres-une-classe-prepa-axel-a-integre-lens-rennes\/\" class=\"wbc-go-link\" ><i class=\"fa fa-link\"><\/i><\/a><\/div>\t\t<\/div>\t<\/div><\/div><div class=\"portfolio-text-wrap\" ><h4 class=\"portfolio-title entry-title\"><a href=\"https:\/\/www.prepas-fabert.com\/cpge\/portfolio\/que-faire-apres-une-classe-prepa-axel-a-integre-lens-rennes\/\">Que faire apr\u00e8s une classe pr\u00e9pa ? Axel a int\u00e9gr\u00e9 l&rsquo;ENS Rennes<\/a><\/h4><p>L'ambiance de classe \u00e9tait vraiment impressionnante, c'\u00e9tait tr\u00e8s convivial. Ici, tout le monde s'entraidait et cela...<\/p><\/div><\/div><div class=\"portfolio-item isotope-item portfolio-image-large 2022 en-ecole-dingenieurs\"  data-id=\"7823\" data-type=\"2022 en-ecole-dingenieurs\"><div class=\"post-featured\">\t<div class=\"wbc-image-wrap\">\t\t<a href=\"https:\/\/www.prepas-fabert.com\/cpge\/portfolio\/ambre-a-integre-neoma-business-school\/\"><img loading=\"lazy\" decoding=\"async\" width=\"853\" height=\"853\" src=\"https:\/\/www.prepas-fabert.com\/cpge\/wp-content\/uploads\/2024\/02\/Ambre-square.jpg\" class=\"attachment-large size-large wp-post-image\" alt=\"\" srcset=\"https:\/\/www.prepas-fabert.com\/cpge\/wp-content\/uploads\/2024\/02\/Ambre-square.jpg 853w, https:\/\/www.prepas-fabert.com\/cpge\/wp-content\/uploads\/2024\/02\/Ambre-square-300x300.jpg 300w, https:\/\/www.prepas-fabert.com\/cpge\/wp-content\/uploads\/2024\/02\/Ambre-square-150x150.jpg 150w, https:\/\/www.prepas-fabert.com\/cpge\/wp-content\/uploads\/2024\/02\/Ambre-square-768x768.jpg 768w, https:\/\/www.prepas-fabert.com\/cpge\/wp-content\/uploads\/2024\/02\/Ambre-square-500x500.jpg 500w, https:\/\/www.prepas-fabert.com\/cpge\/wp-content\/uploads\/2024\/02\/Ambre-square-848x848.jpg 848w\" sizes=\"auto, (max-width: 853px) 100vw, 853px\" \/>\t\t<\/a>\t\t<a class=\"item-link-overlay\" href=\"https:\/\/www.prepas-fabert.com\/cpge\/portfolio\/ambre-a-integre-neoma-business-school\/\" ><\/a>\t\t<div class=\"wbc-extra-links\">\t\t<h4 class=\"item-title\" >Ambre a int\u00e9gr\u00e9 NEOMA Business School<\/h4><div class=\"wbc-link-content\">\t\t\t<a href=\"https:\/\/www.prepas-fabert.com\/cpge\/portfolio\/ambre-a-integre-neoma-business-school\/\" class=\"wbc-go-link\" ><i class=\"fa fa-link\"><\/i><\/a><\/div>\t\t<\/div>\t<\/div><\/div><div class=\"portfolio-text-wrap\" ><h4 class=\"portfolio-title entry-title\"><a href=\"https:\/\/www.prepas-fabert.com\/cpge\/portfolio\/ambre-a-integre-neoma-business-school\/\">Ambre a int\u00e9gr\u00e9 NEOMA Business School<\/a><\/h4><p>Toutes les rumeurs que j'avais entendues sur les classes pr\u00e9pas \u00e9taient fausses ! Quand je suis arriv\u00e9 \u00e0 Fabert, j'a...<\/p><\/div><\/div><div class=\"portfolio-item isotope-item portfolio-image-large 2022 en-ecole-dingenieurs\"  data-id=\"7670\" data-type=\"2022 en-ecole-dingenieurs\"><div class=\"post-featured\">\t<div class=\"wbc-image-wrap\">\t\t<a href=\"https:\/\/www.prepas-fabert.com\/cpge\/portfolio\/que-faire-apres-une-classe-prepa-lucie-a-integre-lecole-des-ponts-paristech\/\"><img loading=\"lazy\" decoding=\"async\" width=\"1024\" height=\"1024\" src=\"https:\/\/www.prepas-fabert.com\/cpge\/wp-content\/uploads\/2023\/12\/Poster-square-Lucie-1024x1024.webp\" class=\"attachment-large size-large wp-post-image\" alt=\"\" srcset=\"https:\/\/www.prepas-fabert.com\/cpge\/wp-content\/uploads\/2023\/12\/Poster-square-Lucie-1024x1024.webp 1024w, https:\/\/www.prepas-fabert.com\/cpge\/wp-content\/uploads\/2023\/12\/Poster-square-Lucie-300x300.webp 300w, https:\/\/www.prepas-fabert.com\/cpge\/wp-content\/uploads\/2023\/12\/Poster-square-Lucie-150x150.webp 150w, https:\/\/www.prepas-fabert.com\/cpge\/wp-content\/uploads\/2023\/12\/Poster-square-Lucie-768x768.webp 768w, https:\/\/www.prepas-fabert.com\/cpge\/wp-content\/uploads\/2023\/12\/Poster-square-Lucie-500x500.webp 500w, https:\/\/www.prepas-fabert.com\/cpge\/wp-content\/uploads\/2023\/12\/Poster-square-Lucie-1000x1000.webp 1000w, https:\/\/www.prepas-fabert.com\/cpge\/wp-content\/uploads\/2023\/12\/Poster-square-Lucie-848x848.webp 848w, https:\/\/www.prepas-fabert.com\/cpge\/wp-content\/uploads\/2023\/12\/Poster-square-Lucie.webp 1080w\" sizes=\"auto, (max-width: 1024px) 100vw, 1024px\" \/>\t\t<\/a>\t\t<a class=\"item-link-overlay\" href=\"https:\/\/www.prepas-fabert.com\/cpge\/portfolio\/que-faire-apres-une-classe-prepa-lucie-a-integre-lecole-des-ponts-paristech\/\" ><\/a>\t\t<div class=\"wbc-extra-links\">\t\t<h4 class=\"item-title\" >Que faire apr\u00e8s une classe pr\u00e9pa ? Lucie a int\u00e9gr\u00e9 l&rsquo;\u00c9cole des Ponts &#8211; ParisTech<\/h4><div class=\"wbc-link-content\">\t\t\t<a href=\"https:\/\/www.prepas-fabert.com\/cpge\/portfolio\/que-faire-apres-une-classe-prepa-lucie-a-integre-lecole-des-ponts-paristech\/\" class=\"wbc-go-link\" ><i class=\"fa fa-link\"><\/i><\/a><\/div>\t\t<\/div>\t<\/div><\/div><div class=\"portfolio-text-wrap\" ><h4 class=\"portfolio-title entry-title\"><a href=\"https:\/\/www.prepas-fabert.com\/cpge\/portfolio\/que-faire-apres-une-classe-prepa-lucie-a-integre-lecole-des-ponts-paristech\/\">Que faire apr\u00e8s une classe pr\u00e9pa ? Lucie a int\u00e9gr\u00e9 l&rsquo;\u00c9cole des Ponts &#8211; ParisTech<\/a><\/h4><p>En terminale, je ne savais pas du tout ce que je voulais faire et [la pr\u00e9pa] \u00e9tait le mod\u00e8le d'\u00e9tudes qui m'offrirai...<\/p><\/div><\/div><div class=\"portfolio-item isotope-item portfolio-image-large 2022 en-ecole-dingenieurs\"  data-id=\"7632\" data-type=\"2022 en-ecole-dingenieurs\"><div class=\"post-featured\">\t<div class=\"wbc-image-wrap\">\t\t<a href=\"https:\/\/www.prepas-fabert.com\/cpge\/portfolio\/que-faire-apres-une-classe-prepa-etienne-a-integre-les-arts-et-metiers-sciences-et-technologies\/\"><img loading=\"lazy\" decoding=\"async\" width=\"1024\" height=\"1024\" src=\"https:\/\/www.prepas-fabert.com\/cpge\/wp-content\/uploads\/2023\/09\/Poster-square-Etienne-1024x1024.png\" class=\"attachment-large size-large wp-post-image\" alt=\"\" srcset=\"https:\/\/www.prepas-fabert.com\/cpge\/wp-content\/uploads\/2023\/09\/Poster-square-Etienne-1024x1024.png 1024w, https:\/\/www.prepas-fabert.com\/cpge\/wp-content\/uploads\/2023\/09\/Poster-square-Etienne-300x300.png 300w, https:\/\/www.prepas-fabert.com\/cpge\/wp-content\/uploads\/2023\/09\/Poster-square-Etienne-150x150.png 150w, https:\/\/www.prepas-fabert.com\/cpge\/wp-content\/uploads\/2023\/09\/Poster-square-Etienne-768x768.png 768w, https:\/\/www.prepas-fabert.com\/cpge\/wp-content\/uploads\/2023\/09\/Poster-square-Etienne-500x500.png 500w, https:\/\/www.prepas-fabert.com\/cpge\/wp-content\/uploads\/2023\/09\/Poster-square-Etienne-1000x1000.png 1000w, https:\/\/www.prepas-fabert.com\/cpge\/wp-content\/uploads\/2023\/09\/Poster-square-Etienne-848x848.png 848w, https:\/\/www.prepas-fabert.com\/cpge\/wp-content\/uploads\/2023\/09\/Poster-square-Etienne.png 1080w\" sizes=\"auto, (max-width: 1024px) 100vw, 1024px\" \/>\t\t<\/a>\t\t<a class=\"item-link-overlay\" href=\"https:\/\/www.prepas-fabert.com\/cpge\/portfolio\/que-faire-apres-une-classe-prepa-etienne-a-integre-les-arts-et-metiers-sciences-et-technologies\/\" ><\/a>\t\t<div class=\"wbc-extra-links\">\t\t<h4 class=\"item-title\" >Que faire apr\u00e8s une classe pr\u00e9pa ? Etienne a int\u00e9gr\u00e9 les Arts et M\u00e9tiers &#8212; Sciences et technologies<\/h4><div class=\"wbc-link-content\">\t\t\t<a href=\"https:\/\/www.prepas-fabert.com\/cpge\/portfolio\/que-faire-apres-une-classe-prepa-etienne-a-integre-les-arts-et-metiers-sciences-et-technologies\/\" class=\"wbc-go-link\" ><i class=\"fa fa-link\"><\/i><\/a><\/div>\t\t<\/div>\t<\/div><\/div><div class=\"portfolio-text-wrap\" ><h4 class=\"portfolio-title entry-title\"><a href=\"https:\/\/www.prepas-fabert.com\/cpge\/portfolio\/que-faire-apres-une-classe-prepa-etienne-a-integre-les-arts-et-metiers-sciences-et-technologies\/\">Que faire apr\u00e8s une classe pr\u00e9pa ? Etienne a int\u00e9gr\u00e9 les Arts et M\u00e9tiers &#8212; Sciences et technologies<\/a><\/h4><p>J'\u00e9tais int\u00e9ress\u00e9 par les Arts et M\u00e9tiers car [la formation propose] une partie technique int\u00e9ressante, o\u00f9 l'on me...<\/p><\/div><\/div><div class=\"portfolio-item isotope-item portfolio-image-large en-ecole-dingenieurs etudiant-pc-pc-psi-mp-mp pcsi-pc-pc\"  data-id=\"7512\" data-type=\"en-ecole-dingenieurs etudiant-pc-pc-psi-mp-mp pcsi-pc-pc\"><div class=\"post-featured\">\t<div class=\"wbc-image-wrap\">\t\t<a href=\"https:\/\/www.prepas-fabert.com\/cpge\/portfolio\/que-faire-apres-une-classe-prepa-simon-a-integre-imt-nord-europe\/\"><img loading=\"lazy\" decoding=\"async\" width=\"1024\" height=\"1024\" src=\"https:\/\/www.prepas-fabert.com\/cpge\/wp-content\/uploads\/2023\/05\/Poster-square-Simon-1024x1024.png\" class=\"attachment-large size-large wp-post-image\" alt=\"\" srcset=\"https:\/\/www.prepas-fabert.com\/cpge\/wp-content\/uploads\/2023\/05\/Poster-square-Simon-1024x1024.png 1024w, https:\/\/www.prepas-fabert.com\/cpge\/wp-content\/uploads\/2023\/05\/Poster-square-Simon-300x300.png 300w, https:\/\/www.prepas-fabert.com\/cpge\/wp-content\/uploads\/2023\/05\/Poster-square-Simon-150x150.png 150w, https:\/\/www.prepas-fabert.com\/cpge\/wp-content\/uploads\/2023\/05\/Poster-square-Simon-768x768.png 768w, https:\/\/www.prepas-fabert.com\/cpge\/wp-content\/uploads\/2023\/05\/Poster-square-Simon-500x500.png 500w, https:\/\/www.prepas-fabert.com\/cpge\/wp-content\/uploads\/2023\/05\/Poster-square-Simon-1000x1000.png 1000w, https:\/\/www.prepas-fabert.com\/cpge\/wp-content\/uploads\/2023\/05\/Poster-square-Simon-848x848.png 848w, https:\/\/www.prepas-fabert.com\/cpge\/wp-content\/uploads\/2023\/05\/Poster-square-Simon.png 1080w\" sizes=\"auto, (max-width: 1024px) 100vw, 1024px\" \/>\t\t<\/a>\t\t<a class=\"item-link-overlay\" href=\"https:\/\/www.prepas-fabert.com\/cpge\/portfolio\/que-faire-apres-une-classe-prepa-simon-a-integre-imt-nord-europe\/\" ><\/a>\t\t<div class=\"wbc-extra-links\">\t\t<h4 class=\"item-title\" >Que faire apr\u00e8s une classe pr\u00e9pa ? Simon a int\u00e9gr\u00e9 IMT Nord Europe<\/h4><div class=\"wbc-link-content\">\t\t\t<a href=\"https:\/\/www.prepas-fabert.com\/cpge\/portfolio\/que-faire-apres-une-classe-prepa-simon-a-integre-imt-nord-europe\/\" class=\"wbc-go-link\" ><i class=\"fa fa-link\"><\/i><\/a><\/div>\t\t<\/div>\t<\/div><\/div><div class=\"portfolio-text-wrap\" ><h4 class=\"portfolio-title entry-title\"><a href=\"https:\/\/www.prepas-fabert.com\/cpge\/portfolio\/que-faire-apres-une-classe-prepa-simon-a-integre-imt-nord-europe\/\">Que faire apr\u00e8s une classe pr\u00e9pa ? Simon a int\u00e9gr\u00e9 IMT Nord Europe<\/a><\/h4><p>L'ambiance en pr\u00e9pa au lyc\u00e9e FABERT ?\r\n-- L'ambiance est tr\u00e8s bonne. Les profs sont vraiment l\u00e0 pour nous accompagne...<\/p><\/div><\/div><div class=\"portfolio-item isotope-item portfolio-image-large 2022 en-ecole-dingenieurs etudiant-pc-pc-psi-mp-mp pcsi-pc-pc\"  data-id=\"7254\" data-type=\"2022 en-ecole-dingenieurs etudiant-pc-pc-psi-mp-mp pcsi-pc-pc\"><div class=\"post-featured\">\t<div class=\"wbc-image-wrap\">\t\t<a href=\"https:\/\/www.prepas-fabert.com\/cpge\/portfolio\/que-faire-apres-une-classe-prepa-aubin-a-integre-lenscm-chimie-montpellier\/\"><img loading=\"lazy\" decoding=\"async\" width=\"1024\" height=\"1024\" src=\"https:\/\/www.prepas-fabert.com\/cpge\/wp-content\/uploads\/2023\/02\/Poster-square-1024x1024.png\" class=\"attachment-large size-large wp-post-image\" alt=\"\" srcset=\"https:\/\/www.prepas-fabert.com\/cpge\/wp-content\/uploads\/2023\/02\/Poster-square-1024x1024.png 1024w, https:\/\/www.prepas-fabert.com\/cpge\/wp-content\/uploads\/2023\/02\/Poster-square-300x300.png 300w, https:\/\/www.prepas-fabert.com\/cpge\/wp-content\/uploads\/2023\/02\/Poster-square-150x150.png 150w, https:\/\/www.prepas-fabert.com\/cpge\/wp-content\/uploads\/2023\/02\/Poster-square-768x768.png 768w, https:\/\/www.prepas-fabert.com\/cpge\/wp-content\/uploads\/2023\/02\/Poster-square-500x500.png 500w, https:\/\/www.prepas-fabert.com\/cpge\/wp-content\/uploads\/2023\/02\/Poster-square-1000x1000.png 1000w, https:\/\/www.prepas-fabert.com\/cpge\/wp-content\/uploads\/2023\/02\/Poster-square-848x848.png 848w, https:\/\/www.prepas-fabert.com\/cpge\/wp-content\/uploads\/2023\/02\/Poster-square.png 1080w\" sizes=\"auto, (max-width: 1024px) 100vw, 1024px\" \/>\t\t<\/a>\t\t<a class=\"item-link-overlay\" href=\"https:\/\/www.prepas-fabert.com\/cpge\/portfolio\/que-faire-apres-une-classe-prepa-aubin-a-integre-lenscm-chimie-montpellier\/\" ><\/a>\t\t<div class=\"wbc-extra-links\">\t\t<h4 class=\"item-title\" >Que faire apr\u00e8s une classe pr\u00e9pa ? Aubin a int\u00e9gr\u00e9 l&rsquo;ENSCM (Chimie Montpellier)<\/h4><div class=\"wbc-link-content\">\t\t\t<a href=\"https:\/\/www.prepas-fabert.com\/cpge\/portfolio\/que-faire-apres-une-classe-prepa-aubin-a-integre-lenscm-chimie-montpellier\/\" class=\"wbc-go-link\" ><i class=\"fa fa-link\"><\/i><\/a><\/div>\t\t<\/div>\t<\/div><\/div><div class=\"portfolio-text-wrap\" ><h4 class=\"portfolio-title entry-title\"><a href=\"https:\/\/www.prepas-fabert.com\/cpge\/portfolio\/que-faire-apres-une-classe-prepa-aubin-a-integre-lenscm-chimie-montpellier\/\">Que faire apr\u00e8s une classe pr\u00e9pa ? Aubin a int\u00e9gr\u00e9 l&rsquo;ENSCM (Chimie Montpellier)<\/a><\/h4><p>L'ambiance en pr\u00e9pa au lyc\u00e9e FABERT ?\r\n-- L'ambiance est tr\u00e8s bonne. Les profs sont vraiment l\u00e0 pour nous accompagne...<\/p><\/div><\/div><div class=\"portfolio-item isotope-item portfolio-image-large en-ecole-dingenieurs\"  data-id=\"5394\" data-type=\"en-ecole-dingenieurs\"><div class=\"post-featured\">\t<div class=\"wbc-image-wrap\">\t\t<a href=\"https:\/\/www.prepas-fabert.com\/cpge\/portfolio\/se-laisser-de-nombreuses-portes-ouvertes-temoignage-de-juliette-imt-lille-douai\/\"><img loading=\"lazy\" decoding=\"async\" width=\"750\" height=\"749\" src=\"https:\/\/www.prepas-fabert.com\/cpge\/wp-content\/uploads\/2021\/03\/Video-Juliette-square.jpg\" class=\"attachment-large size-large wp-post-image\" alt=\"\" srcset=\"https:\/\/www.prepas-fabert.com\/cpge\/wp-content\/uploads\/2021\/03\/Video-Juliette-square.jpg 750w, https:\/\/www.prepas-fabert.com\/cpge\/wp-content\/uploads\/2021\/03\/Video-Juliette-square-300x300.jpg 300w, https:\/\/www.prepas-fabert.com\/cpge\/wp-content\/uploads\/2021\/03\/Video-Juliette-square-150x150.jpg 150w, https:\/\/www.prepas-fabert.com\/cpge\/wp-content\/uploads\/2021\/03\/Video-Juliette-square-500x500.jpg 500w\" sizes=\"auto, (max-width: 750px) 100vw, 750px\" \/>\t\t<\/a>\t\t<a class=\"item-link-overlay\" href=\"https:\/\/www.prepas-fabert.com\/cpge\/portfolio\/se-laisser-de-nombreuses-portes-ouvertes-temoignage-de-juliette-imt-lille-douai\/\" ><\/a>\t\t<div class=\"wbc-extra-links\">\t\t<h4 class=\"item-title\" >Se laisser de nombreuses portes ouvertes ? T\u00e9moignage de Juliette (IMT Lille Douai)<\/h4><div class=\"wbc-link-content\">\t\t\t<a href=\"https:\/\/www.prepas-fabert.com\/cpge\/portfolio\/se-laisser-de-nombreuses-portes-ouvertes-temoignage-de-juliette-imt-lille-douai\/\" class=\"wbc-go-link\" ><i class=\"fa fa-link\"><\/i><\/a><\/div>\t\t<\/div>\t<\/div><\/div><div class=\"portfolio-text-wrap\" ><h4 class=\"portfolio-title entry-title\"><a href=\"https:\/\/www.prepas-fabert.com\/cpge\/portfolio\/se-laisser-de-nombreuses-portes-ouvertes-temoignage-de-juliette-imt-lille-douai\/\">Se laisser de nombreuses portes ouvertes ? T\u00e9moignage de Juliette (IMT Lille Douai)<\/a><\/h4><p>[vc_row row_type=\u00a0\u00bbfull_width\u00a0\u00bb type=\u00a0\u00bbcontainer\u00a0\u00bb p_top=\u00a0\u00bb55&Prime; bg_color=\u00a0\u00bb#ffffff\u00a0\u00bb][vc_column][vc_g...<\/p><\/div><\/div><div class=\"portfolio-item isotope-item portfolio-image-large en-ecole-dingenieurs\"  data-id=\"5298\" data-type=\"en-ecole-dingenieurs\"><div class=\"post-featured\">\t<div class=\"wbc-image-wrap\">\t\t<a href=\"https:\/\/www.prepas-fabert.com\/cpge\/portfolio\/ingenieur-architecte-un-cursus-qui-me-passionne-temoignage-de-chloe\/\"><img loading=\"lazy\" decoding=\"async\" width=\"760\" height=\"760\" src=\"https:\/\/www.prepas-fabert.com\/cpge\/wp-content\/uploads\/2021\/03\/Video-Chloe-square.jpg\" class=\"attachment-large size-large wp-post-image\" alt=\"\" srcset=\"https:\/\/www.prepas-fabert.com\/cpge\/wp-content\/uploads\/2021\/03\/Video-Chloe-square.jpg 760w, https:\/\/www.prepas-fabert.com\/cpge\/wp-content\/uploads\/2021\/03\/Video-Chloe-square-300x300.jpg 300w, https:\/\/www.prepas-fabert.com\/cpge\/wp-content\/uploads\/2021\/03\/Video-Chloe-square-150x150.jpg 150w, https:\/\/www.prepas-fabert.com\/cpge\/wp-content\/uploads\/2021\/03\/Video-Chloe-square-500x500.jpg 500w\" sizes=\"auto, (max-width: 760px) 100vw, 760px\" \/>\t\t<\/a>\t\t<a class=\"item-link-overlay\" href=\"https:\/\/www.prepas-fabert.com\/cpge\/portfolio\/ingenieur-architecte-un-cursus-qui-me-passionne-temoignage-de-chloe\/\" ><\/a>\t\t<div class=\"wbc-extra-links\">\t\t<h4 class=\"item-title\" >[Vid\u00e9o] ING\u00c9NIEUR-ARCHITECTE : un cursus qui me passionne ! T\u00e9moignage de Chlo\u00e9 (EIVP)<\/h4><div class=\"wbc-link-content\">\t\t\t<a href=\"https:\/\/www.prepas-fabert.com\/cpge\/portfolio\/ingenieur-architecte-un-cursus-qui-me-passionne-temoignage-de-chloe\/\" class=\"wbc-go-link\" ><i class=\"fa fa-link\"><\/i><\/a><\/div>\t\t<\/div>\t<\/div><\/div><div class=\"portfolio-text-wrap\" ><h4 class=\"portfolio-title entry-title\"><a href=\"https:\/\/www.prepas-fabert.com\/cpge\/portfolio\/ingenieur-architecte-un-cursus-qui-me-passionne-temoignage-de-chloe\/\">[Vid\u00e9o] ING\u00c9NIEUR-ARCHITECTE : un cursus qui me passionne ! T\u00e9moignage de Chlo\u00e9 (EIVP)<\/a><\/h4><p>[vc_row row_type=\u00a0\u00bbfull_width\u00a0\u00bb type=\u00a0\u00bbcontainer\u00a0\u00bb p_top=\u00a0\u00bb55&Prime; bg_color=\u00a0\u00bb#ffffff\u00a0\u00bb][vc_column][vc_g...<\/p><\/div><\/div><div class=\"portfolio-item isotope-item portfolio-image-large en-ecole-dingenieurs\"  data-id=\"5262\" data-type=\"en-ecole-dingenieurs\"><div class=\"post-featured\">\t<div class=\"wbc-image-wrap\">\t\t<a href=\"https:\/\/www.prepas-fabert.com\/cpge\/portfolio\/besoin-d-etre-encadre\/\"><img loading=\"lazy\" decoding=\"async\" width=\"750\" height=\"750\" src=\"https:\/\/www.prepas-fabert.com\/cpge\/wp-content\/uploads\/2021\/03\/Hugo-square.jpeg\" class=\"attachment-large size-large wp-post-image\" alt=\"\" srcset=\"https:\/\/www.prepas-fabert.com\/cpge\/wp-content\/uploads\/2021\/03\/Hugo-square.jpeg 750w, https:\/\/www.prepas-fabert.com\/cpge\/wp-content\/uploads\/2021\/03\/Hugo-square-300x300.jpeg 300w, https:\/\/www.prepas-fabert.com\/cpge\/wp-content\/uploads\/2021\/03\/Hugo-square-150x150.jpeg 150w, https:\/\/www.prepas-fabert.com\/cpge\/wp-content\/uploads\/2021\/03\/Hugo-square-500x500.jpeg 500w\" sizes=\"auto, (max-width: 750px) 100vw, 750px\" \/>\t\t<\/a>\t\t<a class=\"item-link-overlay\" href=\"https:\/\/www.prepas-fabert.com\/cpge\/portfolio\/besoin-d-etre-encadre\/\" ><\/a>\t\t<div class=\"wbc-extra-links\">\t\t<h4 class=\"item-title\" >[Vid\u00e9o] Besoin d&rsquo;\u00eatre encadr\u00e9 ? T\u00e9moignage d&rsquo;Hugo (IMT Mines Al\u00e8s)<\/h4><div class=\"wbc-link-content\">\t\t\t<a href=\"https:\/\/www.prepas-fabert.com\/cpge\/portfolio\/besoin-d-etre-encadre\/\" class=\"wbc-go-link\" ><i class=\"fa fa-link\"><\/i><\/a><\/div>\t\t<\/div>\t<\/div><\/div><div class=\"portfolio-text-wrap\" ><h4 class=\"portfolio-title entry-title\"><a href=\"https:\/\/www.prepas-fabert.com\/cpge\/portfolio\/besoin-d-etre-encadre\/\">[Vid\u00e9o] Besoin d&rsquo;\u00eatre encadr\u00e9 ? T\u00e9moignage d&rsquo;Hugo (IMT Mines Al\u00e8s)<\/a><\/h4><p>[vc_row row_type=\u00a0\u00bbfull_width\u00a0\u00bb type=\u00a0\u00bbcontainer\u00a0\u00bb p_top=\u00a0\u00bb55&Prime; bg_color=\u00a0\u00bb#ffffff\u00a0\u00bb][vc_column][vc_g...<\/p><\/div><\/div><div class=\"portfolio-item isotope-item portfolio-image-large en-ecole-dingenieurs\"  data-id=\"4980\" data-type=\"en-ecole-dingenieurs\"><div class=\"post-featured\">\t<div class=\"wbc-image-wrap\">\t\t<a href=\"https:\/\/www.prepas-fabert.com\/cpge\/portfolio\/niveau-en-prepa-est-ce-surmontable-temoignage-danton-enac-toulouse\/\"><img loading=\"lazy\" decoding=\"async\" width=\"750\" height=\"750\" src=\"https:\/\/www.prepas-fabert.com\/cpge\/wp-content\/uploads\/2021\/03\/Anton-RIGAUT-carre.jpg\" class=\"attachment-large size-large wp-post-image\" alt=\"\" srcset=\"https:\/\/www.prepas-fabert.com\/cpge\/wp-content\/uploads\/2021\/03\/Anton-RIGAUT-carre.jpg 750w, https:\/\/www.prepas-fabert.com\/cpge\/wp-content\/uploads\/2021\/03\/Anton-RIGAUT-carre-300x300.jpg 300w, https:\/\/www.prepas-fabert.com\/cpge\/wp-content\/uploads\/2021\/03\/Anton-RIGAUT-carre-150x150.jpg 150w, https:\/\/www.prepas-fabert.com\/cpge\/wp-content\/uploads\/2021\/03\/Anton-RIGAUT-carre-500x500.jpg 500w\" sizes=\"auto, (max-width: 750px) 100vw, 750px\" \/>\t\t<\/a>\t\t<a class=\"item-link-overlay\" href=\"https:\/\/www.prepas-fabert.com\/cpge\/portfolio\/niveau-en-prepa-est-ce-surmontable-temoignage-danton-enac-toulouse\/\" ><\/a>\t\t<div class=\"wbc-extra-links\">\t\t<h4 class=\"item-title\" >[Vid\u00e9o] Niveau en pr\u00e9pa : est-ce surmontable ? T\u00e9moignage d&rsquo;Anton (ENAC Toulouse)<\/h4><div class=\"wbc-link-content\">\t\t\t<a href=\"https:\/\/www.prepas-fabert.com\/cpge\/portfolio\/niveau-en-prepa-est-ce-surmontable-temoignage-danton-enac-toulouse\/\" class=\"wbc-go-link\" ><i class=\"fa fa-link\"><\/i><\/a><\/div>\t\t<\/div>\t<\/div><\/div><div class=\"portfolio-text-wrap\" ><h4 class=\"portfolio-title entry-title\"><a href=\"https:\/\/www.prepas-fabert.com\/cpge\/portfolio\/niveau-en-prepa-est-ce-surmontable-temoignage-danton-enac-toulouse\/\">[Vid\u00e9o] Niveau en pr\u00e9pa : est-ce surmontable ? T\u00e9moignage d&rsquo;Anton (ENAC Toulouse)<\/a><\/h4><p>Malgr\u00e9 la charge de travail, j'ai pu garder une activit\u00e9 sportive plus ou moins r\u00e9guli\u00e8re : je faisais du v\u00e9lo. M\u00ea...<\/p><\/div><\/div><div class=\"portfolio-item isotope-item portfolio-image-large en-ecole-dingenieurs\"  data-id=\"4845\" data-type=\"en-ecole-dingenieurs\"><div class=\"post-featured\">\t<div class=\"wbc-image-wrap\">\t\t<a href=\"https:\/\/www.prepas-fabert.com\/cpge\/portfolio\/la-prepa-une-competition\/\"><img loading=\"lazy\" decoding=\"async\" width=\"750\" height=\"750\" src=\"https:\/\/www.prepas-fabert.com\/cpge\/wp-content\/uploads\/2021\/03\/margaux-square.png\" class=\"attachment-large size-large wp-post-image\" alt=\"\" srcset=\"https:\/\/www.prepas-fabert.com\/cpge\/wp-content\/uploads\/2021\/03\/margaux-square.png 750w, https:\/\/www.prepas-fabert.com\/cpge\/wp-content\/uploads\/2021\/03\/margaux-square-300x300.png 300w, https:\/\/www.prepas-fabert.com\/cpge\/wp-content\/uploads\/2021\/03\/margaux-square-150x150.png 150w, https:\/\/www.prepas-fabert.com\/cpge\/wp-content\/uploads\/2021\/03\/margaux-square-500x500.png 500w\" sizes=\"auto, (max-width: 750px) 100vw, 750px\" \/>\t\t<\/a>\t\t<a class=\"item-link-overlay\" href=\"https:\/\/www.prepas-fabert.com\/cpge\/portfolio\/la-prepa-une-competition\/\" ><\/a>\t\t<div class=\"wbc-extra-links\">\t\t<h4 class=\"item-title\" >[Vid\u00e9o] La pr\u00e9pa, une comp\u00e9tition ? T\u00e9moignage de Margaux (ENSCR)<\/h4><div class=\"wbc-link-content\">\t\t\t<a href=\"https:\/\/www.prepas-fabert.com\/cpge\/portfolio\/la-prepa-une-competition\/\" class=\"wbc-go-link\" ><i class=\"fa fa-link\"><\/i><\/a><\/div>\t\t<\/div>\t<\/div><\/div><div class=\"portfolio-text-wrap\" ><h4 class=\"portfolio-title entry-title\"><a href=\"https:\/\/www.prepas-fabert.com\/cpge\/portfolio\/la-prepa-une-competition\/\">[Vid\u00e9o] La pr\u00e9pa, une comp\u00e9tition ? T\u00e9moignage de Margaux (ENSCR)<\/a><\/h4><p>Cela peut para\u00eetre un peu bizarre, mais ce qui m\u2019a le plus plu en pr\u00e9pa, ce sont les kh\u00f4lles ! [\u2026] J\u2019ai beaucou...<\/p><\/div><\/div><div class=\"portfolio-item isotope-item portfolio-image-large en-ecole-dingenieurs\"  data-id=\"4918\" data-type=\"en-ecole-dingenieurs\"><div class=\"post-featured\">\t<div class=\"wbc-image-wrap\">\t\t<a href=\"https:\/\/www.prepas-fabert.com\/cpge\/portfolio\/la-prepa-a-ete-la-voie-la-plus-logique-temoignage-dahmed-telecom-sudparis\/\"><img loading=\"lazy\" decoding=\"async\" width=\"760\" height=\"760\" src=\"https:\/\/www.prepas-fabert.com\/cpge\/wp-content\/uploads\/2021\/01\/Ahmed-TSOROEV-sqaure.jpg\" class=\"attachment-large size-large wp-post-image\" alt=\"\" srcset=\"https:\/\/www.prepas-fabert.com\/cpge\/wp-content\/uploads\/2021\/01\/Ahmed-TSOROEV-sqaure.jpg 760w, https:\/\/www.prepas-fabert.com\/cpge\/wp-content\/uploads\/2021\/01\/Ahmed-TSOROEV-sqaure-300x300.jpg 300w, https:\/\/www.prepas-fabert.com\/cpge\/wp-content\/uploads\/2021\/01\/Ahmed-TSOROEV-sqaure-150x150.jpg 150w, https:\/\/www.prepas-fabert.com\/cpge\/wp-content\/uploads\/2021\/01\/Ahmed-TSOROEV-sqaure-500x500.jpg 500w\" sizes=\"auto, (max-width: 760px) 100vw, 760px\" \/>\t\t<\/a>\t\t<a class=\"item-link-overlay\" href=\"https:\/\/www.prepas-fabert.com\/cpge\/portfolio\/la-prepa-a-ete-la-voie-la-plus-logique-temoignage-dahmed-telecom-sudparis\/\" ><\/a>\t\t<div class=\"wbc-extra-links\">\t\t<h4 class=\"item-title\" >[Vid\u00e9o] \u00ab\u00a0La pr\u00e9pa a \u00e9t\u00e9 la voie la plus logique\u00a0\u00bb : t\u00e9moignage d&rsquo;Ahmed (Telecom SudParis)<\/h4><div class=\"wbc-link-content\">\t\t\t<a href=\"https:\/\/www.prepas-fabert.com\/cpge\/portfolio\/la-prepa-a-ete-la-voie-la-plus-logique-temoignage-dahmed-telecom-sudparis\/\" class=\"wbc-go-link\" ><i class=\"fa fa-link\"><\/i><\/a><\/div>\t\t<\/div>\t<\/div><\/div><div class=\"portfolio-text-wrap\" ><h4 class=\"portfolio-title entry-title\"><a href=\"https:\/\/www.prepas-fabert.com\/cpge\/portfolio\/la-prepa-a-ete-la-voie-la-plus-logique-temoignage-dahmed-telecom-sudparis\/\">[Vid\u00e9o] \u00ab\u00a0La pr\u00e9pa a \u00e9t\u00e9 la voie la plus logique\u00a0\u00bb : t\u00e9moignage d&rsquo;Ahmed (Telecom SudParis)<\/a><\/h4><p>Pour moi, la pr\u00e9pa a \u00e9t\u00e9 la voie logique : j'aimais beaucoup les sciences et je savais que je voulais devenir ing\u00e9ni...<\/p><\/div><\/div><div class=\"portfolio-item isotope-item portfolio-image-large en-ecole-dingenieurs\"  data-id=\"4941\" data-type=\"en-ecole-dingenieurs\"><div class=\"post-featured\">\t<div class=\"wbc-image-wrap\">\t\t<a href=\"https:\/\/www.prepas-fabert.com\/cpge\/portfolio\/apres-le-bac-se-specialiser-ou-prendre-son-temps-temoignage-de-nicolas\/\"><img loading=\"lazy\" decoding=\"async\" width=\"1024\" height=\"1024\" src=\"https:\/\/www.prepas-fabert.com\/cpge\/wp-content\/uploads\/2021\/03\/Youtube-nicolas-carre-2-1024x1024.jpg\" class=\"attachment-large size-large wp-post-image\" alt=\"\" srcset=\"https:\/\/www.prepas-fabert.com\/cpge\/wp-content\/uploads\/2021\/03\/Youtube-nicolas-carre-2-1024x1024.jpg 1024w, https:\/\/www.prepas-fabert.com\/cpge\/wp-content\/uploads\/2021\/03\/Youtube-nicolas-carre-2-300x300.jpg 300w, https:\/\/www.prepas-fabert.com\/cpge\/wp-content\/uploads\/2021\/03\/Youtube-nicolas-carre-2-150x150.jpg 150w, https:\/\/www.prepas-fabert.com\/cpge\/wp-content\/uploads\/2021\/03\/Youtube-nicolas-carre-2-768x767.jpg 768w, https:\/\/www.prepas-fabert.com\/cpge\/wp-content\/uploads\/2021\/03\/Youtube-nicolas-carre-2-500x500.jpg 500w, https:\/\/www.prepas-fabert.com\/cpge\/wp-content\/uploads\/2021\/03\/Youtube-nicolas-carre-2-1000x1000.jpg 1000w, https:\/\/www.prepas-fabert.com\/cpge\/wp-content\/uploads\/2021\/03\/Youtube-nicolas-carre-2-1140x1139.jpg 1140w, https:\/\/www.prepas-fabert.com\/cpge\/wp-content\/uploads\/2021\/03\/Youtube-nicolas-carre-2-848x847.jpg 848w, https:\/\/www.prepas-fabert.com\/cpge\/wp-content\/uploads\/2021\/03\/Youtube-nicolas-carre-2.jpg 1190w\" sizes=\"auto, (max-width: 1024px) 100vw, 1024px\" \/>\t\t<\/a>\t\t<a class=\"item-link-overlay\" href=\"https:\/\/www.prepas-fabert.com\/cpge\/portfolio\/apres-le-bac-se-specialiser-ou-prendre-son-temps-temoignage-de-nicolas\/\" ><\/a>\t\t<div class=\"wbc-extra-links\">\t\t<h4 class=\"item-title\" >[Vid\u00e9o] Apr\u00e8s le BAC, se sp\u00e9cialiser ou prendre son temps ? T\u00e9moignage de Nicolas (IMT Mines Al\u00e8s)<\/h4><div class=\"wbc-link-content\">\t\t\t<a href=\"https:\/\/www.prepas-fabert.com\/cpge\/portfolio\/apres-le-bac-se-specialiser-ou-prendre-son-temps-temoignage-de-nicolas\/\" class=\"wbc-go-link\" ><i class=\"fa fa-link\"><\/i><\/a><\/div>\t\t<\/div>\t<\/div><\/div><div class=\"portfolio-text-wrap\" ><h4 class=\"portfolio-title entry-title\"><a href=\"https:\/\/www.prepas-fabert.com\/cpge\/portfolio\/apres-le-bac-se-specialiser-ou-prendre-son-temps-temoignage-de-nicolas\/\">[Vid\u00e9o] Apr\u00e8s le BAC, se sp\u00e9cialiser ou prendre son temps ? T\u00e9moignage de Nicolas (IMT Mines Al\u00e8s)<\/a><\/h4><p>En terminale [...] je n'avais aucune id\u00e9e de ce que j'allais pouvoir faire, dans quoi j'allais vouloir me lancer vraime...<\/p><\/div><\/div><div class=\"portfolio-item isotope-item portfolio-image-large etudiant-pc-pc-psi-mp-mp\"  data-id=\"4914\" data-type=\"etudiant-pc-pc-psi-mp-mp\"><div class=\"post-featured\">\t<div class=\"wbc-image-wrap\">\t\t<a href=\"https:\/\/www.prepas-fabert.com\/cpge\/portfolio\/les-professeurs-sont-la-pour-taider-temoignage-de-quentin\/\"><img loading=\"lazy\" decoding=\"async\" width=\"750\" height=\"750\" src=\"https:\/\/www.prepas-fabert.com\/cpge\/wp-content\/uploads\/2021\/03\/Youtube-Quentin-square.jpg\" class=\"attachment-large size-large wp-post-image\" alt=\"\" srcset=\"https:\/\/www.prepas-fabert.com\/cpge\/wp-content\/uploads\/2021\/03\/Youtube-Quentin-square.jpg 750w, https:\/\/www.prepas-fabert.com\/cpge\/wp-content\/uploads\/2021\/03\/Youtube-Quentin-square-300x300.jpg 300w, https:\/\/www.prepas-fabert.com\/cpge\/wp-content\/uploads\/2021\/03\/Youtube-Quentin-square-150x150.jpg 150w, https:\/\/www.prepas-fabert.com\/cpge\/wp-content\/uploads\/2021\/03\/Youtube-Quentin-square-500x500.jpg 500w\" sizes=\"auto, (max-width: 750px) 100vw, 750px\" \/>\t\t<\/a>\t\t<a class=\"item-link-overlay\" href=\"https:\/\/www.prepas-fabert.com\/cpge\/portfolio\/les-professeurs-sont-la-pour-taider-temoignage-de-quentin\/\" ><\/a>\t\t<div class=\"wbc-extra-links\">\t\t<h4 class=\"item-title\" >[Vid\u00e9o] Les professeurs sont l\u00e0 pour t&rsquo;aider : t\u00e9moignage de Quentin<\/h4><div class=\"wbc-link-content\">\t\t\t<a href=\"https:\/\/www.prepas-fabert.com\/cpge\/portfolio\/les-professeurs-sont-la-pour-taider-temoignage-de-quentin\/\" class=\"wbc-go-link\" ><i class=\"fa fa-link\"><\/i><\/a><\/div>\t\t<\/div>\t<\/div><\/div><div class=\"portfolio-text-wrap\" ><h4 class=\"portfolio-title entry-title\"><a href=\"https:\/\/www.prepas-fabert.com\/cpge\/portfolio\/les-professeurs-sont-la-pour-taider-temoignage-de-quentin\/\">[Vid\u00e9o] Les professeurs sont l\u00e0 pour t&rsquo;aider : t\u00e9moignage de Quentin<\/a><\/h4><p>Je pense qu'il faut que tu aies un r\u00e9el int\u00e9r\u00eat pour ce que tu vas apprendre, parce que cela facilite l'apprentissage...<\/p><\/div><\/div><div class=\"portfolio-item isotope-item portfolio-image-large en-ecole-dingenieurs\"  data-id=\"4965\" data-type=\"en-ecole-dingenieurs\"><div class=\"post-featured\">\t<div class=\"wbc-image-wrap\">\t\t<a href=\"https:\/\/www.prepas-fabert.com\/cpge\/portfolio\/comment-devenir-plus-rigoureux-avoir-un-esprit-critique-temoignage-danne-marine\/\"><img loading=\"lazy\" decoding=\"async\" width=\"750\" height=\"749\" src=\"https:\/\/www.prepas-fabert.com\/cpge\/wp-content\/uploads\/2021\/03\/Youtube-Anne-Marine-carre.jpg\" class=\"attachment-large size-large wp-post-image\" alt=\"\" srcset=\"https:\/\/www.prepas-fabert.com\/cpge\/wp-content\/uploads\/2021\/03\/Youtube-Anne-Marine-carre.jpg 750w, https:\/\/www.prepas-fabert.com\/cpge\/wp-content\/uploads\/2021\/03\/Youtube-Anne-Marine-carre-300x300.jpg 300w, https:\/\/www.prepas-fabert.com\/cpge\/wp-content\/uploads\/2021\/03\/Youtube-Anne-Marine-carre-150x150.jpg 150w, https:\/\/www.prepas-fabert.com\/cpge\/wp-content\/uploads\/2021\/03\/Youtube-Anne-Marine-carre-500x500.jpg 500w\" sizes=\"auto, (max-width: 750px) 100vw, 750px\" \/>\t\t<\/a>\t\t<a class=\"item-link-overlay\" href=\"https:\/\/www.prepas-fabert.com\/cpge\/portfolio\/comment-devenir-plus-rigoureux-avoir-un-esprit-critique-temoignage-danne-marine\/\" ><\/a>\t\t<div class=\"wbc-extra-links\">\t\t<h4 class=\"item-title\" >[Vid\u00e9o] Comment devenir plus rigoureux, avoir un esprit critique ? T\u00e9moignage d&rsquo;Anne-Marine (EPF Troyes)<\/h4><div class=\"wbc-link-content\">\t\t\t<a href=\"https:\/\/www.prepas-fabert.com\/cpge\/portfolio\/comment-devenir-plus-rigoureux-avoir-un-esprit-critique-temoignage-danne-marine\/\" class=\"wbc-go-link\" ><i class=\"fa fa-link\"><\/i><\/a><\/div>\t\t<\/div>\t<\/div><\/div><div class=\"portfolio-text-wrap\" ><h4 class=\"portfolio-title entry-title\"><a href=\"https:\/\/www.prepas-fabert.com\/cpge\/portfolio\/comment-devenir-plus-rigoureux-avoir-un-esprit-critique-temoignage-danne-marine\/\">[Vid\u00e9o] Comment devenir plus rigoureux, avoir un esprit critique ? T\u00e9moignage d&rsquo;Anne-Marine (EPF Troyes)<\/a><\/h4><p>Vas-y, lance-toi ! La pr\u00e9pa, ce n'est pas uniquement un enseignement pouss\u00e9 et des connaissances scientifiques, mais c...<\/p><\/div><\/div><div class=\"portfolio-item isotope-item portfolio-image-large en-ecole-dingenieurs\"  data-id=\"4928\" data-type=\"en-ecole-dingenieurs\"><div class=\"post-featured\">\t<div class=\"wbc-image-wrap\">\t\t<a href=\"https:\/\/www.prepas-fabert.com\/cpge\/portfolio\/faut-il-avoir-un-projet-clair-pour-aller-en-prepa-temoignage-de-nicolas\/\"><img loading=\"lazy\" decoding=\"async\" width=\"1024\" height=\"1024\" src=\"https:\/\/www.prepas-fabert.com\/cpge\/wp-content\/uploads\/2021\/03\/nicolas-1-1024x1024.jpg\" class=\"attachment-large size-large wp-post-image\" alt=\"\" srcset=\"https:\/\/www.prepas-fabert.com\/cpge\/wp-content\/uploads\/2021\/03\/nicolas-1-1024x1024.jpg 1024w, https:\/\/www.prepas-fabert.com\/cpge\/wp-content\/uploads\/2021\/03\/nicolas-1-300x300.jpg 300w, https:\/\/www.prepas-fabert.com\/cpge\/wp-content\/uploads\/2021\/03\/nicolas-1-150x150.jpg 150w, https:\/\/www.prepas-fabert.com\/cpge\/wp-content\/uploads\/2021\/03\/nicolas-1-768x767.jpg 768w, https:\/\/www.prepas-fabert.com\/cpge\/wp-content\/uploads\/2021\/03\/nicolas-1-500x500.jpg 500w, https:\/\/www.prepas-fabert.com\/cpge\/wp-content\/uploads\/2021\/03\/nicolas-1-1000x1000.jpg 1000w, https:\/\/www.prepas-fabert.com\/cpge\/wp-content\/uploads\/2021\/03\/nicolas-1-1140x1139.jpg 1140w, https:\/\/www.prepas-fabert.com\/cpge\/wp-content\/uploads\/2021\/03\/nicolas-1-848x847.jpg 848w, https:\/\/www.prepas-fabert.com\/cpge\/wp-content\/uploads\/2021\/03\/nicolas-1.jpg 1190w\" sizes=\"auto, (max-width: 1024px) 100vw, 1024px\" \/>\t\t<\/a>\t\t<a class=\"item-link-overlay\" href=\"https:\/\/www.prepas-fabert.com\/cpge\/portfolio\/faut-il-avoir-un-projet-clair-pour-aller-en-prepa-temoignage-de-nicolas\/\" ><\/a>\t\t<div class=\"wbc-extra-links\">\t\t<h4 class=\"item-title\" >[Vid\u00e9o] Faut-il avoir un projet clair pour aller en  pr\u00e9pa ? T\u00e9moignage de Nicolas (IMT Mines Al\u00e8s)<\/h4><div class=\"wbc-link-content\">\t\t\t<a href=\"https:\/\/www.prepas-fabert.com\/cpge\/portfolio\/faut-il-avoir-un-projet-clair-pour-aller-en-prepa-temoignage-de-nicolas\/\" class=\"wbc-go-link\" ><i class=\"fa fa-link\"><\/i><\/a><\/div>\t\t<\/div>\t<\/div><\/div><div class=\"portfolio-text-wrap\" ><h4 class=\"portfolio-title entry-title\"><a href=\"https:\/\/www.prepas-fabert.com\/cpge\/portfolio\/faut-il-avoir-un-projet-clair-pour-aller-en-prepa-temoignage-de-nicolas\/\">[Vid\u00e9o] Faut-il avoir un projet clair pour aller en  pr\u00e9pa ? T\u00e9moignage de Nicolas (IMT Mines Al\u00e8s)<\/a><\/h4><p>[vc_row row_type=\u00a0\u00bbfull_width\u00a0\u00bb type=\u00a0\u00bbcontainer\u00a0\u00bb p_top=\u00a0\u00bb55&Prime;][vc_column][vc_gallery type=\u00a0\u00bbflexslide...<\/p><\/div><\/div><\/div><\/div>[\/vc_column][\/vc_row]\n<\/div>","protected":false},"excerpt":{"rendered":"<p>[vc_row row_type=\u00a0\u00bbfull_width\u00a0\u00bb type=\u00a0\u00bbfull_screen\u00a0\u00bb bg_select=\u00a0\u00bbbg_color_section\u00a0\u00bb fancy_row=\u00a0\u00bbbottom_band\u00a0\u00bb bg_color=\u00a0\u00bb#00a79d\u00a0\u00bb p_top=\u00a0\u00bb0&Prime; p_bottom=\u00a0\u00bb0&Prime; p_left=\u00a0\u00bb10&Prime; p_right=\u00a0\u00bb5&Prime; band_height=\u00a0\u00bb20&Prime; band_color=\u00a0\u00bb#e0e0e0&Prime;][vc_column width=\u00a0\u00bb1\/2&Prime; bg_image_postions=\u00a0\u00bbright center\u00a0\u00bb p_left=\u00a0\u00bb50&Prime; p_right=\u00a0\u00bb40&Prime; m_top=\u00a0\u00bb0&Prime; m_left=\u00a0\u00bb0&Prime; m_right=\u00a0\u00bb0&Prime; el_class=\u00a0\u00bbcolonneVertical\u00a0\u00bb offset=\u00a0\u00bbvc_hidden-xs\u00a0\u00bb][vc_empty_space height=\u00a0\u00bb30px\u00a0\u00bb][vc_single_image image=\u00a0\u00bb4678&Prime; img_size=\u00a0\u00bbfull\u00a0\u00bb alignment=\u00a0\u00bbcenter\u00a0\u00bb css_animation=\u00a0\u00bbfadeIn\u00a0\u00bb][\/vc_column][vc_column width=\u00a0\u00bb1\/2&Prime; content_align=\u00a0\u00bbtext-left\u00a0\u00bb p_left=\u00a0\u00bb30px\u00a0\u00bb p_right=\u00a0\u00bb10px\u00a0\u00bb][vc_empty_space height=\u00a0\u00bb120px\u00a0\u00bb][vc_empty_space height=\u00a0\u00bb80px\u00a0\u00bb][\/vc_column][\/vc_row][vc_row row_type=\u00a0\u00bbfull_width\u00a0\u00bb type=\u00a0\u00bbcontainer\u00a0\u00bb bg_select=\u00a0\u00bbbg_color_section\u00a0\u00bb border_color=\u00a0\u00bb#ffffff\u00a0\u00bb p_bottom=\u00a0\u00bb140&Prime; p_top=\u00a0\u00bb140&Prime; anchor=\u00a0\u00bbtop\u00a0\u00bb][vc_column][vc_empty_space height=\u00a0\u00bb48px\u00a0\u00bb][\/vc_column][\/vc_row]<\/p>\n","protected":false},"author":1,"featured_media":0,"parent":0,"menu_order":0,"comment_status":"closed","ping_status":"closed","template":"template-page-full.php","meta":{"footnotes":""},"class_list":["post-4899","page","type-page","status-publish","hentry"],"yoast_head":"<!-- This site is optimized with the Yoast SEO plugin v27.5 - https:\/\/yoast.com\/product\/yoast-seo-wordpress\/ -->\n<title>Vid\u00e9os de la fili\u00e8re scientifique PCSI\/MPSI\/PC\/PC*\/PSI*\/MP\/MP* - Classes Pr\u00e9paratoires aux Grandes Ecoles - Lyc\u00e9e Fabert (Metz)<\/title>\n<meta name=\"description\" content=\"Vid\u00e9os de la fili\u00e8re scientifique PCSI\/MPSI\/PC\/PC*\/PSI*\/MP\/MP* - Classes Pr\u00e9paratoires aux Grandes Ecoles - Lyc\u00e9e Fabert (Metz)\" \/>\n<meta name=\"robots\" content=\"index, follow, max-snippet:-1, max-image-preview:large, max-video-preview:-1\" \/>\n<link rel=\"canonical\" href=\"https:\/\/www.prepas-fabert.com\/cpge\/videos-de-la-filiere-scientifique-pcsi-mpsi-pc-psi-mp\/\" \/>\n<meta property=\"og:locale\" content=\"fr_FR\" \/>\n<meta property=\"og:type\" content=\"article\" \/>\n<meta property=\"og:title\" content=\"Vid\u00e9os de la fili\u00e8re scientifique PCSI\/MPSI\/PC\/PC*\/PSI*\/MP\/MP* - Classes Pr\u00e9paratoires aux Grandes Ecoles - Lyc\u00e9e Fabert (Metz)\" \/>\n<meta property=\"og:description\" content=\"Vid\u00e9os de la fili\u00e8re scientifique PCSI\/MPSI\/PC\/PC*\/PSI*\/MP\/MP* - Classes Pr\u00e9paratoires aux Grandes Ecoles - Lyc\u00e9e Fabert (Metz)\" \/>\n<meta property=\"og:url\" content=\"https:\/\/www.prepas-fabert.com\/cpge\/videos-de-la-filiere-scientifique-pcsi-mpsi-pc-psi-mp\/\" \/>\n<meta property=\"og:site_name\" content=\"Classes Pr\u00e9paratoires aux Grandes Ecoles - Lyc\u00e9e Fabert (Metz)\" \/>\n<meta property=\"article:publisher\" content=\"https:\/\/www.facebook.com\/cpgefabert\/\" \/>\n<meta property=\"article:modified_time\" content=\"2022-01-08T15:41:27+00:00\" \/>\n<meta property=\"og:image\" content=\"https:\/\/www.prepas-fabert.com\/cpge\/wp-content\/uploads\/2021\/06\/facade-sdf.jpg\" \/>\n\t<meta property=\"og:image:width\" content=\"1140\" \/>\n\t<meta property=\"og:image:height\" content=\"855\" \/>\n\t<meta property=\"og:image:type\" content=\"image\/jpeg\" \/>\n<meta name=\"twitter:card\" content=\"summary_large_image\" \/>\n<meta name=\"twitter:site\" content=\"@CPGEFabert\" \/>\n<meta name=\"twitter:label1\" content=\"Dur\u00e9e de lecture estim\u00e9e\" \/>\n\t<meta name=\"twitter:data1\" content=\"2 minutes\" \/>\n<script type=\"application\/ld+json\" class=\"yoast-schema-graph\">{\"@context\":\"https:\\\/\\\/schema.org\",\"@graph\":[{\"@type\":\"WebPage\",\"@id\":\"https:\\\/\\\/www.prepas-fabert.com\\\/cpge\\\/videos-de-la-filiere-scientifique-pcsi-mpsi-pc-psi-mp\\\/\",\"url\":\"https:\\\/\\\/www.prepas-fabert.com\\\/cpge\\\/videos-de-la-filiere-scientifique-pcsi-mpsi-pc-psi-mp\\\/\",\"name\":\"Vid\u00e9os de la fili\u00e8re scientifique PCSI\\\/MPSI\\\/PC\\\/PC*\\\/PSI*\\\/MP\\\/MP* - Classes Pr\u00e9paratoires aux Grandes Ecoles - Lyc\u00e9e Fabert (Metz)\",\"isPartOf\":{\"@id\":\"https:\\\/\\\/www.prepas-fabert.com\\\/cpge\\\/#website\"},\"datePublished\":\"2021-03-10T10:33:08+00:00\",\"dateModified\":\"2022-01-08T15:41:27+00:00\",\"description\":\"Vid\u00e9os de la fili\u00e8re scientifique PCSI\\\/MPSI\\\/PC\\\/PC*\\\/PSI*\\\/MP\\\/MP* - Classes Pr\u00e9paratoires aux Grandes Ecoles - Lyc\u00e9e Fabert (Metz)\",\"breadcrumb\":{\"@id\":\"https:\\\/\\\/www.prepas-fabert.com\\\/cpge\\\/videos-de-la-filiere-scientifique-pcsi-mpsi-pc-psi-mp\\\/#breadcrumb\"},\"inLanguage\":\"fr-FR\",\"potentialAction\":[{\"@type\":\"ReadAction\",\"target\":[\"https:\\\/\\\/www.prepas-fabert.com\\\/cpge\\\/videos-de-la-filiere-scientifique-pcsi-mpsi-pc-psi-mp\\\/\"]}]},{\"@type\":\"BreadcrumbList\",\"@id\":\"https:\\\/\\\/www.prepas-fabert.com\\\/cpge\\\/videos-de-la-filiere-scientifique-pcsi-mpsi-pc-psi-mp\\\/#breadcrumb\",\"itemListElement\":[{\"@type\":\"ListItem\",\"position\":1,\"name\":\"Accueil\",\"item\":\"https:\\\/\\\/www.prepas-fabert.com\\\/cpge\\\/\"},{\"@type\":\"ListItem\",\"position\":2,\"name\":\"Vid\u00e9os de la fili\u00e8re scientifique PCSI\\\/MPSI\\\/PC\\\/PC*\\\/PSI*\\\/MP\\\/MP*\"}]},{\"@type\":\"WebSite\",\"@id\":\"https:\\\/\\\/www.prepas-fabert.com\\\/cpge\\\/#website\",\"url\":\"https:\\\/\\\/www.prepas-fabert.com\\\/cpge\\\/\",\"name\":\"Classes Pr\u00e9paratoires aux Grandes Ecoles - Lyc\u00e9e Fabert (Metz)\",\"description\":\"Classes pr\u00e9pas scientifiques et \u00e9conomiques en Lorraine\",\"publisher\":{\"@id\":\"https:\\\/\\\/www.prepas-fabert.com\\\/cpge\\\/#organization\"},\"potentialAction\":[{\"@type\":\"SearchAction\",\"target\":{\"@type\":\"EntryPoint\",\"urlTemplate\":\"https:\\\/\\\/www.prepas-fabert.com\\\/cpge\\\/?s={search_term_string}\"},\"query-input\":{\"@type\":\"PropertyValueSpecification\",\"valueRequired\":true,\"valueName\":\"search_term_string\"}}],\"inLanguage\":\"fr-FR\"},{\"@type\":\"Organization\",\"@id\":\"https:\\\/\\\/www.prepas-fabert.com\\\/cpge\\\/#organization\",\"name\":\"CPGE du lyc\u00e9e Fabert (METZ)\",\"url\":\"https:\\\/\\\/www.prepas-fabert.com\\\/cpge\\\/\",\"logo\":{\"@type\":\"ImageObject\",\"inLanguage\":\"fr-FR\",\"@id\":\"https:\\\/\\\/www.prepas-fabert.com\\\/cpge\\\/#\\\/schema\\\/logo\\\/image\\\/\",\"url\":\"https:\\\/\\\/www.prepas-fabert.com\\\/cpge\\\/wp-content\\\/uploads\\\/2023\\\/03\\\/CPGEFABERT-2.png\",\"contentUrl\":\"https:\\\/\\\/www.prepas-fabert.com\\\/cpge\\\/wp-content\\\/uploads\\\/2023\\\/03\\\/CPGEFABERT-2.png\",\"width\":750,\"height\":750,\"caption\":\"CPGE du lyc\u00e9e Fabert (METZ)\"},\"image\":{\"@id\":\"https:\\\/\\\/www.prepas-fabert.com\\\/cpge\\\/#\\\/schema\\\/logo\\\/image\\\/\"},\"sameAs\":[\"https:\\\/\\\/www.facebook.com\\\/cpgefabert\\\/\",\"https:\\\/\\\/x.com\\\/CPGEFabert\",\"https:\\\/\\\/www.linkedin.com\\\/company\\\/lyc\u00e9e-fabert-metz-57\\\/mycompany\\\/\",\"https:\\\/\\\/www.youtube.com\\\/user\\\/CPGEfabert\\\/\",\"https:\\\/\\\/www.instagram.com\\\/cpgefabert\\\/\"]}]}<\/script>\n<!-- \/ Yoast SEO plugin. -->","yoast_head_json":{"title":"Vid\u00e9os de la fili\u00e8re scientifique PCSI\/MPSI\/PC\/PC*\/PSI*\/MP\/MP* - Classes Pr\u00e9paratoires aux Grandes Ecoles - Lyc\u00e9e Fabert (Metz)","description":"Vid\u00e9os de la fili\u00e8re scientifique PCSI\/MPSI\/PC\/PC*\/PSI*\/MP\/MP* - Classes Pr\u00e9paratoires aux Grandes Ecoles - Lyc\u00e9e Fabert (Metz)","robots":{"index":"index","follow":"follow","max-snippet":"max-snippet:-1","max-image-preview":"max-image-preview:large","max-video-preview":"max-video-preview:-1"},"canonical":"https:\/\/www.prepas-fabert.com\/cpge\/videos-de-la-filiere-scientifique-pcsi-mpsi-pc-psi-mp\/","og_locale":"fr_FR","og_type":"article","og_title":"Vid\u00e9os de la fili\u00e8re scientifique PCSI\/MPSI\/PC\/PC*\/PSI*\/MP\/MP* - Classes Pr\u00e9paratoires aux Grandes Ecoles - Lyc\u00e9e Fabert (Metz)","og_description":"Vid\u00e9os de la fili\u00e8re scientifique PCSI\/MPSI\/PC\/PC*\/PSI*\/MP\/MP* - Classes Pr\u00e9paratoires aux Grandes Ecoles - Lyc\u00e9e Fabert (Metz)","og_url":"https:\/\/www.prepas-fabert.com\/cpge\/videos-de-la-filiere-scientifique-pcsi-mpsi-pc-psi-mp\/","og_site_name":"Classes Pr\u00e9paratoires aux Grandes Ecoles - Lyc\u00e9e Fabert (Metz)","article_publisher":"https:\/\/www.facebook.com\/cpgefabert\/","article_modified_time":"2022-01-08T15:41:27+00:00","og_image":[{"width":1140,"height":855,"url":"https:\/\/www.prepas-fabert.com\/cpge\/wp-content\/uploads\/2021\/06\/facade-sdf.jpg","type":"image\/jpeg"}],"twitter_card":"summary_large_image","twitter_site":"@CPGEFabert","twitter_misc":{"Dur\u00e9e de lecture estim\u00e9e":"2 minutes"},"schema":{"@context":"https:\/\/schema.org","@graph":[{"@type":"WebPage","@id":"https:\/\/www.prepas-fabert.com\/cpge\/videos-de-la-filiere-scientifique-pcsi-mpsi-pc-psi-mp\/","url":"https:\/\/www.prepas-fabert.com\/cpge\/videos-de-la-filiere-scientifique-pcsi-mpsi-pc-psi-mp\/","name":"Vid\u00e9os de la fili\u00e8re scientifique PCSI\/MPSI\/PC\/PC*\/PSI*\/MP\/MP* - Classes Pr\u00e9paratoires aux Grandes Ecoles - Lyc\u00e9e Fabert (Metz)","isPartOf":{"@id":"https:\/\/www.prepas-fabert.com\/cpge\/#website"},"datePublished":"2021-03-10T10:33:08+00:00","dateModified":"2022-01-08T15:41:27+00:00","description":"Vid\u00e9os de la fili\u00e8re scientifique PCSI\/MPSI\/PC\/PC*\/PSI*\/MP\/MP* - Classes Pr\u00e9paratoires aux Grandes Ecoles - Lyc\u00e9e Fabert (Metz)","breadcrumb":{"@id":"https:\/\/www.prepas-fabert.com\/cpge\/videos-de-la-filiere-scientifique-pcsi-mpsi-pc-psi-mp\/#breadcrumb"},"inLanguage":"fr-FR","potentialAction":[{"@type":"ReadAction","target":["https:\/\/www.prepas-fabert.com\/cpge\/videos-de-la-filiere-scientifique-pcsi-mpsi-pc-psi-mp\/"]}]},{"@type":"BreadcrumbList","@id":"https:\/\/www.prepas-fabert.com\/cpge\/videos-de-la-filiere-scientifique-pcsi-mpsi-pc-psi-mp\/#breadcrumb","itemListElement":[{"@type":"ListItem","position":1,"name":"Accueil","item":"https:\/\/www.prepas-fabert.com\/cpge\/"},{"@type":"ListItem","position":2,"name":"Vid\u00e9os de la fili\u00e8re scientifique PCSI\/MPSI\/PC\/PC*\/PSI*\/MP\/MP*"}]},{"@type":"WebSite","@id":"https:\/\/www.prepas-fabert.com\/cpge\/#website","url":"https:\/\/www.prepas-fabert.com\/cpge\/","name":"Classes Pr\u00e9paratoires aux Grandes Ecoles - Lyc\u00e9e Fabert (Metz)","description":"Classes pr\u00e9pas scientifiques et \u00e9conomiques en Lorraine","publisher":{"@id":"https:\/\/www.prepas-fabert.com\/cpge\/#organization"},"potentialAction":[{"@type":"SearchAction","target":{"@type":"EntryPoint","urlTemplate":"https:\/\/www.prepas-fabert.com\/cpge\/?s={search_term_string}"},"query-input":{"@type":"PropertyValueSpecification","valueRequired":true,"valueName":"search_term_string"}}],"inLanguage":"fr-FR"},{"@type":"Organization","@id":"https:\/\/www.prepas-fabert.com\/cpge\/#organization","name":"CPGE du lyc\u00e9e Fabert (METZ)","url":"https:\/\/www.prepas-fabert.com\/cpge\/","logo":{"@type":"ImageObject","inLanguage":"fr-FR","@id":"https:\/\/www.prepas-fabert.com\/cpge\/#\/schema\/logo\/image\/","url":"https:\/\/www.prepas-fabert.com\/cpge\/wp-content\/uploads\/2023\/03\/CPGEFABERT-2.png","contentUrl":"https:\/\/www.prepas-fabert.com\/cpge\/wp-content\/uploads\/2023\/03\/CPGEFABERT-2.png","width":750,"height":750,"caption":"CPGE du lyc\u00e9e Fabert (METZ)"},"image":{"@id":"https:\/\/www.prepas-fabert.com\/cpge\/#\/schema\/logo\/image\/"},"sameAs":["https:\/\/www.facebook.com\/cpgefabert\/","https:\/\/x.com\/CPGEFabert","https:\/\/www.linkedin.com\/company\/lyc\u00e9e-fabert-metz-57\/mycompany\/","https:\/\/www.youtube.com\/user\/CPGEfabert\/","https:\/\/www.instagram.com\/cpgefabert\/"]}]}},"_links":{"self":[{"href":"https:\/\/www.prepas-fabert.com\/cpge\/wp-json\/wp\/v2\/pages\/4899","targetHints":{"allow":["GET"]}}],"collection":[{"href":"https:\/\/www.prepas-fabert.com\/cpge\/wp-json\/wp\/v2\/pages"}],"about":[{"href":"https:\/\/www.prepas-fabert.com\/cpge\/wp-json\/wp\/v2\/types\/page"}],"author":[{"embeddable":true,"href":"https:\/\/www.prepas-fabert.com\/cpge\/wp-json\/wp\/v2\/users\/1"}],"replies":[{"embeddable":true,"href":"https:\/\/www.prepas-fabert.com\/cpge\/wp-json\/wp\/v2\/comments?post=4899"}],"version-history":[{"count":1,"href":"https:\/\/www.prepas-fabert.com\/cpge\/wp-json\/wp\/v2\/pages\/4899\/revisions"}],"predecessor-version":[{"id":5209,"href":"https:\/\/www.prepas-fabert.com\/cpge\/wp-json\/wp\/v2\/pages\/4899\/revisions\/5209"}],"wp:attachment":[{"href":"https:\/\/www.prepas-fabert.com\/cpge\/wp-json\/wp\/v2\/media?parent=4899"}],"curies":[{"name":"wp","href":"https:\/\/api.w.org\/{rel}","templated":true}]}}